{"id":78993,"date":"2023-10-29T23:34:35","date_gmt":"2023-10-29T21:34:35","guid":{"rendered":"https:\/\/bien-etreiris.ch\/produktpraesentation\/gesundes-leben\/electrobiologie\/optimiz-air\/"},"modified":"2026-02-28T13:29:55","modified_gmt":"2026-02-28T11:29:55","slug":"purificateur-dair","status":"publish","type":"page","link":"https:\/\/bien-etreiris.ch\/de\/produktpraesentation\/aromatherapie\/raumbeduftung\/purificateur-dair\/","title":{"rendered":"PURIFICATEUR D&#8217;AIR"},"content":{"rendered":"\n<h2><span class=\"product-name\"><span class=\"default\">Purificateur d'air - OptimizAir<\/span><\/span><\/h2>\n<h4>Notre espace vital - l'air<\/h4>\n<p>L'air est l'espace vital dans lequel l'homme existe et respire. L'air nous entoure en permanence et nous le respirons inconsciemment. Il n'est pas seulement une n\u00e9cessit\u00e9 vitale, mais aussi un lien indissociable entre nous et l'environnement.<\/p>\n<p>L'espace a\u00e9rien est plus qu'une simple absence de mati\u00e8re ; c'est l'habitat qui nous entoure, qui nous fournit de l'\u00e9nergie et nous offre les bases de la vie et du bien-\u00eatre. L'appr\u00e9ciation et l'entretien de cet espace invisible, mais vital, sont essentiels \u00e0 notre vitalit\u00e9.<\/p>\n<h4>&nbsp;<\/h4>\n<p>&nbsp;<\/p>\n<p><a href=\"https:\/\/bien-etreiris.ch\/?attachment_id=78988\" rel=\"attachment wp-att-78869\"><img loading=\"lazy\" decoding=\"async\" class=\"wp-image-78988  alignleft\" src=\"https:\/\/bien-etreiris.ch\/wp-content\/uploads\/2023\/10\/OptimizAir.jpg\" alt=\"\" width=\"411\" height=\"411\" srcset=\"https:\/\/bien-etreiris.ch\/wp-content\/uploads\/2023\/10\/OptimizAir.jpg 354w, https:\/\/bien-etreiris.ch\/wp-content\/uploads\/2023\/10\/OptimizAir-300x300.jpg 300w, https:\/\/bien-etreiris.ch\/wp-content\/uploads\/2023\/10\/OptimizAir-150x150.jpg 150w\" sizes=\"auto, (max-width: 411px) 100vw, 411px\" \/><\/a><\/p>\n<h4>&nbsp;<\/h4>\n<h4>L'essentiel en bref<\/h4>\n<ul style=\"list-style-type: disc;\">\n<li>avec technologie i-like<\/li>\n<li>con\u00e7u et d\u00e9velopp\u00e9 en Suisse<\/li>\n<li>purification efficace de l'air gr\u00e2ce \u00e0 trois filtres<\/li>\n<li>remplacement facile des filtres<\/li>\n<li>pour des pi\u00e8ces jusqu'\u00e0 50 m\u00b2.<\/li>\n<li>fonctionnement silencieux<\/li>\n<li>avec minuterie int\u00e9gr\u00e9e et mode nuit<\/li>\n<li>cinq niveaux de vitesse<\/li>\n<li>filtre HPP&#x2122; lavable<\/li>\n<li>avec r\u00e9servoir de parfum pour <strong><span style=\"color: #ff9900;\">huiles essentielles<\/span><\/strong><\/li>\n<\/ul>\n<p>1 pi\u00e8ce <strong>CHF 490.00<\/strong><\/p>\n<h4><span style=\"color: #99cc00;\"><a href=\"https:\/\/bien-etreiris.ch\/wp-content\/uploads\/2024\/10\/Purificateur-dair.pdf\" target=\"_blank\" rel=\"noopener\"><span style=\"color: #99cc00;\">Mode d'emploi pour <span style=\"color: #ff0000;\">en PDF<\/span><\/span><\/a> <br><\/span><\/h4>\n<p>&nbsp;<\/p>\n<p>&nbsp;<\/p>\n<h4>D\u00e9tails du produit<\/h4>\n<p>L'OptimizAir est un syst\u00e8me de filtration de l'air qui peut \u00eatre utilis\u00e9 partout dans votre lieu de vie et de travail. L'appareil \u00e9lectronique convient pour les pi\u00e8ces jusqu'\u00e0 50 m\u00b2. <br><br>Gr\u00e2ce \u00e0 la combinaison efficace de trois technologies de filtrage diff\u00e9rentes (dont le filtre \u00e0 charbon actif en bambou), \u00e0 l'int\u00e9gration de la technologie i-like et \u00e0 la possibilit\u00e9 de parfumer l'air avec des compositions d'huiles essentielles naturelles, vous b\u00e9n\u00e9ficiez d'un air respirable excellent. De plus, gr\u00e2ce \u00e0 la technologie i-like, vous profitez de fr\u00e9quences positives pour favoriser la bior\u00e9sistance. Gr\u00e2ce \u00e0 l'air OptimizAir charg\u00e9 de fr\u00e9quences, vous absorbez un air harmonis\u00e9 et optimisez ainsi votre sensation de bien-\u00eatre.<\/p>\n<p>&nbsp;<\/p>\n<p>&nbsp;<\/p>\n<h4>&nbsp;<\/h4>\n<p><a href=\"https:\/\/bien-etreiris.ch\/de\/produktpraesentation\/aromatherapie\/raumbeduftung\/purificateur-dair\/air-2\/\" rel=\"attachment wp-att-90452\"><img loading=\"lazy\" decoding=\"async\" class=\"alignnone size-full wp-image-90452\" src=\"https:\/\/bien-etreiris.ch\/wp-content\/uploads\/2024\/10\/Air.jpg\" alt=\"\" width=\"1920\" height=\"775\" srcset=\"https:\/\/bien-etreiris.ch\/wp-content\/uploads\/2024\/10\/Air.jpg 1920w, https:\/\/bien-etreiris.ch\/wp-content\/uploads\/2024\/10\/Air-300x121.jpg 300w, https:\/\/bien-etreiris.ch\/wp-content\/uploads\/2024\/10\/Air-1024x413.jpg 1024w, https:\/\/bien-etreiris.ch\/wp-content\/uploads\/2024\/10\/Air-768x310.jpg 768w, https:\/\/bien-etreiris.ch\/wp-content\/uploads\/2024\/10\/Air-1536x620.jpg 1536w\" sizes=\"auto, (max-width: 1920px) 100vw, 1920px\" \/><\/a><\/p>\n<h4>En r\u00e8gle g\u00e9n\u00e9rale, un \u00eatre humain peut se passer de nourriture pendant plusieurs semaines et d'eau pendant quelques jours. Mais sans air, et en particulier sans oxyg\u00e8ne, un \u00eatre humain ne peut normalement survivre que quelques minutes.<\/h4>\n<h2>&nbsp;<\/h2>\n<h4>Les allerg\u00e8nes dans votre maison<\/h4>\n<p>Au printemps et en \u00e9t\u00e9, de nombreux pollens se r\u00e9pandent dans l'atmosph\u00e8re, car les fleurs et les plantes sont en pleine floraison \u00e0 cette \u00e9poque. Ces pollens peuvent p\u00e9n\u00e9trer \u00e0 l'int\u00e9rieur par les fen\u00eatres ouvertes ou m\u00eame par nos v\u00eatements. Les particules de peau, les poils et la salive des animaux domestiques sont compos\u00e9s de prot\u00e9ines et peuvent d\u00e9clencher des allergies. Ils s'accrochent facilement aux objets de votre maison ou flottent dans l'air.<\/p>\n<p>Le mouvement fait tourbillonner la poussi\u00e8re dans votre maison, qui peut contenir, outre le pollen, des bact\u00e9ries, des spores de moisissures et des squames de peau. La poussi\u00e8re domestique peut rester en suspension dans l'air jusqu'\u00e0 30 minutes.<\/p>\n<p>&nbsp;<\/p>\n<h4>Air, sant\u00e9 et pr\u00e9vention :<\/h4>\n<p>L'air pur que nous respirons n'est pas seulement un luxe, mais une condition essentielle pour pr\u00e9server notre sant\u00e9. <a href=\"https:\/\/bien-etreiris.ch\/de\/produktpraesentation\/aromatherapie\/raumbeduftung\/purificateur-dair\/pumou-2\/\" rel=\"attachment wp-att-90459\"><img loading=\"lazy\" decoding=\"async\" class=\"wp-image-90459 alignright\" src=\"https:\/\/bien-etreiris.ch\/wp-content\/uploads\/2024\/10\/pumou.jpg\" alt=\"\" width=\"406\" height=\"271\" srcset=\"https:\/\/bien-etreiris.ch\/wp-content\/uploads\/2024\/10\/pumou.jpg 1030w, https:\/\/bien-etreiris.ch\/wp-content\/uploads\/2024\/10\/pumou-300x200.jpg 300w, https:\/\/bien-etreiris.ch\/wp-content\/uploads\/2024\/10\/pumou-1024x683.jpg 1024w, https:\/\/bien-etreiris.ch\/wp-content\/uploads\/2024\/10\/pumou-768x512.jpg 768w\" sizes=\"auto, (max-width: 406px) 100vw, 406px\" \/><\/a><\/p>\n<ul>\n<li>Un air pollu\u00e9 peut entra\u00eener des probl\u00e8mes respiratoires tels que l'asthme, la bronchite et d'autres infections des voies respiratoires. Les particules nocives et les allerg\u00e8nes doivent \u00eatre filtr\u00e9s de l'air, ce qui est particuli\u00e8rement crucial pour les personnes souffrant de probl\u00e8mes respiratoires.<\/li>\n<li>Les allerg\u00e8nes tels que le pollen, les poils d'animaux et les spores de moisissures peuvent flotter dans l'air et d\u00e9clencher des r\u00e9actions allergiques. Un air purifi\u00e9 minimise consid\u00e9rablement le risque d'allerg\u00e8nes.<\/li>\n<li>Les purificateurs d'air dot\u00e9s de filtres antibact\u00e9riens ou antiviraux peuvent contribuer \u00e0 minimiser la propagation des maladies dans les espaces clos. Ceci est particuli\u00e8rement important en p\u00e9riode d'\u00e9pid\u00e9mie de grippe.<\/li>\n<li>L'exposition \u00e0 long terme \u00e0 l'air pollu\u00e9 peut entra\u00eener des probl\u00e8mes de sant\u00e9 chroniques tels que des maladies cardiaques ou des probl\u00e8mes pulmonaires. Des mesures de pr\u00e9vention devraient \u00eatre prises \u00e0 cet \u00e9gard.<\/li>\n<\/ul>\n<p>&nbsp;<\/p>\n<p>&nbsp;<\/p>\n<h4>Effets psychologiques et bien-\u00eatre :<\/h4>\n<p><a href=\"https:\/\/bien-etreiris.ch\/de\/produktpraesentation\/aromatherapie\/raumbeduftung\/purificateur-dair\/effets-psychologiques-et-bien-etre-2\/\" rel=\"attachment wp-att-90456\"><img loading=\"lazy\" decoding=\"async\" class=\"wp-image-90456 alignleft\" src=\"https:\/\/bien-etreiris.ch\/wp-content\/uploads\/2024\/10\/Effets-psychologiques-et-bien-etre.jpg\" alt=\"\" width=\"411\" height=\"274\" srcset=\"https:\/\/bien-etreiris.ch\/wp-content\/uploads\/2024\/10\/Effets-psychologiques-et-bien-etre.jpg 1030w, https:\/\/bien-etreiris.ch\/wp-content\/uploads\/2024\/10\/Effets-psychologiques-et-bien-etre-300x200.jpg 300w, https:\/\/bien-etreiris.ch\/wp-content\/uploads\/2024\/10\/Effets-psychologiques-et-bien-etre-1024x683.jpg 1024w, https:\/\/bien-etreiris.ch\/wp-content\/uploads\/2024\/10\/Effets-psychologiques-et-bien-etre-768x512.jpg 768w\" sizes=\"auto, (max-width: 411px) 100vw, 411px\" \/><\/a>L'air pur que nous respirons a en outre une \u00e9norme influence sur notre perception du bien-\u00eatre.<\/p>\n<ul>\n<li>L'air frais favorise l'apport d'oxyg\u00e8ne au cerveau, ce qui peut avoir un effet positif sur la concentration et la productivit\u00e9. C'est un v\u00e9ritable avantage, notamment dans les bureaux, les environnements de travail et les \u00e9coles.<\/li>\n<li>Dormir dans un air pur am\u00e9liore la qualit\u00e9 du sommeil. Il convient de neutraliser les facteurs potentiellement perturbateurs tels que les allerg\u00e8nes et les odeurs qui peuvent nuire au sommeil.<\/li>\n<li>Il est prouv\u00e9 que l'air frais et les odeurs agr\u00e9ables ont des effets positifs sur l'humeur et le bien-\u00eatre g\u00e9n\u00e9ral. Une atmosph\u00e8re qui contribue \u00e0 la d\u00e9tente mentale peut \u00eatre cr\u00e9\u00e9e par de l'air propre.<\/li>\n<li>L'air pur peut r\u00e9duire le stress et favoriser la d\u00e9tente. Cela est particuli\u00e8rement important dans les environnements r\u00e9sidentiels et professionnels pour cr\u00e9er une ambiance agr\u00e9able.<\/li>\n<\/ul>\n<p>&nbsp;<\/p>\n<p>&nbsp;<\/p>\n<h4>L'air, les odeurs et le syst\u00e8me limbique<\/h4>\n<p>L'odeur d'une pi\u00e8ce est v\u00e9hicul\u00e9e par l'air et est essentielle pour notre bien-\u00eatre. En effet, notre perception olfactive d\u00e9termine la mani\u00e8re dont nous percevons notre environnement. Tout comme les sentiments, les odeurs sont trait\u00e9es dans le syst\u00e8me limbique de notre cerveau. Et cela fonctionne ainsi :<\/p>\n<p><a href=\"https:\/\/bien-etreiris.ch\/de\/produktpraesentation\/aromatherapie\/raumbeduftung\/purificateur-dair\/lair-les-odeurs-et-le-systeme-limbique-2\/\" rel=\"attachment wp-att-90462\"><img loading=\"lazy\" decoding=\"async\" class=\"alignnone  wp-image-90462\" src=\"https:\/\/bien-etreiris.ch\/wp-content\/uploads\/2024\/10\/Lair-les-odeurs-et-le-systeme-limbique.jpg\" alt=\"\" width=\"589\" height=\"358\" srcset=\"https:\/\/bien-etreiris.ch\/wp-content\/uploads\/2024\/10\/Lair-les-odeurs-et-le-systeme-limbique.jpg 822w, https:\/\/bien-etreiris.ch\/wp-content\/uploads\/2024\/10\/Lair-les-odeurs-et-le-systeme-limbique-300x182.jpg 300w, https:\/\/bien-etreiris.ch\/wp-content\/uploads\/2024\/10\/Lair-les-odeurs-et-le-systeme-limbique-768x467.jpg 768w, https:\/\/bien-etreiris.ch\/wp-content\/uploads\/2024\/10\/Lair-les-odeurs-et-le-systeme-limbique-370x226.jpg 370w\" sizes=\"auto, (max-width: 589px) 100vw, 589px\" \/><\/a><\/p>\n<p>&nbsp;<\/p>\n\n\n\n<p>Les substances qui provoquent des odeurs envoient des mol\u00e9cules dans l'air. La perception des odeurs, \u00e9galement connue sous le nom d'olfaction, commence par l'inhalation d'air contenant ces mol\u00e9cules odorantes. Dans la cavit\u00e9 nasale se trouve la muqueuse olfactive, qui est dot\u00e9e de cellules olfactives. Lorsque les mol\u00e9cules odorantes se lient \u00e0 ces cellules, elles d\u00e9clenchent des signaux \u00e9lectriques qui sont transmis par le nerf olfactif au bulbe olfactif, qui fait partie du cerveau.<\/p>\n<p><br>Dans le bulbe olfactif, les signaux \u00e9lectriques sont trait\u00e9s et transform\u00e9s en mod\u00e8les sp\u00e9cifiques que le cerveau peut interpr\u00e9ter. Les signaux interpr\u00e9t\u00e9s sont finalement transmis \u00e0 des r\u00e9gions sup\u00e9rieures du cerveau, notamment \u00e0 la zone limbique, responsable des \u00e9motions et des souvenirs. Cela explique pourquoi les odeurs sont souvent associ\u00e9es aux \u00e9motions et aux souvenirs. Il n'existe donc pas d'odeur sans \u00e9motion.<\/p>\n<p><br>Le syst\u00e8me limbique est une structure complexe du cerveau qui joue un r\u00f4le cl\u00e9 dans la r\u00e9gulation des \u00e9motions, de la m\u00e9moire et du syst\u00e8me nerveux autonome. L'air frais que nous respirons et les odeurs sont donc \u00e9troitement li\u00e9s. L'odeur de notre maison ou de notre appartement a une influence sur notre vie quotidienne. Notre maison est un lieu de bien-\u00eatre, un lieu de retraite et un endroit o\u00f9 nous pouvons recharger nos batteries. C'est pourquoi il doit aussi sentir bon comme un merveilleux foyer.<\/p>\n<p>&nbsp;<\/p>\n<h4>OptimizAir donne le pur plaisir de respirer<\/h4>\n<p>Vous souhaitez vous sentir bien gr\u00e2ce \u00e0 un air de qualit\u00e9, qui soit si possible exempt de pollution, qui harmonise l'\u00e9lectrosmog et qui fournisse en m\u00eame temps beaucoup d'\u00e9nergie (Qi) ?<\/p>\n<p><a href=\"https:\/\/bien-etreiris.ch\/de\/produktpraesentation\/aromatherapie\/raumbeduftung\/purificateur-dair\/e-smog-3-2\/\" rel=\"attachment wp-att-90465\"><img loading=\"lazy\" decoding=\"async\" class=\"wp-image-90465 alignleft\" src=\"https:\/\/bien-etreiris.ch\/wp-content\/uploads\/2024\/10\/E-smog-1-scaled.jpg\" alt=\"\" width=\"147\" height=\"147\" srcset=\"https:\/\/bien-etreiris.ch\/wp-content\/uploads\/2024\/10\/E-smog-1-scaled.jpg 2560w, https:\/\/bien-etreiris.ch\/wp-content\/uploads\/2024\/10\/E-smog-1-300x300.jpg 300w, https:\/\/bien-etreiris.ch\/wp-content\/uploads\/2024\/10\/E-smog-1-1024x1024.jpg 1024w, https:\/\/bien-etreiris.ch\/wp-content\/uploads\/2024\/10\/E-smog-1-150x150.jpg 150w, https:\/\/bien-etreiris.ch\/wp-content\/uploads\/2024\/10\/E-smog-1-768x768.jpg 768w, https:\/\/bien-etreiris.ch\/wp-content\/uploads\/2024\/10\/E-smog-1-1536x1536.jpg 1536w, https:\/\/bien-etreiris.ch\/wp-content\/uploads\/2024\/10\/E-smog-1-2048x2048.jpg 2048w\" sizes=\"auto, (max-width: 147px) 100vw, 147px\" \/><\/a><\/p>\n<p><b>Harmonisation de l'e-smog<\/b><br>Gr\u00e2ce \u00e0 la technologie unique i-like, l'e-smog du filtre haute tension (HPP&#x2122;) est harmonis\u00e9 dans l'air purifi\u00e9 !<\/p>\n<p>&nbsp;<\/p>\n<p>&nbsp;<\/p>\n<p><a href=\"https:\/\/bien-etreiris.ch\/de\/produktpraesentation\/aromatherapie\/raumbeduftung\/purificateur-dair\/filtre-2\/\" rel=\"attachment wp-att-90468\"><img loading=\"lazy\" decoding=\"async\" class=\"wp-image-90468 alignleft\" src=\"https:\/\/bien-etreiris.ch\/wp-content\/uploads\/2024\/10\/filtre-scaled.jpg\" alt=\"\" width=\"152\" height=\"152\" srcset=\"https:\/\/bien-etreiris.ch\/wp-content\/uploads\/2024\/10\/filtre-scaled.jpg 2560w, https:\/\/bien-etreiris.ch\/wp-content\/uploads\/2024\/10\/filtre-300x300.jpg 300w, https:\/\/bien-etreiris.ch\/wp-content\/uploads\/2024\/10\/filtre-1024x1024.jpg 1024w, https:\/\/bien-etreiris.ch\/wp-content\/uploads\/2024\/10\/filtre-150x150.jpg 150w, https:\/\/bien-etreiris.ch\/wp-content\/uploads\/2024\/10\/filtre-768x768.jpg 768w, https:\/\/bien-etreiris.ch\/wp-content\/uploads\/2024\/10\/filtre-1536x1536.jpg 1536w, https:\/\/bien-etreiris.ch\/wp-content\/uploads\/2024\/10\/filtre-2048x2048.jpg 2048w\" sizes=\"auto, (max-width: 152px) 100vw, 152px\" \/><\/a><\/p>\n\n\n\n<p><b>Filtre 99,97 % de tous les virus et bact\u00e9ries.<\/b><br>Les poussi\u00e8res fines, les pollens, les excr\u00e9tions d'acariens et les moisissures sont \u00e9galement neutralis\u00e9s gr\u00e2ce \u00e0 la technologie haute tension.<\/p>\n<p>&nbsp;<\/p>\n\n\n<p><a href=\"https:\/\/bien-etreiris.ch\/de\/produktpraesentation\/aromatherapie\/raumbeduftung\/purificateur-dair\/purificateur-2\/\" rel=\"attachment wp-att-90471\"><img loading=\"lazy\" decoding=\"async\" class=\"wp-image-90471 alignleft\" src=\"https:\/\/bien-etreiris.ch\/wp-content\/uploads\/2024\/10\/purificateur-scaled.jpg\" alt=\"\" width=\"154\" height=\"154\" srcset=\"https:\/\/bien-etreiris.ch\/wp-content\/uploads\/2024\/10\/purificateur-scaled.jpg 2560w, https:\/\/bien-etreiris.ch\/wp-content\/uploads\/2024\/10\/purificateur-300x300.jpg 300w, https:\/\/bien-etreiris.ch\/wp-content\/uploads\/2024\/10\/purificateur-1024x1024.jpg 1024w, https:\/\/bien-etreiris.ch\/wp-content\/uploads\/2024\/10\/purificateur-150x150.jpg 150w, https:\/\/bien-etreiris.ch\/wp-content\/uploads\/2024\/10\/purificateur-768x768.jpg 768w, https:\/\/bien-etreiris.ch\/wp-content\/uploads\/2024\/10\/purificateur-1536x1536.jpg 1536w, https:\/\/bien-etreiris.ch\/wp-content\/uploads\/2024\/10\/purificateur-2048x2048.jpg 2048w\" sizes=\"auto, (max-width: 154px) 100vw, 154px\" \/><\/a><\/p>\n<p><b>Purification de l'air jusqu'\u00e0 50 m\u00b2.<\/b><br>Purification efficace de l'air, fonctionnement silencieux, avec syst\u00e8me de filtre HPP&#x2122; lavable et r\u00e9servoir de parfum.<\/p>\n<p>&nbsp;<\/p>\n<p>&nbsp;<\/p>\n<p><a href=\"https:\/\/bien-etreiris.ch\/de\/produktpraesentation\/aromatherapie\/raumbeduftung\/purificateur-dair\/charbon-de-bambou-2\/\" rel=\"attachment wp-att-90474\"><img loading=\"lazy\" decoding=\"async\" class=\"wp-image-90474 alignleft\" src=\"https:\/\/bien-etreiris.ch\/wp-content\/uploads\/2024\/10\/charbon-de-bambou-scaled.jpg\" alt=\"\" width=\"155\" height=\"155\" srcset=\"https:\/\/bien-etreiris.ch\/wp-content\/uploads\/2024\/10\/charbon-de-bambou-scaled.jpg 2560w, https:\/\/bien-etreiris.ch\/wp-content\/uploads\/2024\/10\/charbon-de-bambou-300x300.jpg 300w, https:\/\/bien-etreiris.ch\/wp-content\/uploads\/2024\/10\/charbon-de-bambou-1024x1024.jpg 1024w, https:\/\/bien-etreiris.ch\/wp-content\/uploads\/2024\/10\/charbon-de-bambou-150x150.jpg 150w, https:\/\/bien-etreiris.ch\/wp-content\/uploads\/2024\/10\/charbon-de-bambou-768x768.jpg 768w, https:\/\/bien-etreiris.ch\/wp-content\/uploads\/2024\/10\/charbon-de-bambou-1536x1536.jpg 1536w, https:\/\/bien-etreiris.ch\/wp-content\/uploads\/2024\/10\/charbon-de-bambou-2048x2048.jpg 2048w\" sizes=\"auto, (max-width: 155px) 100vw, 155px\" \/><\/a><\/p>\n<p><b>Avec filtre \u00e0 charbon actif en bambou<\/b><br>Gr\u00e2ce \u00e0 la force du bambou, vous obtenez une excellente purification de l'air, une harmonisation du Qi (\u00e9nergie) et donc une sensation de bien-\u00eatre.<\/p>\n<p>&nbsp;<\/p>\n<p>&nbsp;<\/p>\n<p>&nbsp;<\/p>","protected":false},"excerpt":{"rendered":"<p>Purificateur d'air - OptimizAir Notre espace vital - l'air L'air est l'espace vital dans lequel l'homme existe et respire. L'air nous entoure en permanence et nous le respirons inconsciemment. Il n'est pas seulement une n\u00e9cessit\u00e9 vitale, mais aussi un lien indissociable entre nous et l'environnement. L'espace a\u00e9rien est plus qu'une simple absence de mati\u00e8re ; c'est l'habitat qui nous entoure,&nbsp;<a href=\"https:\/\/bien-etreiris.ch\/de\/produktpraesentation\/aromatherapie\/raumbeduftung\/purificateur-dair\/\" class=\"read-more\">Weiter lesen<\/a><\/p>\n","protected":false},"author":1,"featured_media":97737,"parent":19409,"menu_order":2624,"comment_status":"closed","ping_status":"closed","template":"page-with-child.php","meta":{"_acf_changed":false,"ngg_post_thumbnail":0,"footnotes":""},"class_list":["post-78993","page","type-page","status-publish","has-post-thumbnail","hentry"],"acf":[],"yoast_head":"<!-- This site is optimized with the Yoast SEO plugin v27.5 - https:\/\/yoast.com\/product\/yoast-seo-wordpress\/ -->\n<title>PURIFICATEUR D&#039;AIR - WOHLBEFINDEN<\/title>\n<meta name=\"robots\" content=\"index, follow, max-snippet:-1, max-image-preview:large, max-video-preview:-1\" \/>\n<link rel=\"canonical\" href=\"https:\/\/bien-etreiris.ch\/de\/produktpraesentation\/aromatherapie\/raumbeduftung\/purificateur-dair\/\" \/>\n<meta property=\"og:locale\" content=\"de_DE\" \/>\n<meta property=\"og:type\" content=\"article\" \/>\n<meta property=\"og:title\" content=\"PURIFICATEUR D&#039;AIR - WOHLBEFINDEN\" \/>\n<meta property=\"og:description\" content=\"Purificateur d&#039;air - OptimizAir Notre espace vital - l&#039;air L&#039;air est l&#039;espace vital dans lequel l&#039;homme existe et respire. L&#039;air nous entoure en permanence et nous le respirons inconsciemment. Il n&#039;est pas seulement une n\u00e9cessit\u00e9 vitale, mais aussi un lien indissociable entre nous et l&#039;environnement. L&#039;espace a\u00e9rien est plus qu&#039;une simple absence de mati\u00e8re ; c&#039;est l&#039;habitat qui nous entoure,&nbsp;Weiter lesen\" \/>\n<meta property=\"og:url\" content=\"https:\/\/bien-etreiris.ch\/de\/produktpraesentation\/aromatherapie\/raumbeduftung\/purificateur-dair\/\" \/>\n<meta property=\"og:site_name\" content=\"WOHLBEFINDEN\" \/>\n<meta property=\"article:publisher\" content=\"https:\/\/www.facebook.com\/bienetreiris\/\" \/>\n<meta property=\"article:modified_time\" content=\"2026-02-28T11:29:55+00:00\" \/>\n<meta property=\"og:image\" content=\"https:\/\/bien-etreiris.ch\/wp-content\/uploads\/2026\/02\/i-like.png\" \/>\n\t<meta property=\"og:image:width\" content=\"452\" \/>\n\t<meta property=\"og:image:height\" content=\"300\" \/>\n\t<meta property=\"og:image:type\" content=\"image\/png\" \/>\n<meta name=\"twitter:label1\" content=\"Gesch\u00e4tzte Lesezeit\" \/>\n\t<meta name=\"twitter:data1\" content=\"8\u00a0Minuten\" \/>\n<script type=\"application\/ld+json\" class=\"yoast-schema-graph\">{\"@context\":\"https:\\\/\\\/schema.org\",\"@graph\":[{\"@type\":\"WebPage\",\"@id\":\"https:\\\/\\\/bien-etreiris.ch\\\/de\\\/produktpraesentation\\\/aromatherapie\\\/raumbeduftung\\\/purificateur-dair\\\/\",\"url\":\"https:\\\/\\\/bien-etreiris.ch\\\/de\\\/produktpraesentation\\\/aromatherapie\\\/raumbeduftung\\\/purificateur-dair\\\/\",\"name\":\"PURIFICATEUR D'AIR - WOHLBEFINDEN\",\"isPartOf\":{\"@id\":\"https:\\\/\\\/bien-etreiris.ch\\\/de\\\/#website\"},\"primaryImageOfPage\":{\"@id\":\"https:\\\/\\\/bien-etreiris.ch\\\/de\\\/produktpraesentation\\\/aromatherapie\\\/raumbeduftung\\\/purificateur-dair\\\/#primaryimage\"},\"image\":{\"@id\":\"https:\\\/\\\/bien-etreiris.ch\\\/de\\\/produktpraesentation\\\/aromatherapie\\\/raumbeduftung\\\/purificateur-dair\\\/#primaryimage\"},\"thumbnailUrl\":\"https:\\\/\\\/bien-etreiris.ch\\\/wp-content\\\/uploads\\\/2026\\\/02\\\/i-like.png\",\"datePublished\":\"2023-10-29T21:34:35+00:00\",\"dateModified\":\"2026-02-28T11:29:55+00:00\",\"breadcrumb\":{\"@id\":\"https:\\\/\\\/bien-etreiris.ch\\\/de\\\/produktpraesentation\\\/aromatherapie\\\/raumbeduftung\\\/purificateur-dair\\\/#breadcrumb\"},\"inLanguage\":\"de\",\"potentialAction\":[{\"@type\":\"ReadAction\",\"target\":[\"https:\\\/\\\/bien-etreiris.ch\\\/de\\\/produktpraesentation\\\/aromatherapie\\\/raumbeduftung\\\/purificateur-dair\\\/\"]}]},{\"@type\":\"ImageObject\",\"inLanguage\":\"de\",\"@id\":\"https:\\\/\\\/bien-etreiris.ch\\\/de\\\/produktpraesentation\\\/aromatherapie\\\/raumbeduftung\\\/purificateur-dair\\\/#primaryimage\",\"url\":\"https:\\\/\\\/bien-etreiris.ch\\\/wp-content\\\/uploads\\\/2026\\\/02\\\/i-like.png\",\"contentUrl\":\"https:\\\/\\\/bien-etreiris.ch\\\/wp-content\\\/uploads\\\/2026\\\/02\\\/i-like.png\",\"width\":452,\"height\":300},{\"@type\":\"BreadcrumbList\",\"@id\":\"https:\\\/\\\/bien-etreiris.ch\\\/de\\\/produktpraesentation\\\/aromatherapie\\\/raumbeduftung\\\/purificateur-dair\\\/#breadcrumb\",\"itemListElement\":[{\"@type\":\"ListItem\",\"position\":1,\"name\":\"Home\",\"item\":\"https:\\\/\\\/bien-etreiris.ch\\\/de\\\/\"},{\"@type\":\"ListItem\",\"position\":2,\"name\":\"PRODUKTPR\u00c4SENTATION\",\"item\":\"https:\\\/\\\/bien-etreiris.ch\\\/de\\\/produktpraesentation\\\/\"},{\"@type\":\"ListItem\",\"position\":3,\"name\":\"AROMATHERAPIE\",\"item\":\"https:\\\/\\\/bien-etreiris.ch\\\/de\\\/produktpraesentation\\\/aromatherapie\\\/\"},{\"@type\":\"ListItem\",\"position\":4,\"name\":\"RAUMBEDUFTUNG\",\"item\":\"https:\\\/\\\/bien-etreiris.ch\\\/de\\\/produktpraesentation\\\/aromatherapie\\\/raumbeduftung\\\/\"},{\"@type\":\"ListItem\",\"position\":5,\"name\":\"PURIFICATEUR D&#8217;AIR\"}]},{\"@type\":\"WebSite\",\"@id\":\"https:\\\/\\\/bien-etreiris.ch\\\/de\\\/#website\",\"url\":\"https:\\\/\\\/bien-etreiris.ch\\\/de\\\/\",\"name\":\"Bien-\u00eatre Iris\",\"description\":\"IHRE Gesundheit ist uns wichtig\",\"potentialAction\":[{\"@type\":\"SearchAction\",\"target\":{\"@type\":\"EntryPoint\",\"urlTemplate\":\"https:\\\/\\\/bien-etreiris.ch\\\/de\\\/?s={search_term_string}\"},\"query-input\":{\"@type\":\"PropertyValueSpecification\",\"valueRequired\":true,\"valueName\":\"search_term_string\"}}],\"inLanguage\":\"de\"}]}<\/script>\n<!-- \/ Yoast SEO plugin. -->","yoast_head_json":{"title":"PURIFICATEUR D'AIR - WOHLBEFINDEN","robots":{"index":"index","follow":"follow","max-snippet":"max-snippet:-1","max-image-preview":"max-image-preview:large","max-video-preview":"max-video-preview:-1"},"canonical":"https:\/\/bien-etreiris.ch\/de\/produktpraesentation\/aromatherapie\/raumbeduftung\/purificateur-dair\/","og_locale":"de_DE","og_type":"article","og_title":"PURIFICATEUR D'AIR - WOHLBEFINDEN","og_description":"Purificateur d'air - OptimizAir Notre espace vital - l'air L'air est l'espace vital dans lequel l'homme existe et respire. L'air nous entoure en permanence et nous le respirons inconsciemment. Il n'est pas seulement une n\u00e9cessit\u00e9 vitale, mais aussi un lien indissociable entre nous et l'environnement. L'espace a\u00e9rien est plus qu'une simple absence de mati\u00e8re ; c'est l'habitat qui nous entoure,&nbsp;Weiter lesen","og_url":"https:\/\/bien-etreiris.ch\/de\/produktpraesentation\/aromatherapie\/raumbeduftung\/purificateur-dair\/","og_site_name":"WOHLBEFINDEN","article_publisher":"https:\/\/www.facebook.com\/bienetreiris\/","article_modified_time":"2026-02-28T11:29:55+00:00","og_image":[{"width":452,"height":300,"url":"https:\/\/bien-etreiris.ch\/wp-content\/uploads\/2026\/02\/i-like.png","type":"image\/png"}],"twitter_misc":{"Gesch\u00e4tzte Lesezeit":"8\u00a0Minuten"},"schema":{"@context":"https:\/\/schema.org","@graph":[{"@type":"WebPage","@id":"https:\/\/bien-etreiris.ch\/de\/produktpraesentation\/aromatherapie\/raumbeduftung\/purificateur-dair\/","url":"https:\/\/bien-etreiris.ch\/de\/produktpraesentation\/aromatherapie\/raumbeduftung\/purificateur-dair\/","name":"PURIFICATEUR D'AIR - WOHLBEFINDEN","isPartOf":{"@id":"https:\/\/bien-etreiris.ch\/de\/#website"},"primaryImageOfPage":{"@id":"https:\/\/bien-etreiris.ch\/de\/produktpraesentation\/aromatherapie\/raumbeduftung\/purificateur-dair\/#primaryimage"},"image":{"@id":"https:\/\/bien-etreiris.ch\/de\/produktpraesentation\/aromatherapie\/raumbeduftung\/purificateur-dair\/#primaryimage"},"thumbnailUrl":"https:\/\/bien-etreiris.ch\/wp-content\/uploads\/2026\/02\/i-like.png","datePublished":"2023-10-29T21:34:35+00:00","dateModified":"2026-02-28T11:29:55+00:00","breadcrumb":{"@id":"https:\/\/bien-etreiris.ch\/de\/produktpraesentation\/aromatherapie\/raumbeduftung\/purificateur-dair\/#breadcrumb"},"inLanguage":"de","potentialAction":[{"@type":"ReadAction","target":["https:\/\/bien-etreiris.ch\/de\/produktpraesentation\/aromatherapie\/raumbeduftung\/purificateur-dair\/"]}]},{"@type":"ImageObject","inLanguage":"de","@id":"https:\/\/bien-etreiris.ch\/de\/produktpraesentation\/aromatherapie\/raumbeduftung\/purificateur-dair\/#primaryimage","url":"https:\/\/bien-etreiris.ch\/wp-content\/uploads\/2026\/02\/i-like.png","contentUrl":"https:\/\/bien-etreiris.ch\/wp-content\/uploads\/2026\/02\/i-like.png","width":452,"height":300},{"@type":"BreadcrumbList","@id":"https:\/\/bien-etreiris.ch\/de\/produktpraesentation\/aromatherapie\/raumbeduftung\/purificateur-dair\/#breadcrumb","itemListElement":[{"@type":"ListItem","position":1,"name":"Home","item":"https:\/\/bien-etreiris.ch\/de\/"},{"@type":"ListItem","position":2,"name":"PRODUKTPR\u00c4SENTATION","item":"https:\/\/bien-etreiris.ch\/de\/produktpraesentation\/"},{"@type":"ListItem","position":3,"name":"AROMATHERAPIE","item":"https:\/\/bien-etreiris.ch\/de\/produktpraesentation\/aromatherapie\/"},{"@type":"ListItem","position":4,"name":"RAUMBEDUFTUNG","item":"https:\/\/bien-etreiris.ch\/de\/produktpraesentation\/aromatherapie\/raumbeduftung\/"},{"@type":"ListItem","position":5,"name":"PURIFICATEUR D&#8217;AIR"}]},{"@type":"WebSite","@id":"https:\/\/bien-etreiris.ch\/de\/#website","url":"https:\/\/bien-etreiris.ch\/de\/","name":"Bien-\u00eatre Iris","description":"IHRE Gesundheit ist uns wichtig","potentialAction":[{"@type":"SearchAction","target":{"@type":"EntryPoint","urlTemplate":"https:\/\/bien-etreiris.ch\/de\/?s={search_term_string}"},"query-input":{"@type":"PropertyValueSpecification","valueRequired":true,"valueName":"search_term_string"}}],"inLanguage":"de"}]}},"_links":{"self":[{"href":"https:\/\/bien-etreiris.ch\/de\/wp-json\/wp\/v2\/pages\/78993","targetHints":{"allow":["GET"]}}],"collection":[{"href":"https:\/\/bien-etreiris.ch\/de\/wp-json\/wp\/v2\/pages"}],"about":[{"href":"https:\/\/bien-etreiris.ch\/de\/wp-json\/wp\/v2\/types\/page"}],"author":[{"embeddable":true,"href":"https:\/\/bien-etreiris.ch\/de\/wp-json\/wp\/v2\/users\/1"}],"replies":[{"embeddable":true,"href":"https:\/\/bien-etreiris.ch\/de\/wp-json\/wp\/v2\/comments?post=78993"}],"version-history":[{"count":9,"href":"https:\/\/bien-etreiris.ch\/de\/wp-json\/wp\/v2\/pages\/78993\/revisions"}],"predecessor-version":[{"id":90504,"href":"https:\/\/bien-etreiris.ch\/de\/wp-json\/wp\/v2\/pages\/78993\/revisions\/90504"}],"up":[{"embeddable":true,"href":"https:\/\/bien-etreiris.ch\/de\/wp-json\/wp\/v2\/pages\/19409"}],"wp:featuredmedia":[{"embeddable":true,"href":"https:\/\/bien-etreiris.ch\/de\/wp-json\/wp\/v2\/media\/97737"}],"wp:attachment":[{"href":"https:\/\/bien-etreiris.ch\/de\/wp-json\/wp\/v2\/media?parent=78993"}],"curies":[{"name":"wp","href":"https:\/\/api.w.org\/{rel}","templated":true}]}}