{"id":75759,"date":"2023-09-22T07:58:52","date_gmt":"2023-09-22T05:58:52","guid":{"rendered":"https:\/\/bien-etreiris.ch\/produktpraesentation\/gesundes-leben\/gesunde-lebensmittel\/superfoods\/pseudo-cereales\/sarrasin\/graines-sarrasin\/"},"modified":"2023-09-22T07:59:30","modified_gmt":"2023-09-22T05:59:30","slug":"graines-sarrasin","status":"publish","type":"page","link":"https:\/\/bien-etreiris.ch\/de\/produktpraesentation\/gesundes-leben\/gesunde-lebensmittel\/superfoods\/pseudogetreide\/sarrasin\/graines-sarrasin\/","title":{"rendered":"GRAINES SARRASIN"},"content":{"rendered":"<p><a href=\"https:\/\/bien-etreiris.ch\/wp-content\/uploads\/2022\/07\/sarrasin-en-grains.jpg\"><img loading=\"lazy\" decoding=\"async\" class=\"wp-image-57311 size-medium alignleft\" src=\"https:\/\/bien-etreiris.ch\/wp-content\/uploads\/2022\/07\/sarrasin-en-grains-300x300.jpg\" alt=\"\" width=\"300\" height=\"300\" srcset=\"https:\/\/bien-etreiris.ch\/wp-content\/uploads\/2022\/07\/sarrasin-en-grains-300x300.jpg 300w, https:\/\/bien-etreiris.ch\/wp-content\/uploads\/2022\/07\/sarrasin-en-grains-150x150.jpg 150w, https:\/\/bien-etreiris.ch\/wp-content\/uploads\/2022\/07\/sarrasin-en-grains.jpg 768w\" sizes=\"auto, (max-width: 300px) 100vw, 300px\" \/><\/a><\/p>\n<p>&nbsp;<\/p>\n<p>&nbsp;<\/p>\n<p>&nbsp;<\/p>\n<p>Sarrasin \u00e0 germer Demeter Vanadis<\/p>\n<p>Contenu : 500 grammes<\/p>\n<p>demeter<\/p>\n<p>1 sachets <strong>CHF 5.00<br \/>\n<\/strong><\/p>\n<p>&nbsp;<\/p>\n<p><a href=\"https:\/\/bien-etreiris.ch\/wp-content\/uploads\/2022\/07\/sarrasin-en-grains-vrac.jpg\"><img loading=\"lazy\" decoding=\"async\" class=\"size-full wp-image-57314 alignleft\" src=\"https:\/\/bien-etreiris.ch\/wp-content\/uploads\/2022\/07\/sarrasin-en-grains-vrac.jpg\" alt=\"\" width=\"360\" height=\"240\" srcset=\"https:\/\/bien-etreiris.ch\/wp-content\/uploads\/2022\/07\/sarrasin-en-grains-vrac.jpg 360w, https:\/\/bien-etreiris.ch\/wp-content\/uploads\/2022\/07\/sarrasin-en-grains-vrac-300x200.jpg 300w\" sizes=\"auto, (max-width: 360px) 100vw, 360px\" \/><\/a><\/p>\n<p>&nbsp;<\/p>\n<p>&nbsp;<\/p>\n<p>Sarrasin \u00e0 germer Demeter Vanadis<\/p>\n<p>vente en vrac <strong><br \/>\n<\/strong><\/p>\n<p>demeter&nbsp; &nbsp;&nbsp; <a href=\"https:\/\/bien-etreiris.ch\/de\/produktpraesentation\/gesundes-leben\/gesunde-lebensmittel\/superfoods\/pseudo-cereales\/sarrasin\/polen-2\/\" rel=\"attachment wp-att-75725\"><img loading=\"lazy\" decoding=\"async\" class=\"alignnone size-full wp-image-75725\" src=\"https:\/\/bien-etreiris.ch\/wp-content\/uploads\/2023\/09\/Polen.png\" alt=\"\" width=\"35\" height=\"34\"><\/a> &nbsp;&nbsp;&nbsp;<\/p>\n<p>50 g&nbsp; <strong>CHF 0.20<\/strong><\/p>\n<p>&nbsp;<\/p>\n<p>&nbsp;<\/p>\n<p>Sarrasin cultiv\u00e9 de mani\u00e8re biodynamique (Demeter) par Vanadis. Id\u00e9al pour la culture de pousses et pour la production de graines de sarrasin s\u00e9ch\u00e9es crues.<\/p>\n<p>Cuit, il est tr\u00e8s fin en risotto, dans les souffl\u00e9s ou comme base pour les r\u00f4tis. Les grains de sarrasin peuvent \u00e9galement \u00eatre grill\u00e9s \u00e0 la po\u00eale et utilis\u00e9s comme topping.<\/p>\n<p>Les graines de sarrasin de Vanadis proviennent d'Autriche et de Pologne. Lors du test de germination ce sarrasin a germ\u00e9 \u00e0 99% en peu de temps<\/p>\n<p><a href=\"https:\/\/bien-etreiris.ch\/wp-content\/uploads\/2022\/07\/sarrasin-germer.png\"><img loading=\"lazy\" decoding=\"async\" class=\"alignnone  wp-image-57317\" src=\"https:\/\/bien-etreiris.ch\/wp-content\/uploads\/2022\/07\/sarrasin-germer.png\" alt=\"\" width=\"167\" height=\"169\" srcset=\"https:\/\/bien-etreiris.ch\/wp-content\/uploads\/2022\/07\/sarrasin-germer.png 749w, https:\/\/bien-etreiris.ch\/wp-content\/uploads\/2022\/07\/sarrasin-germer-297x300.png 297w\" sizes=\"auto, (max-width: 167px) 100vw, 167px\" \/><\/a><\/p>\n<p>Pour faire germer les graines de sarrasin, il est pr\u00e9f\u00e9rable d'utiliser un bocal \u00e0 pousses ou un germoir. Les germes de sarrasin au go\u00fbt l\u00e9g\u00e8rement noisette peuvent \u00eatre consomm\u00e9s d\u00e8s le deuxi\u00e8me jour, lorsque le sarrasin forme de petites \"queues\".<\/p>\n<p>Le temps de trempage est de 15 minutes. Le sarrasin de Biofarm est particuli\u00e8rement mucilagineux et ne doit pas \u00eatre mis en trop grande quantit\u00e9 dans le germoir.<\/p>\n<h4>\nConseils et utilisation<\/h4>\n<p>Si l'on fait tremper le sarrasin longtemps, il forme du mucilage. En le laissant tremper peu de temps, tu \u00e9vites la formation de mucosit\u00e9s. Le premier jour, l'id\u00e9al est de le rincer fr\u00e9quemment jusqu'\u00e0 ce que la formation de mucosit\u00e9s diminue.<\/p>\n<p>Le go\u00fbt s'intensifie au fur et \u00e0 mesure de la germination. \u00c0 partir du troisi\u00e8me jour, de nombreuses personnes le trouvent d\u00e9j\u00e0 trop \u00e2pre et le go\u00fbt de noisette et de sucr\u00e9 n'est plus aussi prononc\u00e9.<\/p>\n<p>Les germes de sarrasin sont d\u00e9licieux dans les salades et se marient \u00e9galement tr\u00e8s bien avec les fruits.<\/p>\n<p>Les germes de sarrasin s\u00e9ch\u00e9s sont un d\u00e9lice dans les mueslis et un ingr\u00e9dient croustillant dans le chocolat fait maison.<\/p>\n<p>Une fois s\u00e9ch\u00e9es, les pousses peuvent \u00eatre moulues en une farine sans gluten. Cette farine peut \u00eatre utilis\u00e9e pour faire des galettes, des pains et des fonds de pizza.<\/p>\n","protected":false},"excerpt":{"rendered":"<p>&nbsp; &nbsp; &nbsp; Sarrasin \u00e0 germer Demeter Vanadis Contenu : 500 grammes demeter 1 sachets CHF 5.00 &nbsp; &nbsp; &nbsp; Sarrasin \u00e0 germer Demeter Vanadis vente en vrac demeter&nbsp; &nbsp;&nbsp; &nbsp;&nbsp;&nbsp; 50 g&nbsp; CHF 0.20 &nbsp; &nbsp; Sarrasin cultiv\u00e9 de mani\u00e8re biodynamique (Demeter) par Vanadis. Id\u00e9al pour la culture de pousses et pour la production de graines de sarrasin s\u00e9ch\u00e9es&nbsp;<a href=\"https:\/\/bien-etreiris.ch\/de\/produktpraesentation\/gesundes-leben\/gesunde-lebensmittel\/superfoods\/pseudogetreide\/sarrasin\/graines-sarrasin\/\" class=\"read-more\">Weiter lesen<\/a><\/p>\n","protected":false},"author":1,"featured_media":57316,"parent":57352,"menu_order":2921,"comment_status":"closed","ping_status":"closed","template":"page-with-child.php","meta":{"_acf_changed":false,"ngg_post_thumbnail":0,"footnotes":""},"class_list":["post-75759","page","type-page","status-publish","has-post-thumbnail","hentry"],"acf":[],"yoast_head":"<!-- This site is optimized with the Yoast SEO plugin v27.5 - https:\/\/yoast.com\/product\/yoast-seo-wordpress\/ -->\n<title>GRAINES SARRASIN - WOHLBEFINDEN<\/title>\n<meta name=\"robots\" content=\"index, follow, max-snippet:-1, max-image-preview:large, max-video-preview:-1\" \/>\n<link rel=\"canonical\" href=\"https:\/\/bien-etreiris.ch\/de\/produktpraesentation\/gesundes-leben\/gesunde-lebensmittel\/superfoods\/pseudogetreide\/sarrasin\/graines-sarrasin\/\" \/>\n<meta property=\"og:locale\" content=\"de_DE\" \/>\n<meta property=\"og:type\" content=\"article\" \/>\n<meta property=\"og:title\" content=\"GRAINES SARRASIN - WOHLBEFINDEN\" \/>\n<meta property=\"og:description\" content=\"&nbsp; &nbsp; &nbsp; Sarrasin \u00e0 germer Demeter Vanadis Contenu : 500 grammes demeter 1 sachets CHF 5.00 &nbsp; &nbsp; &nbsp; Sarrasin \u00e0 germer Demeter Vanadis vente en vrac demeter&nbsp; &nbsp;&nbsp; &nbsp;&nbsp;&nbsp; 50 g&nbsp; CHF 0.20 &nbsp; &nbsp; Sarrasin cultiv\u00e9 de mani\u00e8re biodynamique (Demeter) par Vanadis. Id\u00e9al pour la culture de pousses et pour la production de graines de sarrasin s\u00e9ch\u00e9es&nbsp;Weiter lesen\" \/>\n<meta property=\"og:url\" content=\"https:\/\/bien-etreiris.ch\/de\/produktpraesentation\/gesundes-leben\/gesunde-lebensmittel\/superfoods\/pseudogetreide\/sarrasin\/graines-sarrasin\/\" \/>\n<meta property=\"og:site_name\" content=\"WOHLBEFINDEN\" \/>\n<meta property=\"article:publisher\" content=\"https:\/\/www.facebook.com\/bienetreiris\/\" \/>\n<meta property=\"article:modified_time\" content=\"2023-09-22T05:59:30+00:00\" \/>\n<meta property=\"og:image\" content=\"https:\/\/bien-etreiris.ch\/wp-content\/uploads\/2022\/07\/sarrasin-en-grains-vrac.jpg\" \/>\n\t<meta property=\"og:image:width\" content=\"360\" \/>\n\t<meta property=\"og:image:height\" content=\"240\" \/>\n\t<meta property=\"og:image:type\" content=\"image\/jpeg\" \/>\n<meta name=\"twitter:label1\" content=\"Gesch\u00e4tzte Lesezeit\" \/>\n\t<meta name=\"twitter:data1\" content=\"3\u00a0Minuten\" \/>\n<script type=\"application\/ld+json\" class=\"yoast-schema-graph\">{\"@context\":\"https:\\\/\\\/schema.org\",\"@graph\":[{\"@type\":\"WebPage\",\"@id\":\"https:\\\/\\\/bien-etreiris.ch\\\/de\\\/produktpraesentation\\\/gesundes-leben\\\/gesunde-lebensmittel\\\/superfoods\\\/pseudogetreide\\\/sarrasin\\\/graines-sarrasin\\\/\",\"url\":\"https:\\\/\\\/bien-etreiris.ch\\\/de\\\/produktpraesentation\\\/gesundes-leben\\\/gesunde-lebensmittel\\\/superfoods\\\/pseudogetreide\\\/sarrasin\\\/graines-sarrasin\\\/\",\"name\":\"GRAINES SARRASIN - WOHLBEFINDEN\",\"isPartOf\":{\"@id\":\"https:\\\/\\\/bien-etreiris.ch\\\/de\\\/#website\"},\"primaryImageOfPage\":{\"@id\":\"https:\\\/\\\/bien-etreiris.ch\\\/de\\\/produktpraesentation\\\/gesundes-leben\\\/gesunde-lebensmittel\\\/superfoods\\\/pseudogetreide\\\/sarrasin\\\/graines-sarrasin\\\/#primaryimage\"},\"image\":{\"@id\":\"https:\\\/\\\/bien-etreiris.ch\\\/de\\\/produktpraesentation\\\/gesundes-leben\\\/gesunde-lebensmittel\\\/superfoods\\\/pseudogetreide\\\/sarrasin\\\/graines-sarrasin\\\/#primaryimage\"},\"thumbnailUrl\":\"https:\\\/\\\/bien-etreiris.ch\\\/wp-content\\\/uploads\\\/2022\\\/07\\\/sarrasin-en-grains-vrac.jpg\",\"datePublished\":\"2023-09-22T05:58:52+00:00\",\"dateModified\":\"2023-09-22T05:59:30+00:00\",\"breadcrumb\":{\"@id\":\"https:\\\/\\\/bien-etreiris.ch\\\/de\\\/produktpraesentation\\\/gesundes-leben\\\/gesunde-lebensmittel\\\/superfoods\\\/pseudogetreide\\\/sarrasin\\\/graines-sarrasin\\\/#breadcrumb\"},\"inLanguage\":\"de\",\"potentialAction\":[{\"@type\":\"ReadAction\",\"target\":[\"https:\\\/\\\/bien-etreiris.ch\\\/de\\\/produktpraesentation\\\/gesundes-leben\\\/gesunde-lebensmittel\\\/superfoods\\\/pseudogetreide\\\/sarrasin\\\/graines-sarrasin\\\/\"]}]},{\"@type\":\"ImageObject\",\"inLanguage\":\"de\",\"@id\":\"https:\\\/\\\/bien-etreiris.ch\\\/de\\\/produktpraesentation\\\/gesundes-leben\\\/gesunde-lebensmittel\\\/superfoods\\\/pseudogetreide\\\/sarrasin\\\/graines-sarrasin\\\/#primaryimage\",\"url\":\"https:\\\/\\\/bien-etreiris.ch\\\/wp-content\\\/uploads\\\/2022\\\/07\\\/sarrasin-en-grains-vrac.jpg\",\"contentUrl\":\"https:\\\/\\\/bien-etreiris.ch\\\/wp-content\\\/uploads\\\/2022\\\/07\\\/sarrasin-en-grains-vrac.jpg\",\"width\":360,\"height\":240},{\"@type\":\"BreadcrumbList\",\"@id\":\"https:\\\/\\\/bien-etreiris.ch\\\/de\\\/produktpraesentation\\\/gesundes-leben\\\/gesunde-lebensmittel\\\/superfoods\\\/pseudogetreide\\\/sarrasin\\\/graines-sarrasin\\\/#breadcrumb\",\"itemListElement\":[{\"@type\":\"ListItem\",\"position\":1,\"name\":\"Home\",\"item\":\"https:\\\/\\\/bien-etreiris.ch\\\/de\\\/\"},{\"@type\":\"ListItem\",\"position\":2,\"name\":\"PRODUKTPR\u00c4SENTATION\",\"item\":\"https:\\\/\\\/bien-etreiris.ch\\\/de\\\/produktpraesentation\\\/\"},{\"@type\":\"ListItem\",\"position\":3,\"name\":\"GESUNDES LEBEN\",\"item\":\"https:\\\/\\\/bien-etreiris.ch\\\/de\\\/produktpraesentation\\\/gesundes-leben\\\/\"},{\"@type\":\"ListItem\",\"position\":4,\"name\":\"GESUNDE LEBENSMITTEL\",\"item\":\"https:\\\/\\\/bien-etreiris.ch\\\/de\\\/produktpraesentation\\\/gesundes-leben\\\/gesunde-lebensmittel\\\/\"},{\"@type\":\"ListItem\",\"position\":5,\"name\":\"SUPERFOODS\",\"item\":\"https:\\\/\\\/bien-etreiris.ch\\\/de\\\/produktpraesentation\\\/gesundes-leben\\\/gesunde-lebensmittel\\\/superfoods\\\/\"},{\"@type\":\"ListItem\",\"position\":6,\"name\":\"PSEUDOGETREIDE\",\"item\":\"https:\\\/\\\/bien-etreiris.ch\\\/de\\\/produktpraesentation\\\/gesundes-leben\\\/gesunde-lebensmittel\\\/superfoods\\\/pseudogetreide\\\/\"},{\"@type\":\"ListItem\",\"position\":7,\"name\":\"BUCHWEIZEN\",\"item\":\"https:\\\/\\\/bien-etreiris.ch\\\/de\\\/produktpraesentation\\\/gesundes-leben\\\/gesunde-lebensmittel\\\/intoleranz\\\/ohne-gluten\\\/sarrasin\\\/\"},{\"@type\":\"ListItem\",\"position\":8,\"name\":\"GRAINES SARRASIN\"}]},{\"@type\":\"WebSite\",\"@id\":\"https:\\\/\\\/bien-etreiris.ch\\\/de\\\/#website\",\"url\":\"https:\\\/\\\/bien-etreiris.ch\\\/de\\\/\",\"name\":\"Bien-\u00eatre Iris\",\"description\":\"IHRE Gesundheit ist uns wichtig\",\"potentialAction\":[{\"@type\":\"SearchAction\",\"target\":{\"@type\":\"EntryPoint\",\"urlTemplate\":\"https:\\\/\\\/bien-etreiris.ch\\\/de\\\/?s={search_term_string}\"},\"query-input\":{\"@type\":\"PropertyValueSpecification\",\"valueRequired\":true,\"valueName\":\"search_term_string\"}}],\"inLanguage\":\"de\"}]}<\/script>\n<!-- \/ Yoast SEO plugin. -->","yoast_head_json":{"title":"GRAINES SARRASIN - WOHLBEFINDEN","robots":{"index":"index","follow":"follow","max-snippet":"max-snippet:-1","max-image-preview":"max-image-preview:large","max-video-preview":"max-video-preview:-1"},"canonical":"https:\/\/bien-etreiris.ch\/de\/produktpraesentation\/gesundes-leben\/gesunde-lebensmittel\/superfoods\/pseudogetreide\/sarrasin\/graines-sarrasin\/","og_locale":"de_DE","og_type":"article","og_title":"GRAINES SARRASIN - WOHLBEFINDEN","og_description":"&nbsp; &nbsp; &nbsp; Sarrasin \u00e0 germer Demeter Vanadis Contenu : 500 grammes demeter 1 sachets CHF 5.00 &nbsp; &nbsp; &nbsp; Sarrasin \u00e0 germer Demeter Vanadis vente en vrac demeter&nbsp; &nbsp;&nbsp; &nbsp;&nbsp;&nbsp; 50 g&nbsp; CHF 0.20 &nbsp; &nbsp; Sarrasin cultiv\u00e9 de mani\u00e8re biodynamique (Demeter) par Vanadis. Id\u00e9al pour la culture de pousses et pour la production de graines de sarrasin s\u00e9ch\u00e9es&nbsp;Weiter lesen","og_url":"https:\/\/bien-etreiris.ch\/de\/produktpraesentation\/gesundes-leben\/gesunde-lebensmittel\/superfoods\/pseudogetreide\/sarrasin\/graines-sarrasin\/","og_site_name":"WOHLBEFINDEN","article_publisher":"https:\/\/www.facebook.com\/bienetreiris\/","article_modified_time":"2023-09-22T05:59:30+00:00","og_image":[{"width":360,"height":240,"url":"https:\/\/bien-etreiris.ch\/wp-content\/uploads\/2022\/07\/sarrasin-en-grains-vrac.jpg","type":"image\/jpeg"}],"twitter_misc":{"Gesch\u00e4tzte Lesezeit":"3\u00a0Minuten"},"schema":{"@context":"https:\/\/schema.org","@graph":[{"@type":"WebPage","@id":"https:\/\/bien-etreiris.ch\/de\/produktpraesentation\/gesundes-leben\/gesunde-lebensmittel\/superfoods\/pseudogetreide\/sarrasin\/graines-sarrasin\/","url":"https:\/\/bien-etreiris.ch\/de\/produktpraesentation\/gesundes-leben\/gesunde-lebensmittel\/superfoods\/pseudogetreide\/sarrasin\/graines-sarrasin\/","name":"GRAINES SARRASIN - WOHLBEFINDEN","isPartOf":{"@id":"https:\/\/bien-etreiris.ch\/de\/#website"},"primaryImageOfPage":{"@id":"https:\/\/bien-etreiris.ch\/de\/produktpraesentation\/gesundes-leben\/gesunde-lebensmittel\/superfoods\/pseudogetreide\/sarrasin\/graines-sarrasin\/#primaryimage"},"image":{"@id":"https:\/\/bien-etreiris.ch\/de\/produktpraesentation\/gesundes-leben\/gesunde-lebensmittel\/superfoods\/pseudogetreide\/sarrasin\/graines-sarrasin\/#primaryimage"},"thumbnailUrl":"https:\/\/bien-etreiris.ch\/wp-content\/uploads\/2022\/07\/sarrasin-en-grains-vrac.jpg","datePublished":"2023-09-22T05:58:52+00:00","dateModified":"2023-09-22T05:59:30+00:00","breadcrumb":{"@id":"https:\/\/bien-etreiris.ch\/de\/produktpraesentation\/gesundes-leben\/gesunde-lebensmittel\/superfoods\/pseudogetreide\/sarrasin\/graines-sarrasin\/#breadcrumb"},"inLanguage":"de","potentialAction":[{"@type":"ReadAction","target":["https:\/\/bien-etreiris.ch\/de\/produktpraesentation\/gesundes-leben\/gesunde-lebensmittel\/superfoods\/pseudogetreide\/sarrasin\/graines-sarrasin\/"]}]},{"@type":"ImageObject","inLanguage":"de","@id":"https:\/\/bien-etreiris.ch\/de\/produktpraesentation\/gesundes-leben\/gesunde-lebensmittel\/superfoods\/pseudogetreide\/sarrasin\/graines-sarrasin\/#primaryimage","url":"https:\/\/bien-etreiris.ch\/wp-content\/uploads\/2022\/07\/sarrasin-en-grains-vrac.jpg","contentUrl":"https:\/\/bien-etreiris.ch\/wp-content\/uploads\/2022\/07\/sarrasin-en-grains-vrac.jpg","width":360,"height":240},{"@type":"BreadcrumbList","@id":"https:\/\/bien-etreiris.ch\/de\/produktpraesentation\/gesundes-leben\/gesunde-lebensmittel\/superfoods\/pseudogetreide\/sarrasin\/graines-sarrasin\/#breadcrumb","itemListElement":[{"@type":"ListItem","position":1,"name":"Home","item":"https:\/\/bien-etreiris.ch\/de\/"},{"@type":"ListItem","position":2,"name":"PRODUKTPR\u00c4SENTATION","item":"https:\/\/bien-etreiris.ch\/de\/produktpraesentation\/"},{"@type":"ListItem","position":3,"name":"GESUNDES LEBEN","item":"https:\/\/bien-etreiris.ch\/de\/produktpraesentation\/gesundes-leben\/"},{"@type":"ListItem","position":4,"name":"GESUNDE LEBENSMITTEL","item":"https:\/\/bien-etreiris.ch\/de\/produktpraesentation\/gesundes-leben\/gesunde-lebensmittel\/"},{"@type":"ListItem","position":5,"name":"SUPERFOODS","item":"https:\/\/bien-etreiris.ch\/de\/produktpraesentation\/gesundes-leben\/gesunde-lebensmittel\/superfoods\/"},{"@type":"ListItem","position":6,"name":"PSEUDOGETREIDE","item":"https:\/\/bien-etreiris.ch\/de\/produktpraesentation\/gesundes-leben\/gesunde-lebensmittel\/superfoods\/pseudogetreide\/"},{"@type":"ListItem","position":7,"name":"BUCHWEIZEN","item":"https:\/\/bien-etreiris.ch\/de\/produktpraesentation\/gesundes-leben\/gesunde-lebensmittel\/intoleranz\/ohne-gluten\/sarrasin\/"},{"@type":"ListItem","position":8,"name":"GRAINES SARRASIN"}]},{"@type":"WebSite","@id":"https:\/\/bien-etreiris.ch\/de\/#website","url":"https:\/\/bien-etreiris.ch\/de\/","name":"Bien-\u00eatre Iris","description":"IHRE Gesundheit ist uns wichtig","potentialAction":[{"@type":"SearchAction","target":{"@type":"EntryPoint","urlTemplate":"https:\/\/bien-etreiris.ch\/de\/?s={search_term_string}"},"query-input":{"@type":"PropertyValueSpecification","valueRequired":true,"valueName":"search_term_string"}}],"inLanguage":"de"}]}},"_links":{"self":[{"href":"https:\/\/bien-etreiris.ch\/de\/wp-json\/wp\/v2\/pages\/75759","targetHints":{"allow":["GET"]}}],"collection":[{"href":"https:\/\/bien-etreiris.ch\/de\/wp-json\/wp\/v2\/pages"}],"about":[{"href":"https:\/\/bien-etreiris.ch\/de\/wp-json\/wp\/v2\/types\/page"}],"author":[{"embeddable":true,"href":"https:\/\/bien-etreiris.ch\/de\/wp-json\/wp\/v2\/users\/1"}],"replies":[{"embeddable":true,"href":"https:\/\/bien-etreiris.ch\/de\/wp-json\/wp\/v2\/comments?post=75759"}],"version-history":[{"count":1,"href":"https:\/\/bien-etreiris.ch\/de\/wp-json\/wp\/v2\/pages\/75759\/revisions"}],"predecessor-version":[{"id":75761,"href":"https:\/\/bien-etreiris.ch\/de\/wp-json\/wp\/v2\/pages\/75759\/revisions\/75761"}],"up":[{"embeddable":true,"href":"https:\/\/bien-etreiris.ch\/de\/wp-json\/wp\/v2\/pages\/57352"}],"wp:featuredmedia":[{"embeddable":true,"href":"https:\/\/bien-etreiris.ch\/de\/wp-json\/wp\/v2\/media\/57316"}],"wp:attachment":[{"href":"https:\/\/bien-etreiris.ch\/de\/wp-json\/wp\/v2\/media?parent=75759"}],"curies":[{"name":"wp","href":"https:\/\/api.w.org\/{rel}","templated":true}]}}