{"id":75733,"date":"2023-09-22T07:41:48","date_gmt":"2023-09-22T05:41:48","guid":{"rendered":"https:\/\/bien-etreiris.ch\/produktpraesentation\/gesundes-leben\/gesunde-lebensmittel\/superfoods\/pseudo-cereales\/sarrasin\/75730-2\/"},"modified":"2023-09-22T08:11:26","modified_gmt":"2023-09-22T06:11:26","slug":"farine-integrale-de-sarrasin","status":"publish","type":"page","link":"https:\/\/bien-etreiris.ch\/de\/produktpraesentation\/gesundes-leben\/gesunde-lebensmittel\/superfoods\/pseudogetreide\/sarrasin\/farine-integrale-de-sarrasin\/","title":{"rendered":"FARINE INTEGRALE"},"content":{"rendered":"<h2>Farine int\u00e9grale de sarrasin<\/h2>\n<h4><a href=\"https:\/\/bien-etreiris.ch\/wp-content\/uploads\/2022\/07\/sarrasin-1.jpg\"><img loading=\"lazy\" decoding=\"async\" class=\"size-full wp-image-57320 alignleft\" src=\"https:\/\/bien-etreiris.ch\/wp-content\/uploads\/2022\/07\/sarrasin-1.jpg\" sizes=\"auto, (max-width: 365px) 100vw, 365px\" srcset=\"https:\/\/bien-etreiris.ch\/wp-content\/uploads\/2022\/07\/sarrasin-1.jpg 365w, https:\/\/bien-etreiris.ch\/wp-content\/uploads\/2022\/07\/sarrasin-1-300x197.jpg 300w\" alt=\"\" width=\"365\" height=\"240\"><\/a><\/h4>\n<h4>&nbsp;<\/h4>\n<h4>&nbsp;<\/h4>\n<p>&nbsp;<\/p>\n<h4>&nbsp;<\/h4>\n<h4>Biofarm &nbsp;&nbsp; <a href=\"https:\/\/bien-etreiris.ch\/de\/produktpraesentation\/gesundes-leben\/gesunde-lebensmittel\/superfoods\/koernrer-samen\/hanfsamen\/suisse-2-2\/\" rel=\"attachment wp-att-75231\"><img loading=\"lazy\" decoding=\"async\" class=\"alignnone  wp-image-75231\" src=\"https:\/\/bien-etreiris.ch\/wp-content\/uploads\/2023\/09\/suisse.png\" alt=\"\" width=\"40\" height=\"40\"><\/a><a href=\"https:\/\/bien-etreiris.ch\/de\/produktpraesentation\/gesundes-leben\/gesunde-lebensmittel\/superfoods\/pseudo-cereales\/sarrasin\/bio-schweiz-2\/\" rel=\"attachment wp-att-75722\"><img loading=\"lazy\" decoding=\"async\" class=\"alignnone  wp-image-75722\" src=\"https:\/\/bien-etreiris.ch\/wp-content\/uploads\/2023\/09\/bio-schweiz.jpg\" alt=\"\" width=\"44\" height=\"35\"><\/a><\/h4>\n<p>Sarrasin bio&nbsp; moulu \u00e0 100 %<\/p>\n<p>en vrac de 50 g <strong>CHF 0.60<\/strong><\/p>\n<p>&nbsp;<\/p>\n<p>&nbsp;<\/p>\n<p>&nbsp;<\/p>\n<p>Le processus de d\u00e9corticage des grains de sarrasin donne naissance \u00e0 deux produits : d'une part, les grains d\u00e9cortiqu\u00e9s et, d'autre part, les grains de sarrasin qui se d\u00e9sagr\u00e8gent pendant le d\u00e9corticage. Les grains coup\u00e9s en deux doivent absolument \u00eatre transform\u00e9s en un produit appropri\u00e9. Gr\u00e2ce \u00e0 des meuniers exp\u00e9riment\u00e9s qui connaissent parfaitement leur m\u00e9tier, on obtient une fine farine de sarrasin claire. Cette farine claire convient particuli\u00e8rement \u00e0 la confection de savoureuses cr\u00eapes sucr\u00e9es ou sal\u00e9es \u00e0 la farine de bl\u00e9 noir, une sp\u00e9cialit\u00e9 de Suisse romande, et \u00e0 la confection de p\u00e2tisseries fines. Le sarrasin est devenu incontournable dans la savoureuse cuisine compl\u00e8te ! Il contient des glucides \u00e0 digestion lente, une forte teneur en prot\u00e9ines essentielles, notamment en lysine, et des min\u00e9raux. Le sarrasin est naturellement sans gluten et est botaniquement apparent\u00e9 \u00e0 la rhubarbe, mais pas au bl\u00e9.<\/p>\n<p>&nbsp;<\/p>\n<table id=\"product-attribute-specs-table\" class=\"data table additional-attributes\" style=\"width: 90.4762%;\">\n<caption class=\"table-caption\">\n<h4><strong>Plus d'infos<\/strong><\/h4>\n<\/caption>\n<tbody>\n<tr>\n<td style=\"width: 1.19048%;\">\n<h4>Caract\u00e9ristiques<\/h4>\n<\/td>\n<td class=\"col data\" style=\"width: 58.8836%;\" data-th=\"Caract\u00e9ristiques\">Bourgeon Bio CH, crudit\u00e9s, v\u00e9gane<\/td>\n<\/tr>\n<tr class=\"customTable\">\n<td style=\"width: 1.19048%;\">\n<h4>Valeur nutritionnelle&nbsp;&nbsp;&nbsp;&nbsp;&nbsp;&nbsp;&nbsp;&nbsp;&nbsp;&nbsp;&nbsp;&nbsp;&nbsp;&nbsp;&nbsp;&nbsp;&nbsp;&nbsp;&nbsp;&nbsp;&nbsp;&nbsp;&nbsp;&nbsp;&nbsp;&nbsp; 100 gr\/100 ml<\/h4>\n<\/td>\n<td class=\"col data\" style=\"width: 58.8836%;\" data-th=\"N\u00e4hrwerte 100gr.\/100ml\">\n<table style=\"width: 63.9078%;\">\n<tbody>\n<tr>\n<td style=\"width: 42.9999%;\">Energie (en kilojoules)<\/td>\n<td style=\"width: 15.1053%; text-align: right;\">1'510 kJ<\/td>\n<\/tr>\n<tr>\n<td style=\"width: 42.9999%;\">Energie (en kilocalories)<\/td>\n<td style=\"width: 15.1053%; text-align: right;\">346 kcal<\/td>\n<\/tr>\n<tr>\n<td style=\"width: 42.9999%;\">Mati\u00e8res grasses<\/td>\n<td style=\"width: 15.1053%; text-align: right;\">1.7 g<\/td>\n<\/tr>\n<tr>\n<td style=\"width: 42.9999%;\">Glucides<\/td>\n<td style=\"width: 15.1053%; text-align: right;\">71 g<\/td>\n<\/tr>\n<tr>\n<td style=\"width: 42.9999%;\">Prot\u00e9ines<\/td>\n<td style=\"width: 15.1053%; text-align: right;\">9.1 g<\/td>\n<\/tr>\n<tr>\n<td style=\"width: 42.9999%;\">Sel<\/td>\n<td style=\"width: 15.1053%; text-align: right;\">0.01 g<\/td>\n<\/tr>\n<\/tbody>\n<\/table>\n<\/td>\n<\/tr>\n<tr>\n<td style=\"width: 1.19048%;\">\n<h4>Ingr\u00e9dients<\/h4>\n<\/td>\n<td class=\"col data\" style=\"width: 58.8836%;\" data-th=\"Ingr\u00e9dients\">Sarrasin (CH),&nbsp;d\u00e9cortiqu\u00e9, 75 % mouture, issue de l'agriculture biologique.<\/td>\n<\/tr>\n<tr>\n<td style=\"width: 1.19048%;\">\n<h4>Infos allergies<\/h4>\n<\/td>\n<td class=\"col data\" style=\"width: 58.8836%;\" data-th=\"Infos allergies\">Peut contenir du gluten et du soja.<\/td>\n<\/tr>\n<tr>\n<td style=\"width: 1.19048%;\">\n<h4>Remarques<\/h4>\n<\/td>\n<td class=\"col data\" style=\"width: 58.8836%;\" data-th=\"Remarques\">En lib\u00e9rant naturellement de l\u2019eau, le poids de la farine peut diminuer.<\/td>\n<\/tr>\n<\/tbody>\n<\/table>\n","protected":false},"excerpt":{"rendered":"<p>Farine int\u00e9grale de sarrasin &nbsp; &nbsp; &nbsp; &nbsp; Biofarm &nbsp;&nbsp; Sarrasin bio&nbsp; moulu \u00e0 100 % en vrac de 50 g CHF 0.60 &nbsp; &nbsp; &nbsp; Le processus de d\u00e9corticage des grains de sarrasin donne naissance \u00e0 deux produits : d'une part, les grains d\u00e9cortiqu\u00e9s et, d'autre part, les grains de sarrasin qui se d\u00e9sagr\u00e8gent pendant le d\u00e9corticage. Les grains&nbsp;<a href=\"https:\/\/bien-etreiris.ch\/de\/produktpraesentation\/gesundes-leben\/gesunde-lebensmittel\/superfoods\/pseudogetreide\/sarrasin\/farine-integrale-de-sarrasin\/\" class=\"read-more\">Weiter lesen<\/a><\/p>\n","protected":false},"author":1,"featured_media":57322,"parent":57352,"menu_order":2923,"comment_status":"closed","ping_status":"closed","template":"page-with-child.php","meta":{"_acf_changed":false,"ngg_post_thumbnail":0,"footnotes":""},"class_list":["post-75733","page","type-page","status-publish","has-post-thumbnail","hentry"],"acf":[],"yoast_head":"<!-- This site is optimized with the Yoast SEO plugin v27.5 - https:\/\/yoast.com\/product\/yoast-seo-wordpress\/ -->\n<title>FARINE INTEGRALE - WOHLBEFINDEN<\/title>\n<meta name=\"robots\" content=\"index, follow, max-snippet:-1, max-image-preview:large, max-video-preview:-1\" \/>\n<link rel=\"canonical\" href=\"https:\/\/bien-etreiris.ch\/de\/produktpraesentation\/gesundes-leben\/gesunde-lebensmittel\/superfoods\/pseudogetreide\/sarrasin\/farine-integrale-de-sarrasin\/\" \/>\n<meta property=\"og:locale\" content=\"de_DE\" \/>\n<meta property=\"og:type\" content=\"article\" \/>\n<meta property=\"og:title\" content=\"FARINE INTEGRALE - WOHLBEFINDEN\" \/>\n<meta property=\"og:description\" content=\"Farine int\u00e9grale de sarrasin &nbsp; &nbsp; &nbsp; &nbsp; Biofarm &nbsp;&nbsp; Sarrasin bio&nbsp; moulu \u00e0 100 % en vrac de 50 g CHF 0.60 &nbsp; &nbsp; &nbsp; Le processus de d\u00e9corticage des grains de sarrasin donne naissance \u00e0 deux produits : d&#039;une part, les grains d\u00e9cortiqu\u00e9s et, d&#039;autre part, les grains de sarrasin qui se d\u00e9sagr\u00e8gent pendant le d\u00e9corticage. Les grains&nbsp;Weiter lesen\" \/>\n<meta property=\"og:url\" content=\"https:\/\/bien-etreiris.ch\/de\/produktpraesentation\/gesundes-leben\/gesunde-lebensmittel\/superfoods\/pseudogetreide\/sarrasin\/farine-integrale-de-sarrasin\/\" \/>\n<meta property=\"og:site_name\" content=\"WOHLBEFINDEN\" \/>\n<meta property=\"article:publisher\" content=\"https:\/\/www.facebook.com\/bienetreiris\/\" \/>\n<meta property=\"article:modified_time\" content=\"2023-09-22T06:11:26+00:00\" \/>\n<meta property=\"og:image\" content=\"https:\/\/bien-etreiris.ch\/wp-content\/uploads\/2022\/07\/sarrasin-1.jpg\" \/>\n\t<meta property=\"og:image:width\" content=\"365\" \/>\n\t<meta property=\"og:image:height\" content=\"240\" \/>\n\t<meta property=\"og:image:type\" content=\"image\/jpeg\" \/>\n<meta name=\"twitter:label1\" content=\"Gesch\u00e4tzte Lesezeit\" \/>\n\t<meta name=\"twitter:data1\" content=\"2\u00a0Minuten\" \/>\n<script type=\"application\/ld+json\" class=\"yoast-schema-graph\">{\"@context\":\"https:\\\/\\\/schema.org\",\"@graph\":[{\"@type\":\"WebPage\",\"@id\":\"https:\\\/\\\/bien-etreiris.ch\\\/de\\\/produktpraesentation\\\/gesundes-leben\\\/gesunde-lebensmittel\\\/superfoods\\\/pseudogetreide\\\/sarrasin\\\/farine-integrale-de-sarrasin\\\/\",\"url\":\"https:\\\/\\\/bien-etreiris.ch\\\/de\\\/produktpraesentation\\\/gesundes-leben\\\/gesunde-lebensmittel\\\/superfoods\\\/pseudogetreide\\\/sarrasin\\\/farine-integrale-de-sarrasin\\\/\",\"name\":\"FARINE INTEGRALE - WOHLBEFINDEN\",\"isPartOf\":{\"@id\":\"https:\\\/\\\/bien-etreiris.ch\\\/de\\\/#website\"},\"primaryImageOfPage\":{\"@id\":\"https:\\\/\\\/bien-etreiris.ch\\\/de\\\/produktpraesentation\\\/gesundes-leben\\\/gesunde-lebensmittel\\\/superfoods\\\/pseudogetreide\\\/sarrasin\\\/farine-integrale-de-sarrasin\\\/#primaryimage\"},\"image\":{\"@id\":\"https:\\\/\\\/bien-etreiris.ch\\\/de\\\/produktpraesentation\\\/gesundes-leben\\\/gesunde-lebensmittel\\\/superfoods\\\/pseudogetreide\\\/sarrasin\\\/farine-integrale-de-sarrasin\\\/#primaryimage\"},\"thumbnailUrl\":\"https:\\\/\\\/bien-etreiris.ch\\\/wp-content\\\/uploads\\\/2022\\\/07\\\/sarrasin-1.jpg\",\"datePublished\":\"2023-09-22T05:41:48+00:00\",\"dateModified\":\"2023-09-22T06:11:26+00:00\",\"breadcrumb\":{\"@id\":\"https:\\\/\\\/bien-etreiris.ch\\\/de\\\/produktpraesentation\\\/gesundes-leben\\\/gesunde-lebensmittel\\\/superfoods\\\/pseudogetreide\\\/sarrasin\\\/farine-integrale-de-sarrasin\\\/#breadcrumb\"},\"inLanguage\":\"de\",\"potentialAction\":[{\"@type\":\"ReadAction\",\"target\":[\"https:\\\/\\\/bien-etreiris.ch\\\/de\\\/produktpraesentation\\\/gesundes-leben\\\/gesunde-lebensmittel\\\/superfoods\\\/pseudogetreide\\\/sarrasin\\\/farine-integrale-de-sarrasin\\\/\"]}]},{\"@type\":\"ImageObject\",\"inLanguage\":\"de\",\"@id\":\"https:\\\/\\\/bien-etreiris.ch\\\/de\\\/produktpraesentation\\\/gesundes-leben\\\/gesunde-lebensmittel\\\/superfoods\\\/pseudogetreide\\\/sarrasin\\\/farine-integrale-de-sarrasin\\\/#primaryimage\",\"url\":\"https:\\\/\\\/bien-etreiris.ch\\\/wp-content\\\/uploads\\\/2022\\\/07\\\/sarrasin-1.jpg\",\"contentUrl\":\"https:\\\/\\\/bien-etreiris.ch\\\/wp-content\\\/uploads\\\/2022\\\/07\\\/sarrasin-1.jpg\",\"width\":365,\"height\":240},{\"@type\":\"BreadcrumbList\",\"@id\":\"https:\\\/\\\/bien-etreiris.ch\\\/de\\\/produktpraesentation\\\/gesundes-leben\\\/gesunde-lebensmittel\\\/superfoods\\\/pseudogetreide\\\/sarrasin\\\/farine-integrale-de-sarrasin\\\/#breadcrumb\",\"itemListElement\":[{\"@type\":\"ListItem\",\"position\":1,\"name\":\"Home\",\"item\":\"https:\\\/\\\/bien-etreiris.ch\\\/de\\\/\"},{\"@type\":\"ListItem\",\"position\":2,\"name\":\"PRODUKTPR\u00c4SENTATION\",\"item\":\"https:\\\/\\\/bien-etreiris.ch\\\/de\\\/produktpraesentation\\\/\"},{\"@type\":\"ListItem\",\"position\":3,\"name\":\"GESUNDES LEBEN\",\"item\":\"https:\\\/\\\/bien-etreiris.ch\\\/de\\\/produktpraesentation\\\/gesundes-leben\\\/\"},{\"@type\":\"ListItem\",\"position\":4,\"name\":\"GESUNDE LEBENSMITTEL\",\"item\":\"https:\\\/\\\/bien-etreiris.ch\\\/de\\\/produktpraesentation\\\/gesundes-leben\\\/gesunde-lebensmittel\\\/\"},{\"@type\":\"ListItem\",\"position\":5,\"name\":\"SUPERFOODS\",\"item\":\"https:\\\/\\\/bien-etreiris.ch\\\/de\\\/produktpraesentation\\\/gesundes-leben\\\/gesunde-lebensmittel\\\/superfoods\\\/\"},{\"@type\":\"ListItem\",\"position\":6,\"name\":\"PSEUDOGETREIDE\",\"item\":\"https:\\\/\\\/bien-etreiris.ch\\\/de\\\/produktpraesentation\\\/gesundes-leben\\\/gesunde-lebensmittel\\\/superfoods\\\/pseudogetreide\\\/\"},{\"@type\":\"ListItem\",\"position\":7,\"name\":\"BUCHWEIZEN\",\"item\":\"https:\\\/\\\/bien-etreiris.ch\\\/de\\\/produktpraesentation\\\/gesundes-leben\\\/gesunde-lebensmittel\\\/intoleranz\\\/ohne-gluten\\\/sarrasin\\\/\"},{\"@type\":\"ListItem\",\"position\":8,\"name\":\"FARINE INTEGRALE\"}]},{\"@type\":\"WebSite\",\"@id\":\"https:\\\/\\\/bien-etreiris.ch\\\/de\\\/#website\",\"url\":\"https:\\\/\\\/bien-etreiris.ch\\\/de\\\/\",\"name\":\"Bien-\u00eatre Iris\",\"description\":\"IHRE Gesundheit ist uns wichtig\",\"potentialAction\":[{\"@type\":\"SearchAction\",\"target\":{\"@type\":\"EntryPoint\",\"urlTemplate\":\"https:\\\/\\\/bien-etreiris.ch\\\/de\\\/?s={search_term_string}\"},\"query-input\":{\"@type\":\"PropertyValueSpecification\",\"valueRequired\":true,\"valueName\":\"search_term_string\"}}],\"inLanguage\":\"de\"}]}<\/script>\n<!-- \/ Yoast SEO plugin. -->","yoast_head_json":{"title":"FARINE INTEGRALE - WOHLBEFINDEN","robots":{"index":"index","follow":"follow","max-snippet":"max-snippet:-1","max-image-preview":"max-image-preview:large","max-video-preview":"max-video-preview:-1"},"canonical":"https:\/\/bien-etreiris.ch\/de\/produktpraesentation\/gesundes-leben\/gesunde-lebensmittel\/superfoods\/pseudogetreide\/sarrasin\/farine-integrale-de-sarrasin\/","og_locale":"de_DE","og_type":"article","og_title":"FARINE INTEGRALE - WOHLBEFINDEN","og_description":"Farine int\u00e9grale de sarrasin &nbsp; &nbsp; &nbsp; &nbsp; Biofarm &nbsp;&nbsp; Sarrasin bio&nbsp; moulu \u00e0 100 % en vrac de 50 g CHF 0.60 &nbsp; &nbsp; &nbsp; Le processus de d\u00e9corticage des grains de sarrasin donne naissance \u00e0 deux produits : d'une part, les grains d\u00e9cortiqu\u00e9s et, d'autre part, les grains de sarrasin qui se d\u00e9sagr\u00e8gent pendant le d\u00e9corticage. Les grains&nbsp;Weiter lesen","og_url":"https:\/\/bien-etreiris.ch\/de\/produktpraesentation\/gesundes-leben\/gesunde-lebensmittel\/superfoods\/pseudogetreide\/sarrasin\/farine-integrale-de-sarrasin\/","og_site_name":"WOHLBEFINDEN","article_publisher":"https:\/\/www.facebook.com\/bienetreiris\/","article_modified_time":"2023-09-22T06:11:26+00:00","og_image":[{"width":365,"height":240,"url":"https:\/\/bien-etreiris.ch\/wp-content\/uploads\/2022\/07\/sarrasin-1.jpg","type":"image\/jpeg"}],"twitter_misc":{"Gesch\u00e4tzte Lesezeit":"2\u00a0Minuten"},"schema":{"@context":"https:\/\/schema.org","@graph":[{"@type":"WebPage","@id":"https:\/\/bien-etreiris.ch\/de\/produktpraesentation\/gesundes-leben\/gesunde-lebensmittel\/superfoods\/pseudogetreide\/sarrasin\/farine-integrale-de-sarrasin\/","url":"https:\/\/bien-etreiris.ch\/de\/produktpraesentation\/gesundes-leben\/gesunde-lebensmittel\/superfoods\/pseudogetreide\/sarrasin\/farine-integrale-de-sarrasin\/","name":"FARINE INTEGRALE - WOHLBEFINDEN","isPartOf":{"@id":"https:\/\/bien-etreiris.ch\/de\/#website"},"primaryImageOfPage":{"@id":"https:\/\/bien-etreiris.ch\/de\/produktpraesentation\/gesundes-leben\/gesunde-lebensmittel\/superfoods\/pseudogetreide\/sarrasin\/farine-integrale-de-sarrasin\/#primaryimage"},"image":{"@id":"https:\/\/bien-etreiris.ch\/de\/produktpraesentation\/gesundes-leben\/gesunde-lebensmittel\/superfoods\/pseudogetreide\/sarrasin\/farine-integrale-de-sarrasin\/#primaryimage"},"thumbnailUrl":"https:\/\/bien-etreiris.ch\/wp-content\/uploads\/2022\/07\/sarrasin-1.jpg","datePublished":"2023-09-22T05:41:48+00:00","dateModified":"2023-09-22T06:11:26+00:00","breadcrumb":{"@id":"https:\/\/bien-etreiris.ch\/de\/produktpraesentation\/gesundes-leben\/gesunde-lebensmittel\/superfoods\/pseudogetreide\/sarrasin\/farine-integrale-de-sarrasin\/#breadcrumb"},"inLanguage":"de","potentialAction":[{"@type":"ReadAction","target":["https:\/\/bien-etreiris.ch\/de\/produktpraesentation\/gesundes-leben\/gesunde-lebensmittel\/superfoods\/pseudogetreide\/sarrasin\/farine-integrale-de-sarrasin\/"]}]},{"@type":"ImageObject","inLanguage":"de","@id":"https:\/\/bien-etreiris.ch\/de\/produktpraesentation\/gesundes-leben\/gesunde-lebensmittel\/superfoods\/pseudogetreide\/sarrasin\/farine-integrale-de-sarrasin\/#primaryimage","url":"https:\/\/bien-etreiris.ch\/wp-content\/uploads\/2022\/07\/sarrasin-1.jpg","contentUrl":"https:\/\/bien-etreiris.ch\/wp-content\/uploads\/2022\/07\/sarrasin-1.jpg","width":365,"height":240},{"@type":"BreadcrumbList","@id":"https:\/\/bien-etreiris.ch\/de\/produktpraesentation\/gesundes-leben\/gesunde-lebensmittel\/superfoods\/pseudogetreide\/sarrasin\/farine-integrale-de-sarrasin\/#breadcrumb","itemListElement":[{"@type":"ListItem","position":1,"name":"Home","item":"https:\/\/bien-etreiris.ch\/de\/"},{"@type":"ListItem","position":2,"name":"PRODUKTPR\u00c4SENTATION","item":"https:\/\/bien-etreiris.ch\/de\/produktpraesentation\/"},{"@type":"ListItem","position":3,"name":"GESUNDES LEBEN","item":"https:\/\/bien-etreiris.ch\/de\/produktpraesentation\/gesundes-leben\/"},{"@type":"ListItem","position":4,"name":"GESUNDE LEBENSMITTEL","item":"https:\/\/bien-etreiris.ch\/de\/produktpraesentation\/gesundes-leben\/gesunde-lebensmittel\/"},{"@type":"ListItem","position":5,"name":"SUPERFOODS","item":"https:\/\/bien-etreiris.ch\/de\/produktpraesentation\/gesundes-leben\/gesunde-lebensmittel\/superfoods\/"},{"@type":"ListItem","position":6,"name":"PSEUDOGETREIDE","item":"https:\/\/bien-etreiris.ch\/de\/produktpraesentation\/gesundes-leben\/gesunde-lebensmittel\/superfoods\/pseudogetreide\/"},{"@type":"ListItem","position":7,"name":"BUCHWEIZEN","item":"https:\/\/bien-etreiris.ch\/de\/produktpraesentation\/gesundes-leben\/gesunde-lebensmittel\/intoleranz\/ohne-gluten\/sarrasin\/"},{"@type":"ListItem","position":8,"name":"FARINE INTEGRALE"}]},{"@type":"WebSite","@id":"https:\/\/bien-etreiris.ch\/de\/#website","url":"https:\/\/bien-etreiris.ch\/de\/","name":"Bien-\u00eatre Iris","description":"IHRE Gesundheit ist uns wichtig","potentialAction":[{"@type":"SearchAction","target":{"@type":"EntryPoint","urlTemplate":"https:\/\/bien-etreiris.ch\/de\/?s={search_term_string}"},"query-input":{"@type":"PropertyValueSpecification","valueRequired":true,"valueName":"search_term_string"}}],"inLanguage":"de"}]}},"_links":{"self":[{"href":"https:\/\/bien-etreiris.ch\/de\/wp-json\/wp\/v2\/pages\/75733","targetHints":{"allow":["GET"]}}],"collection":[{"href":"https:\/\/bien-etreiris.ch\/de\/wp-json\/wp\/v2\/pages"}],"about":[{"href":"https:\/\/bien-etreiris.ch\/de\/wp-json\/wp\/v2\/types\/page"}],"author":[{"embeddable":true,"href":"https:\/\/bien-etreiris.ch\/de\/wp-json\/wp\/v2\/users\/1"}],"replies":[{"embeddable":true,"href":"https:\/\/bien-etreiris.ch\/de\/wp-json\/wp\/v2\/comments?post=75733"}],"version-history":[{"count":7,"href":"https:\/\/bien-etreiris.ch\/de\/wp-json\/wp\/v2\/pages\/75733\/revisions"}],"predecessor-version":[{"id":75773,"href":"https:\/\/bien-etreiris.ch\/de\/wp-json\/wp\/v2\/pages\/75733\/revisions\/75773"}],"up":[{"embeddable":true,"href":"https:\/\/bien-etreiris.ch\/de\/wp-json\/wp\/v2\/pages\/57352"}],"wp:featuredmedia":[{"embeddable":true,"href":"https:\/\/bien-etreiris.ch\/de\/wp-json\/wp\/v2\/media\/57322"}],"wp:attachment":[{"href":"https:\/\/bien-etreiris.ch\/de\/wp-json\/wp\/v2\/media?parent=75733"}],"curies":[{"name":"wp","href":"https:\/\/api.w.org\/{rel}","templated":true}]}}