{"id":67507,"date":"2023-03-07T18:25:56","date_gmt":"2023-03-07T16:25:56","guid":{"rendered":"https:\/\/bien-etreiris.ch\/produktpraesentation\/hygiene\/koerperpflege\/seifen\/jessica-perrin\/"},"modified":"2023-03-07T20:18:51","modified_gmt":"2023-03-07T18:18:51","slug":"jessica-perrin","status":"publish","type":"page","link":"https:\/\/bien-etreiris.ch\/de\/produktpraesentation\/hygiene\/koerperpflege\/seifen\/jessica-perrin\/","title":{"rendered":"JESSICA PERRIN"},"content":{"rendered":"\n<h2>Savons de Jessica Perrin<\/h2>\n\n\n\n<h4><strong>LES VERTUS DE NOS SAVONS :&nbsp;<\/strong><\/h4>\n<p>Le savon saponifi\u00e9 \u00e0 froid est riche en <strong>glyc\u00e9rine<\/strong>, un excellent \u00e9mollient et humectant qui prot\u00e8ge l\u2019\u00e9piderme. Elle retient l\u2019eau au niveau de la peau et ainsi pr\u00e9vient le dess\u00e9chement.<\/p>\n<p>La saponification \u00e0 froid est une m\u00e9thode de production<strong> \u00e9cologique et \u00e9thique<\/strong>. Tr\u00e8s facilement et rapidement biod\u00e9gradable, c'est ais\u00e9ment \u00e9limin\u00e9 dans les stations d'\u00e9puration. M\u00eame si les r\u00e9sidus se retrouvaient dans le milieu ext\u00e9rieur, ils sont tr\u00e8s peu toxiques car les ingr\u00e9dients sont issus de ressources renouvelables, durables et d'origines naturelles.<\/p>\n<p>&nbsp;<\/p>\n","protected":false},"excerpt":{"rendered":"<p>Savons de Jessica Perrin LES VERTUS DE NOS SAVONS :&nbsp; Le savon saponifi\u00e9 \u00e0 froid est riche en glyc\u00e9rine, un excellent \u00e9mollient et humectant qui prot\u00e8ge l\u2019\u00e9piderme. Elle retient l\u2019eau au niveau de la peau et ainsi pr\u00e9vient le dess\u00e9chement. La saponification \u00e0 froid est une m\u00e9thode de production \u00e9cologique et \u00e9thique. Tr\u00e8s facilement et rapidement biod\u00e9gradable, c'est ais\u00e9ment \u00e9limin\u00e9&nbsp;<a href=\"https:\/\/bien-etreiris.ch\/de\/produktpraesentation\/hygiene\/koerperpflege\/seifen\/jessica-perrin\/\" class=\"read-more\">Weiter lesen<\/a><\/p>\n","protected":false},"author":1,"featured_media":67464,"parent":42493,"menu_order":3799,"comment_status":"closed","ping_status":"closed","template":"page-with-child.php","meta":{"_acf_changed":false,"ngg_post_thumbnail":0,"footnotes":""},"class_list":["post-67507","page","type-page","status-publish","has-post-thumbnail","hentry"],"acf":[],"yoast_head":"<!-- This site is optimized with the Yoast SEO plugin v27.5 - https:\/\/yoast.com\/product\/yoast-seo-wordpress\/ -->\n<title>JESSICA PERRIN - WOHLBEFINDEN<\/title>\n<meta name=\"robots\" content=\"index, follow, max-snippet:-1, max-image-preview:large, max-video-preview:-1\" \/>\n<link rel=\"canonical\" href=\"https:\/\/bien-etreiris.ch\/de\/produktpraesentation\/hygiene\/koerperpflege\/seifen\/jessica-perrin\/\" \/>\n<meta property=\"og:locale\" content=\"de_DE\" \/>\n<meta property=\"og:type\" content=\"article\" \/>\n<meta property=\"og:title\" content=\"JESSICA PERRIN - WOHLBEFINDEN\" \/>\n<meta property=\"og:description\" content=\"Savons de Jessica Perrin LES VERTUS DE NOS SAVONS :&nbsp; Le savon saponifi\u00e9 \u00e0 froid est riche en glyc\u00e9rine, un excellent \u00e9mollient et humectant qui prot\u00e8ge l\u2019\u00e9piderme. Elle retient l\u2019eau au niveau de la peau et ainsi pr\u00e9vient le dess\u00e9chement. La saponification \u00e0 froid est une m\u00e9thode de production \u00e9cologique et \u00e9thique. Tr\u00e8s facilement et rapidement biod\u00e9gradable, c&#039;est ais\u00e9ment \u00e9limin\u00e9&nbsp;Weiter lesen\" \/>\n<meta property=\"og:url\" content=\"https:\/\/bien-etreiris.ch\/de\/produktpraesentation\/hygiene\/koerperpflege\/seifen\/jessica-perrin\/\" \/>\n<meta property=\"og:site_name\" content=\"WOHLBEFINDEN\" \/>\n<meta property=\"article:publisher\" content=\"https:\/\/www.facebook.com\/bienetreiris\/\" \/>\n<meta property=\"article:modified_time\" content=\"2023-03-07T18:18:51+00:00\" \/>\n<meta property=\"og:image\" content=\"https:\/\/bien-etreiris.ch\/wp-content\/uploads\/2023\/03\/acceuil-savon.jpg\" \/>\n\t<meta property=\"og:image:width\" content=\"500\" \/>\n\t<meta property=\"og:image:height\" content=\"308\" \/>\n\t<meta property=\"og:image:type\" content=\"image\/jpeg\" \/>\n<meta name=\"twitter:label1\" content=\"Gesch\u00e4tzte Lesezeit\" \/>\n\t<meta name=\"twitter:data1\" content=\"1\u00a0Minute\" \/>\n<script type=\"application\/ld+json\" class=\"yoast-schema-graph\">{\"@context\":\"https:\\\/\\\/schema.org\",\"@graph\":[{\"@type\":\"WebPage\",\"@id\":\"https:\\\/\\\/bien-etreiris.ch\\\/de\\\/produktpraesentation\\\/hygiene\\\/koerperpflege\\\/seifen\\\/jessica-perrin\\\/\",\"url\":\"https:\\\/\\\/bien-etreiris.ch\\\/de\\\/produktpraesentation\\\/hygiene\\\/koerperpflege\\\/seifen\\\/jessica-perrin\\\/\",\"name\":\"JESSICA PERRIN - WOHLBEFINDEN\",\"isPartOf\":{\"@id\":\"https:\\\/\\\/bien-etreiris.ch\\\/de\\\/#website\"},\"primaryImageOfPage\":{\"@id\":\"https:\\\/\\\/bien-etreiris.ch\\\/de\\\/produktpraesentation\\\/hygiene\\\/koerperpflege\\\/seifen\\\/jessica-perrin\\\/#primaryimage\"},\"image\":{\"@id\":\"https:\\\/\\\/bien-etreiris.ch\\\/de\\\/produktpraesentation\\\/hygiene\\\/koerperpflege\\\/seifen\\\/jessica-perrin\\\/#primaryimage\"},\"thumbnailUrl\":\"https:\\\/\\\/bien-etreiris.ch\\\/wp-content\\\/uploads\\\/2023\\\/03\\\/acceuil-savon.jpg\",\"datePublished\":\"2023-03-07T16:25:56+00:00\",\"dateModified\":\"2023-03-07T18:18:51+00:00\",\"breadcrumb\":{\"@id\":\"https:\\\/\\\/bien-etreiris.ch\\\/de\\\/produktpraesentation\\\/hygiene\\\/koerperpflege\\\/seifen\\\/jessica-perrin\\\/#breadcrumb\"},\"inLanguage\":\"de\",\"potentialAction\":[{\"@type\":\"ReadAction\",\"target\":[\"https:\\\/\\\/bien-etreiris.ch\\\/de\\\/produktpraesentation\\\/hygiene\\\/koerperpflege\\\/seifen\\\/jessica-perrin\\\/\"]}]},{\"@type\":\"ImageObject\",\"inLanguage\":\"de\",\"@id\":\"https:\\\/\\\/bien-etreiris.ch\\\/de\\\/produktpraesentation\\\/hygiene\\\/koerperpflege\\\/seifen\\\/jessica-perrin\\\/#primaryimage\",\"url\":\"https:\\\/\\\/bien-etreiris.ch\\\/wp-content\\\/uploads\\\/2023\\\/03\\\/acceuil-savon.jpg\",\"contentUrl\":\"https:\\\/\\\/bien-etreiris.ch\\\/wp-content\\\/uploads\\\/2023\\\/03\\\/acceuil-savon.jpg\",\"width\":500,\"height\":308},{\"@type\":\"BreadcrumbList\",\"@id\":\"https:\\\/\\\/bien-etreiris.ch\\\/de\\\/produktpraesentation\\\/hygiene\\\/koerperpflege\\\/seifen\\\/jessica-perrin\\\/#breadcrumb\",\"itemListElement\":[{\"@type\":\"ListItem\",\"position\":1,\"name\":\"Home\",\"item\":\"https:\\\/\\\/bien-etreiris.ch\\\/de\\\/\"},{\"@type\":\"ListItem\",\"position\":2,\"name\":\"PRODUKTPR\u00c4SENTATION\",\"item\":\"https:\\\/\\\/bien-etreiris.ch\\\/de\\\/produktpraesentation\\\/\"},{\"@type\":\"ListItem\",\"position\":3,\"name\":\"HYGIENE\",\"item\":\"https:\\\/\\\/bien-etreiris.ch\\\/de\\\/produktpraesentation\\\/hygiene\\\/\"},{\"@type\":\"ListItem\",\"position\":4,\"name\":\"K\u00d6RPERPFLEGE\",\"item\":\"https:\\\/\\\/bien-etreiris.ch\\\/de\\\/produktpraesentation\\\/hygiene\\\/koerperpflege\\\/\"},{\"@type\":\"ListItem\",\"position\":5,\"name\":\"SEIFEN\",\"item\":\"https:\\\/\\\/bien-etreiris.ch\\\/de\\\/produktpraesentation\\\/hygiene\\\/koerperpflege\\\/seifen\\\/\"},{\"@type\":\"ListItem\",\"position\":6,\"name\":\"JESSICA PERRIN\"}]},{\"@type\":\"WebSite\",\"@id\":\"https:\\\/\\\/bien-etreiris.ch\\\/de\\\/#website\",\"url\":\"https:\\\/\\\/bien-etreiris.ch\\\/de\\\/\",\"name\":\"Bien-\u00eatre Iris\",\"description\":\"IHRE Gesundheit ist uns wichtig\",\"potentialAction\":[{\"@type\":\"SearchAction\",\"target\":{\"@type\":\"EntryPoint\",\"urlTemplate\":\"https:\\\/\\\/bien-etreiris.ch\\\/de\\\/?s={search_term_string}\"},\"query-input\":{\"@type\":\"PropertyValueSpecification\",\"valueRequired\":true,\"valueName\":\"search_term_string\"}}],\"inLanguage\":\"de\"}]}<\/script>\n<!-- \/ Yoast SEO plugin. -->","yoast_head_json":{"title":"JESSICA PERRIN - WOHLBEFINDEN","robots":{"index":"index","follow":"follow","max-snippet":"max-snippet:-1","max-image-preview":"max-image-preview:large","max-video-preview":"max-video-preview:-1"},"canonical":"https:\/\/bien-etreiris.ch\/de\/produktpraesentation\/hygiene\/koerperpflege\/seifen\/jessica-perrin\/","og_locale":"de_DE","og_type":"article","og_title":"JESSICA PERRIN - WOHLBEFINDEN","og_description":"Savons de Jessica Perrin LES VERTUS DE NOS SAVONS :&nbsp; Le savon saponifi\u00e9 \u00e0 froid est riche en glyc\u00e9rine, un excellent \u00e9mollient et humectant qui prot\u00e8ge l\u2019\u00e9piderme. Elle retient l\u2019eau au niveau de la peau et ainsi pr\u00e9vient le dess\u00e9chement. La saponification \u00e0 froid est une m\u00e9thode de production \u00e9cologique et \u00e9thique. Tr\u00e8s facilement et rapidement biod\u00e9gradable, c'est ais\u00e9ment \u00e9limin\u00e9&nbsp;Weiter lesen","og_url":"https:\/\/bien-etreiris.ch\/de\/produktpraesentation\/hygiene\/koerperpflege\/seifen\/jessica-perrin\/","og_site_name":"WOHLBEFINDEN","article_publisher":"https:\/\/www.facebook.com\/bienetreiris\/","article_modified_time":"2023-03-07T18:18:51+00:00","og_image":[{"width":500,"height":308,"url":"https:\/\/bien-etreiris.ch\/wp-content\/uploads\/2023\/03\/acceuil-savon.jpg","type":"image\/jpeg"}],"twitter_misc":{"Gesch\u00e4tzte Lesezeit":"1\u00a0Minute"},"schema":{"@context":"https:\/\/schema.org","@graph":[{"@type":"WebPage","@id":"https:\/\/bien-etreiris.ch\/de\/produktpraesentation\/hygiene\/koerperpflege\/seifen\/jessica-perrin\/","url":"https:\/\/bien-etreiris.ch\/de\/produktpraesentation\/hygiene\/koerperpflege\/seifen\/jessica-perrin\/","name":"JESSICA PERRIN - WOHLBEFINDEN","isPartOf":{"@id":"https:\/\/bien-etreiris.ch\/de\/#website"},"primaryImageOfPage":{"@id":"https:\/\/bien-etreiris.ch\/de\/produktpraesentation\/hygiene\/koerperpflege\/seifen\/jessica-perrin\/#primaryimage"},"image":{"@id":"https:\/\/bien-etreiris.ch\/de\/produktpraesentation\/hygiene\/koerperpflege\/seifen\/jessica-perrin\/#primaryimage"},"thumbnailUrl":"https:\/\/bien-etreiris.ch\/wp-content\/uploads\/2023\/03\/acceuil-savon.jpg","datePublished":"2023-03-07T16:25:56+00:00","dateModified":"2023-03-07T18:18:51+00:00","breadcrumb":{"@id":"https:\/\/bien-etreiris.ch\/de\/produktpraesentation\/hygiene\/koerperpflege\/seifen\/jessica-perrin\/#breadcrumb"},"inLanguage":"de","potentialAction":[{"@type":"ReadAction","target":["https:\/\/bien-etreiris.ch\/de\/produktpraesentation\/hygiene\/koerperpflege\/seifen\/jessica-perrin\/"]}]},{"@type":"ImageObject","inLanguage":"de","@id":"https:\/\/bien-etreiris.ch\/de\/produktpraesentation\/hygiene\/koerperpflege\/seifen\/jessica-perrin\/#primaryimage","url":"https:\/\/bien-etreiris.ch\/wp-content\/uploads\/2023\/03\/acceuil-savon.jpg","contentUrl":"https:\/\/bien-etreiris.ch\/wp-content\/uploads\/2023\/03\/acceuil-savon.jpg","width":500,"height":308},{"@type":"BreadcrumbList","@id":"https:\/\/bien-etreiris.ch\/de\/produktpraesentation\/hygiene\/koerperpflege\/seifen\/jessica-perrin\/#breadcrumb","itemListElement":[{"@type":"ListItem","position":1,"name":"Home","item":"https:\/\/bien-etreiris.ch\/de\/"},{"@type":"ListItem","position":2,"name":"PRODUKTPR\u00c4SENTATION","item":"https:\/\/bien-etreiris.ch\/de\/produktpraesentation\/"},{"@type":"ListItem","position":3,"name":"HYGIENE","item":"https:\/\/bien-etreiris.ch\/de\/produktpraesentation\/hygiene\/"},{"@type":"ListItem","position":4,"name":"K\u00d6RPERPFLEGE","item":"https:\/\/bien-etreiris.ch\/de\/produktpraesentation\/hygiene\/koerperpflege\/"},{"@type":"ListItem","position":5,"name":"SEIFEN","item":"https:\/\/bien-etreiris.ch\/de\/produktpraesentation\/hygiene\/koerperpflege\/seifen\/"},{"@type":"ListItem","position":6,"name":"JESSICA PERRIN"}]},{"@type":"WebSite","@id":"https:\/\/bien-etreiris.ch\/de\/#website","url":"https:\/\/bien-etreiris.ch\/de\/","name":"Bien-\u00eatre Iris","description":"IHRE Gesundheit ist uns wichtig","potentialAction":[{"@type":"SearchAction","target":{"@type":"EntryPoint","urlTemplate":"https:\/\/bien-etreiris.ch\/de\/?s={search_term_string}"},"query-input":{"@type":"PropertyValueSpecification","valueRequired":true,"valueName":"search_term_string"}}],"inLanguage":"de"}]}},"_links":{"self":[{"href":"https:\/\/bien-etreiris.ch\/de\/wp-json\/wp\/v2\/pages\/67507","targetHints":{"allow":["GET"]}}],"collection":[{"href":"https:\/\/bien-etreiris.ch\/de\/wp-json\/wp\/v2\/pages"}],"about":[{"href":"https:\/\/bien-etreiris.ch\/de\/wp-json\/wp\/v2\/types\/page"}],"author":[{"embeddable":true,"href":"https:\/\/bien-etreiris.ch\/de\/wp-json\/wp\/v2\/users\/1"}],"replies":[{"embeddable":true,"href":"https:\/\/bien-etreiris.ch\/de\/wp-json\/wp\/v2\/comments?post=67507"}],"version-history":[{"count":1,"href":"https:\/\/bien-etreiris.ch\/de\/wp-json\/wp\/v2\/pages\/67507\/revisions"}],"predecessor-version":[{"id":67509,"href":"https:\/\/bien-etreiris.ch\/de\/wp-json\/wp\/v2\/pages\/67507\/revisions\/67509"}],"up":[{"embeddable":true,"href":"https:\/\/bien-etreiris.ch\/de\/wp-json\/wp\/v2\/pages\/42493"}],"wp:featuredmedia":[{"embeddable":true,"href":"https:\/\/bien-etreiris.ch\/de\/wp-json\/wp\/v2\/media\/67464"}],"wp:attachment":[{"href":"https:\/\/bien-etreiris.ch\/de\/wp-json\/wp\/v2\/media?parent=67507"}],"curies":[{"name":"wp","href":"https:\/\/api.w.org\/{rel}","templated":true}]}}