{"id":55092,"date":"2021-12-12T20:47:41","date_gmt":"2021-12-12T18:47:41","guid":{"rendered":"https:\/\/bien-etreiris.ch\/?page_id=55092"},"modified":"2021-12-12T21:13:35","modified_gmt":"2021-12-12T19:13:35","slug":"meine-base-basisches-mineralsalz","status":"publish","type":"page","link":"https:\/\/bien-etreiris.ch\/de\/produktpraesentation\/entspannen\/badezusaetze\/meine-base-basisches-mineralsalz\/","title":{"rendered":"MEINE BASE"},"content":{"rendered":"\n<h2><strong>Meine Base&nbsp; = basisches Mineralsalz<br><\/strong><\/h2>\n<p>&nbsp;<\/p>\n<p><a href=\"https:\/\/bien-etreiris.ch\/wp-content\/uploads\/2021\/12\/alca-bain.png\"><img loading=\"lazy\" decoding=\"async\" class=\"wp-image-55096  alignleft\" src=\"https:\/\/bien-etreiris.ch\/wp-content\/uploads\/2021\/12\/alca-bain.png\" alt=\"\" width=\"401\" height=\"301\" srcset=\"https:\/\/bien-etreiris.ch\/wp-content\/uploads\/2021\/12\/alca-bain.png 640w, https:\/\/bien-etreiris.ch\/wp-content\/uploads\/2021\/12\/alca-bain-300x225.png 300w, https:\/\/bien-etreiris.ch\/wp-content\/uploads\/2021\/12\/alca-bain-200x150.png 200w\" sizes=\"auto, (max-width: 401px) 100vw, 401px\" \/><\/a><\/p>\n<p>&nbsp;<\/p>\n<p>&nbsp;<\/p>\n<p>15 Vollb\u00e4der oder 100 Fu\u00dfb\u00e4der<br>750 gr. CHF 26.50<\/p>\n<p>30 Vollb\u00e4der oder 200 Fussb\u00e4der<br>1500 gr. CHF 47.50<\/p>\n<p>55 Vollb\u00e4der oder 366 Fussb\u00e4der<br>2750 gr. CHF 69.00<\/p>\n<p>Auff\u00fcllung von 100 gr CHF 2.20<\/p>\n<p>&nbsp;<\/p>\n<p>&nbsp;<\/p>\n<p>&nbsp;<\/p>\n<p>&nbsp;<\/p>\n<p>&nbsp; &nbsp; 75 g&nbsp;&nbsp;&nbsp;&nbsp;&nbsp; 1 \u2013 2 Vollb\u00e4der oder 10 Fu\u00dfb\u00e4der<\/p>\n<p>&nbsp; 750 g&nbsp;&nbsp;&nbsp;&nbsp;&nbsp; 15 Vollb\u00e4der oder 100 Fu\u00dfb\u00e4der<\/p>\n<p>1500 g&nbsp;&nbsp;&nbsp;&nbsp;&nbsp; 30 Vollb\u00e4der oder 200 Fu\u00dfb\u00e4der<\/p>\n<p>2750 g&nbsp;&nbsp;&nbsp;&nbsp;&nbsp; 55 Vollb\u00e4der oder 366 Fu\u00dfb\u00e4der<\/p>\n<p>&nbsp;<\/p>\n<ul style=\"list-style-type: disc;\">\n<li>zertifizierte Naturkosmetik<\/li>\n<li>ohne Farb-, Duft-, und Konservierungsstoffe<\/li>\n<li>sehr gute Hautvertr\u00e4glichkeit dermatologisch best\u00e4tigt<\/li>\n<li>nat\u00fcrliche Mineralien<\/li>\n<li>mit 8 Edelsteine in feinster Mahlung<\/li>\n<li>Natriumhydrogencarbonat<\/li>\n<li>Meersalz<\/li>\n<li>Natriumcarbonat<\/li>\n<\/ul>\n<p>&nbsp;<\/p>\n<p>&nbsp;<\/p>\n<h4><strong>Die acht Edelsteine Achat, Karneol, Citrin, Chrysopras, Chalcedon, Saphir, Bergkristall und Onyx<\/strong><\/h4>\n<p>&nbsp;<\/p>\n<p><a href=\"https:\/\/bien-etreiris.ch\/wp-content\/uploads\/2021\/12\/Les-huit-pierres-precieuses-agate-cornaline-citrine-chrysoprase-calcedoine-saphir-cristal-de-roche-et-onyx..png\"><img loading=\"lazy\" decoding=\"async\" class=\"alignnone  wp-image-55104\" src=\"https:\/\/bien-etreiris.ch\/wp-content\/uploads\/2021\/12\/Les-huit-pierres-precieuses-agate-cornaline-citrine-chrysoprase-calcedoine-saphir-cristal-de-roche-et-onyx.-300x100.png\" alt=\"\" width=\"825\" height=\"275\" srcset=\"https:\/\/bien-etreiris.ch\/wp-content\/uploads\/2021\/12\/Les-huit-pierres-precieuses-agate-cornaline-citrine-chrysoprase-calcedoine-saphir-cristal-de-roche-et-onyx.-300x100.png 300w, https:\/\/bien-etreiris.ch\/wp-content\/uploads\/2021\/12\/Les-huit-pierres-precieuses-agate-cornaline-citrine-chrysoprase-calcedoine-saphir-cristal-de-roche-et-onyx..png 605w\" sizes=\"auto, (max-width: 825px) 100vw, 825px\" \/><\/a><\/p>\n<p>&nbsp;<\/p>\n<p>&nbsp;<\/p>\n<p>Tauchen Sie mit MeineBase in die faszinierende Welt der basischen K\u00f6rperpflege ein. Das basisch-mineralische K\u00f6rperpflegesalz reinigt, pflegt und entspannt besonders intensiv. Das zertifizierte Naturkosmetikprodukt optimiert die Selbstfettung der Haut und schenkt ihr eine angenehme Geschmeidigkeit. MeineBase mit einem pH-Wert von 8,5 unterst\u00fctzt die Haut in ihrer Ausscheidungsfunktion \u2013 f\u00fcr eine bewusste und nat\u00fcrliche Pflege in der S\u00e4ure-Basen-Balance.<\/p>\n<p>MeineBase erm\u00f6glicht \u2013 abgestimmt auf Ihre individuellen W\u00fcnsche und Anspr\u00fcche \u2013 eine moderne basische K\u00f6rperpflege ganz nach dem Vorbild der Natur. Die zahlreichen Anwendungsm\u00f6glichkeiten machen MeineBase zu einem effektiven und harmonisierenden Begleiter im Alltag \u2013 und das f\u00fcr die ganze Familie.<\/p>\n<p><strong>Basisches Vollbad<\/strong><\/p>\n<p>F\u00fcr ein basisches Vollbad ben\u00f6tigen Sie drei Deckel beziehungsweise drei Essl\u00f6ffel MeineBase. Wir empfehlen eine Badetemperatur von 36 \u2013 38 \u00b0C und eine Dauer von mindestens 30 Minuten. F\u00fcr ein Kindervollbad von circa 20 Litern empfehlen wir einen halben Deckel beziehungsweise einen Teel\u00f6ffel MeineBase.<\/p>\n<p><strong>Basisches Fu\u00dfbad<\/strong><\/p>\n<p>Auf eine Fussbadewanne ben\u00f6tigen Sie einen halben Deckel beziehungsweise einen Teel\u00f6ffel MeineBase. Wir empfehlen eine Badetemperatur von 38 \u2013 41 \u00b0C und eine Dauer von mindestens 30 Minuten.<\/p>\n<p><strong>Basisches Handbad<\/strong><\/p>\n<p>F\u00fcr ein Handbad geben Sie auf eine Sch\u00fcssel Wasser einen halben Deckel beziehungsweise einen Teel\u00f6ffel MeineBase.<\/p>\n<p><strong>Basisches Peeling<\/strong><\/p>\n<p>Mischen Sie daf\u00fcr BasenSchauer mit MeineBase im Verh\u00e4ltnis 2:1 und reiben Sie Ihren K\u00f6rper damit ab. Bei robuster Haut kann auch MeineBase pur verwendet werden. Danach kurz abbrausen.<\/p>\n<p><strong>Basisches Dampfbad<\/strong><\/p>\n<p>Um MeineBase im Dampfbad einzusetzen, schwitzen Sie zuerst circa f\u00fcnf Minuten an. Tragen Sie nun etwas MeineBase auf den K\u00f6rper auf und massieren Sie das Salz leicht ein. Weitere zehn Minuten schwitzen und abschliessend abduschen.<\/p>\n<p>MeineBase kann auch mit Honig zu einer besonders intensiven Pflege vermischt werden. Dazu r\u00fchren Sie einen Essl\u00f6ffel MeineBase, ein bis zwei Essl\u00f6ffel fl\u00fcssigen Honig und etwas Wasser zu einer streichf\u00e4higen Paste an. Diese tragen Sie nach ein paar Minuten An-schwitzen auf den K\u00f6rper auf, lassen Sie weitere 10 \u2013 15 Minuten einwirken und brausen Sie nach dem Dampfbad mit Wasser ab.null<\/p>\n<p>&nbsp;<\/p>\n<p><strong>Basische Inhalation<\/strong><\/p>\n<p>F\u00fcllen Sie 1,5 \u2013 2 Liter kochendes Wasser in eine Sch\u00fcssel und geben Sie dann einen halben Deckel beziehungsweise einen Teel\u00f6ffel MeineBase hinzu. Je nach Bedarf kann zwei- bis dreimal t\u00e4glich f\u00fcr zwei bis drei Minuten inhaliert werden.<\/p>\n<p><strong>Basisches Deo<\/strong><\/p>\n<p>Vermischen Sie eine Brise MeineBase mit etwas Wasser in der Handinnenfl\u00e4che. Tragen Sie diese Lauge in die mit Seife gewaschenen Achseln auf, und lassen Sie sie auf-trocknen.<\/p>\n<p><strong>Basische Zahnpflege<\/strong><\/p>\n<p>L\u00f6sen Sie etwas MeineBase mit Wasser in einem Zahnbecher auf, und tauchen Sie Ihre Zahnb\u00fcrste dort ein. Dann tragen Sie eine fluoridfreie Zahncreme auf und putzen Ihre Z\u00e4hne wie gewohnt.<\/p>\n<p><strong>Massage<\/strong><\/p>\n<p>Verwenden Sie dazu ein hochwertiges Haut\u00f6l, und mischen Sie dieses mit MeineBase. Das Haut\u00f6l auftragen und anschliessend mit der flachen Hand das basische Salz von einem Teller aufnehmen und sanft ein-massieren.<\/p>\n<p><strong>AlkaWear \u2013 basische Funktionsw\u00e4sche<\/strong><\/p>\n<p><a href=\"https:\/\/bien-etreiris.ch\/de\/produktpraesentation\/natuerliche-heilmittel\/saeure-basen-haushalt\/alkawear-funktionswasche\/\" target=\"_blank\" rel=\"noopener\"><strong>Mit dem Funktionsw\u00e4scheprogramm AlkaWear ist basische K\u00f6rperpflege und die gezielte Reinigung des Organismus jetzt noch praktischer und funktioniert ganz nebenbei \u2013 ob am Tag oder in der Nacht.<\/strong><\/a><\/p>\n<p><strong>&nbsp;<\/strong><\/p>\n<p>&nbsp;<\/p>\n","protected":false},"excerpt":{"rendered":"<p>Meine Base&nbsp; = basisches Mineralsalz &nbsp; &nbsp; &nbsp; 15 Vollb\u00e4der oder 100 Fu\u00dfb\u00e4der750 gr. CHF 26.50 30 Vollb\u00e4der oder 200 Fussb\u00e4der1500 gr. CHF 47.50 55 Vollb\u00e4der oder 366 Fussb\u00e4der2750 gr. CHF 69.00 Auff\u00fcllung von 100 gr CHF 2.20 &nbsp; &nbsp; &nbsp; &nbsp; &nbsp; &nbsp; 75 g&nbsp;&nbsp;&nbsp;&nbsp;&nbsp; 1 \u2013 2 Vollb\u00e4der oder 10 Fu\u00dfb\u00e4der &nbsp; 750 g&nbsp;&nbsp;&nbsp;&nbsp;&nbsp; 15 Vollb\u00e4der oder 100&nbsp;<a href=\"https:\/\/bien-etreiris.ch\/de\/produktpraesentation\/entspannen\/badezusaetze\/meine-base-basisches-mineralsalz\/\" class=\"read-more\">Weiter lesen<\/a><\/p>\n","protected":false},"author":1,"featured_media":48344,"parent":13348,"menu_order":4919,"comment_status":"closed","ping_status":"closed","template":"page-with-child.php","meta":{"_acf_changed":false,"ngg_post_thumbnail":0,"footnotes":""},"class_list":["post-55092","page","type-page","status-publish","has-post-thumbnail","hentry"],"acf":[],"yoast_head":"<!-- This site is optimized with the Yoast SEO plugin v27.5 - https:\/\/yoast.com\/product\/yoast-seo-wordpress\/ -->\n<title>MEINE BASE - WOHLBEFINDEN<\/title>\n<meta name=\"robots\" content=\"index, follow, max-snippet:-1, max-image-preview:large, max-video-preview:-1\" \/>\n<link rel=\"canonical\" href=\"https:\/\/bien-etreiris.ch\/de\/produktpraesentation\/entspannen\/badezusaetze\/meine-base-basisches-mineralsalz\/\" \/>\n<meta property=\"og:locale\" content=\"de_DE\" \/>\n<meta property=\"og:type\" content=\"article\" \/>\n<meta property=\"og:title\" content=\"MEINE BASE - WOHLBEFINDEN\" \/>\n<meta property=\"og:description\" content=\"Meine Base&nbsp; = basisches Mineralsalz &nbsp; &nbsp; &nbsp; 15 Vollb\u00e4der oder 100 Fu\u00dfb\u00e4der750 gr. CHF 26.50 30 Vollb\u00e4der oder 200 Fussb\u00e4der1500 gr. CHF 47.50 55 Vollb\u00e4der oder 366 Fussb\u00e4der2750 gr. CHF 69.00 Auff\u00fcllung von 100 gr CHF 2.20 &nbsp; &nbsp; &nbsp; &nbsp; &nbsp; &nbsp; 75 g&nbsp;&nbsp;&nbsp;&nbsp;&nbsp; 1 \u2013 2 Vollb\u00e4der oder 10 Fu\u00dfb\u00e4der &nbsp; 750 g&nbsp;&nbsp;&nbsp;&nbsp;&nbsp; 15 Vollb\u00e4der oder 100&nbsp;Weiter lesen\" \/>\n<meta property=\"og:url\" content=\"https:\/\/bien-etreiris.ch\/de\/produktpraesentation\/entspannen\/badezusaetze\/meine-base-basisches-mineralsalz\/\" \/>\n<meta property=\"og:site_name\" content=\"WOHLBEFINDEN\" \/>\n<meta property=\"article:publisher\" content=\"https:\/\/www.facebook.com\/bienetreiris\/\" \/>\n<meta property=\"article:modified_time\" content=\"2021-12-12T19:13:35+00:00\" \/>\n<meta property=\"og:image\" content=\"https:\/\/bien-etreiris.ch\/wp-content\/uploads\/2021\/05\/acceuil-soin-corporel.jpg\" \/>\n\t<meta property=\"og:image:width\" content=\"500\" \/>\n\t<meta property=\"og:image:height\" content=\"305\" \/>\n\t<meta property=\"og:image:type\" content=\"image\/jpeg\" \/>\n<meta name=\"twitter:label1\" content=\"Gesch\u00e4tzte Lesezeit\" \/>\n\t<meta name=\"twitter:data1\" content=\"4\u00a0Minuten\" \/>\n<script type=\"application\/ld+json\" class=\"yoast-schema-graph\">{\"@context\":\"https:\\\/\\\/schema.org\",\"@graph\":[{\"@type\":\"WebPage\",\"@id\":\"https:\\\/\\\/bien-etreiris.ch\\\/de\\\/produktpraesentation\\\/entspannen\\\/badezusaetze\\\/meine-base-basisches-mineralsalz\\\/\",\"url\":\"https:\\\/\\\/bien-etreiris.ch\\\/de\\\/produktpraesentation\\\/entspannen\\\/badezusaetze\\\/meine-base-basisches-mineralsalz\\\/\",\"name\":\"MEINE BASE - WOHLBEFINDEN\",\"isPartOf\":{\"@id\":\"https:\\\/\\\/bien-etreiris.ch\\\/de\\\/#website\"},\"primaryImageOfPage\":{\"@id\":\"https:\\\/\\\/bien-etreiris.ch\\\/de\\\/produktpraesentation\\\/entspannen\\\/badezusaetze\\\/meine-base-basisches-mineralsalz\\\/#primaryimage\"},\"image\":{\"@id\":\"https:\\\/\\\/bien-etreiris.ch\\\/de\\\/produktpraesentation\\\/entspannen\\\/badezusaetze\\\/meine-base-basisches-mineralsalz\\\/#primaryimage\"},\"thumbnailUrl\":\"https:\\\/\\\/bien-etreiris.ch\\\/wp-content\\\/uploads\\\/2021\\\/05\\\/acceuil-soin-corporel.jpg\",\"datePublished\":\"2021-12-12T18:47:41+00:00\",\"dateModified\":\"2021-12-12T19:13:35+00:00\",\"breadcrumb\":{\"@id\":\"https:\\\/\\\/bien-etreiris.ch\\\/de\\\/produktpraesentation\\\/entspannen\\\/badezusaetze\\\/meine-base-basisches-mineralsalz\\\/#breadcrumb\"},\"inLanguage\":\"de\",\"potentialAction\":[{\"@type\":\"ReadAction\",\"target\":[\"https:\\\/\\\/bien-etreiris.ch\\\/de\\\/produktpraesentation\\\/entspannen\\\/badezusaetze\\\/meine-base-basisches-mineralsalz\\\/\"]}]},{\"@type\":\"ImageObject\",\"inLanguage\":\"de\",\"@id\":\"https:\\\/\\\/bien-etreiris.ch\\\/de\\\/produktpraesentation\\\/entspannen\\\/badezusaetze\\\/meine-base-basisches-mineralsalz\\\/#primaryimage\",\"url\":\"https:\\\/\\\/bien-etreiris.ch\\\/wp-content\\\/uploads\\\/2021\\\/05\\\/acceuil-soin-corporel.jpg\",\"contentUrl\":\"https:\\\/\\\/bien-etreiris.ch\\\/wp-content\\\/uploads\\\/2021\\\/05\\\/acceuil-soin-corporel.jpg\",\"width\":500,\"height\":305},{\"@type\":\"BreadcrumbList\",\"@id\":\"https:\\\/\\\/bien-etreiris.ch\\\/de\\\/produktpraesentation\\\/entspannen\\\/badezusaetze\\\/meine-base-basisches-mineralsalz\\\/#breadcrumb\",\"itemListElement\":[{\"@type\":\"ListItem\",\"position\":1,\"name\":\"Home\",\"item\":\"https:\\\/\\\/bien-etreiris.ch\\\/de\\\/\"},{\"@type\":\"ListItem\",\"position\":2,\"name\":\"PRODUKTPR\u00c4SENTATION\",\"item\":\"https:\\\/\\\/bien-etreiris.ch\\\/de\\\/produktpraesentation\\\/\"},{\"@type\":\"ListItem\",\"position\":3,\"name\":\"ENTSPANNEND\",\"item\":\"https:\\\/\\\/bien-etreiris.ch\\\/de\\\/produktpraesentation\\\/entspannen\\\/\"},{\"@type\":\"ListItem\",\"position\":4,\"name\":\"BADEZUS\u00c4TZE\",\"item\":\"https:\\\/\\\/bien-etreiris.ch\\\/de\\\/produktpraesentation\\\/entspannen\\\/badezusaetze\\\/\"},{\"@type\":\"ListItem\",\"position\":5,\"name\":\"MEINE BASE\"}]},{\"@type\":\"WebSite\",\"@id\":\"https:\\\/\\\/bien-etreiris.ch\\\/de\\\/#website\",\"url\":\"https:\\\/\\\/bien-etreiris.ch\\\/de\\\/\",\"name\":\"Bien-\u00eatre Iris\",\"description\":\"IHRE Gesundheit ist uns wichtig\",\"potentialAction\":[{\"@type\":\"SearchAction\",\"target\":{\"@type\":\"EntryPoint\",\"urlTemplate\":\"https:\\\/\\\/bien-etreiris.ch\\\/de\\\/?s={search_term_string}\"},\"query-input\":{\"@type\":\"PropertyValueSpecification\",\"valueRequired\":true,\"valueName\":\"search_term_string\"}}],\"inLanguage\":\"de\"}]}<\/script>\n<!-- \/ Yoast SEO plugin. -->","yoast_head_json":{"title":"MEINE BASE - WOHLBEFINDEN","robots":{"index":"index","follow":"follow","max-snippet":"max-snippet:-1","max-image-preview":"max-image-preview:large","max-video-preview":"max-video-preview:-1"},"canonical":"https:\/\/bien-etreiris.ch\/de\/produktpraesentation\/entspannen\/badezusaetze\/meine-base-basisches-mineralsalz\/","og_locale":"de_DE","og_type":"article","og_title":"MEINE BASE - WOHLBEFINDEN","og_description":"Meine Base&nbsp; = basisches Mineralsalz &nbsp; &nbsp; &nbsp; 15 Vollb\u00e4der oder 100 Fu\u00dfb\u00e4der750 gr. CHF 26.50 30 Vollb\u00e4der oder 200 Fussb\u00e4der1500 gr. CHF 47.50 55 Vollb\u00e4der oder 366 Fussb\u00e4der2750 gr. CHF 69.00 Auff\u00fcllung von 100 gr CHF 2.20 &nbsp; &nbsp; &nbsp; &nbsp; &nbsp; &nbsp; 75 g&nbsp;&nbsp;&nbsp;&nbsp;&nbsp; 1 \u2013 2 Vollb\u00e4der oder 10 Fu\u00dfb\u00e4der &nbsp; 750 g&nbsp;&nbsp;&nbsp;&nbsp;&nbsp; 15 Vollb\u00e4der oder 100&nbsp;Weiter lesen","og_url":"https:\/\/bien-etreiris.ch\/de\/produktpraesentation\/entspannen\/badezusaetze\/meine-base-basisches-mineralsalz\/","og_site_name":"WOHLBEFINDEN","article_publisher":"https:\/\/www.facebook.com\/bienetreiris\/","article_modified_time":"2021-12-12T19:13:35+00:00","og_image":[{"width":500,"height":305,"url":"https:\/\/bien-etreiris.ch\/wp-content\/uploads\/2021\/05\/acceuil-soin-corporel.jpg","type":"image\/jpeg"}],"twitter_misc":{"Gesch\u00e4tzte Lesezeit":"4\u00a0Minuten"},"schema":{"@context":"https:\/\/schema.org","@graph":[{"@type":"WebPage","@id":"https:\/\/bien-etreiris.ch\/de\/produktpraesentation\/entspannen\/badezusaetze\/meine-base-basisches-mineralsalz\/","url":"https:\/\/bien-etreiris.ch\/de\/produktpraesentation\/entspannen\/badezusaetze\/meine-base-basisches-mineralsalz\/","name":"MEINE BASE - WOHLBEFINDEN","isPartOf":{"@id":"https:\/\/bien-etreiris.ch\/de\/#website"},"primaryImageOfPage":{"@id":"https:\/\/bien-etreiris.ch\/de\/produktpraesentation\/entspannen\/badezusaetze\/meine-base-basisches-mineralsalz\/#primaryimage"},"image":{"@id":"https:\/\/bien-etreiris.ch\/de\/produktpraesentation\/entspannen\/badezusaetze\/meine-base-basisches-mineralsalz\/#primaryimage"},"thumbnailUrl":"https:\/\/bien-etreiris.ch\/wp-content\/uploads\/2021\/05\/acceuil-soin-corporel.jpg","datePublished":"2021-12-12T18:47:41+00:00","dateModified":"2021-12-12T19:13:35+00:00","breadcrumb":{"@id":"https:\/\/bien-etreiris.ch\/de\/produktpraesentation\/entspannen\/badezusaetze\/meine-base-basisches-mineralsalz\/#breadcrumb"},"inLanguage":"de","potentialAction":[{"@type":"ReadAction","target":["https:\/\/bien-etreiris.ch\/de\/produktpraesentation\/entspannen\/badezusaetze\/meine-base-basisches-mineralsalz\/"]}]},{"@type":"ImageObject","inLanguage":"de","@id":"https:\/\/bien-etreiris.ch\/de\/produktpraesentation\/entspannen\/badezusaetze\/meine-base-basisches-mineralsalz\/#primaryimage","url":"https:\/\/bien-etreiris.ch\/wp-content\/uploads\/2021\/05\/acceuil-soin-corporel.jpg","contentUrl":"https:\/\/bien-etreiris.ch\/wp-content\/uploads\/2021\/05\/acceuil-soin-corporel.jpg","width":500,"height":305},{"@type":"BreadcrumbList","@id":"https:\/\/bien-etreiris.ch\/de\/produktpraesentation\/entspannen\/badezusaetze\/meine-base-basisches-mineralsalz\/#breadcrumb","itemListElement":[{"@type":"ListItem","position":1,"name":"Home","item":"https:\/\/bien-etreiris.ch\/de\/"},{"@type":"ListItem","position":2,"name":"PRODUKTPR\u00c4SENTATION","item":"https:\/\/bien-etreiris.ch\/de\/produktpraesentation\/"},{"@type":"ListItem","position":3,"name":"ENTSPANNEND","item":"https:\/\/bien-etreiris.ch\/de\/produktpraesentation\/entspannen\/"},{"@type":"ListItem","position":4,"name":"BADEZUS\u00c4TZE","item":"https:\/\/bien-etreiris.ch\/de\/produktpraesentation\/entspannen\/badezusaetze\/"},{"@type":"ListItem","position":5,"name":"MEINE BASE"}]},{"@type":"WebSite","@id":"https:\/\/bien-etreiris.ch\/de\/#website","url":"https:\/\/bien-etreiris.ch\/de\/","name":"Bien-\u00eatre Iris","description":"IHRE Gesundheit ist uns wichtig","potentialAction":[{"@type":"SearchAction","target":{"@type":"EntryPoint","urlTemplate":"https:\/\/bien-etreiris.ch\/de\/?s={search_term_string}"},"query-input":{"@type":"PropertyValueSpecification","valueRequired":true,"valueName":"search_term_string"}}],"inLanguage":"de"}]}},"_links":{"self":[{"href":"https:\/\/bien-etreiris.ch\/de\/wp-json\/wp\/v2\/pages\/55092","targetHints":{"allow":["GET"]}}],"collection":[{"href":"https:\/\/bien-etreiris.ch\/de\/wp-json\/wp\/v2\/pages"}],"about":[{"href":"https:\/\/bien-etreiris.ch\/de\/wp-json\/wp\/v2\/types\/page"}],"author":[{"embeddable":true,"href":"https:\/\/bien-etreiris.ch\/de\/wp-json\/wp\/v2\/users\/1"}],"replies":[{"embeddable":true,"href":"https:\/\/bien-etreiris.ch\/de\/wp-json\/wp\/v2\/comments?post=55092"}],"version-history":[{"count":8,"href":"https:\/\/bien-etreiris.ch\/de\/wp-json\/wp\/v2\/pages\/55092\/revisions"}],"predecessor-version":[{"id":55120,"href":"https:\/\/bien-etreiris.ch\/de\/wp-json\/wp\/v2\/pages\/55092\/revisions\/55120"}],"up":[{"embeddable":true,"href":"https:\/\/bien-etreiris.ch\/de\/wp-json\/wp\/v2\/pages\/13348"}],"wp:featuredmedia":[{"embeddable":true,"href":"https:\/\/bien-etreiris.ch\/de\/wp-json\/wp\/v2\/media\/48344"}],"wp:attachment":[{"href":"https:\/\/bien-etreiris.ch\/de\/wp-json\/wp\/v2\/media?parent=55092"}],"curies":[{"name":"wp","href":"https:\/\/api.w.org\/{rel}","templated":true}]}}