{"id":54991,"date":"2021-12-12T15:50:51","date_gmt":"2021-12-12T13:50:51","guid":{"rendered":"https:\/\/bien-etreiris.ch\/?page_id=54991"},"modified":"2021-12-12T17:22:48","modified_gmt":"2021-12-12T15:22:48","slug":"sensena-aromabadekissen","status":"publish","type":"page","link":"https:\/\/bien-etreiris.ch\/de\/produktpraesentation\/entspannen\/badezusaetze\/sensena-aromabadekissen\/","title":{"rendered":"SENSENA"},"content":{"rendered":"\n<h2><span class=\"a-list-item\">Sensena Aromabadekissen<\/span><\/h2>\n\n\n\n<p>Viele Badekosmetikprodukte k\u00f6nnen gut riechen, aber die aromatischen Badekissen von Sensena k\u00f6nnen noch viel mehr: Das Geheimnis liegt in dem hautfreundlichen Schleier, in dem die nat\u00fcrlichen, getrockneten Extrakte aus Tee, Blumen und Pflanzen luftdicht eingeschlossen sind. Es ist wie ein Bad in der reinen Natur, ohne dass Sie anschlie\u00dfend Kr\u00e4uter, Rosen oder andere Blumen von Ihrem K\u00f6rper pfl\u00fccken m\u00fcssen.<\/p>\n<h4>Anwendung:<\/h4>\n<p>Legen Sie das Aromabadekissen in das wohltemperierte Wasser Ihres Vollbades. Durch sanften Druck auf das Aromabadekissen f\u00f6rdern Sie die Entwicklung der \u00e4therischen \u00d6le. Badetemperatur: 35 - 38\u00b0 C Badedauer: 15 - 20 Minuten Besondere Merkmale: Das Zusammenspiel von Rosenbl\u00fcten und Ringelblume bietet ein Pflegeprogramm wie aus einem M\u00e4rchen. Macadamianuss- und Distel\u00f6l pflegen Ihren Teint elfengleich. Das aromatische Badekissen \"Magic of the Rose\" zaubert Pflege und Farbe in Ihre Badewanne und entf\u00fchrt Sie in eine romantische, nach Rosen duftende Traumwelt. <\/p>\n<p>&nbsp;<\/p>\n<p><span id=\"result_box\" class=\"\" lang=\"fr\"><span class=\"\">Made in Germany<\/span><\/span><\/p>\n\n\n\n<p>Naturkosmetik steht f\u00fcr sorgf\u00e4ltig ausgew\u00e4hlte Inhaltsstoffe, deren schonende Verarbeitung sie zu einem Qualit\u00e4tsprodukt \"Made in Germany\" macht. Bew\u00e4hrte Kr\u00e4uter aus Bl\u00fcten und Bl\u00e4ttern, angereichert mit \u00e4therischen \u00d6len und Pflegeessenzen, bilden die Basis der Aromakissen.<\/p>\n<p>Diese kostbare Komposition aus dem Besten der Natur entfaltet ihre volle Kraft in dem neuen hautfreundlichen Gewebe.<\/p>\n<p>Das Aromapad bringt Pflege, Duft und Farbe in Ihr Bad und gibt Ihnen ein besonderes Gef\u00fchl<\/p>\n<p>Nat\u00fcrliche Inhaltsstoffe aus biologischem Anbau. Dermatologisch getestete Kosmetik BDIH 100% Made in Germany<\/p>\n<p>&nbsp;<\/p>\n\n\n\n<h4><strong>Stress lass nach<\/strong><span id=\"result_box\" class=\"short_text\" lang=\"fr\"><\/span><\/h4>\n<p><a href=\"https:\/\/bien-etreiris.ch\/wp-content\/uploads\/2021\/11\/Apaiser-le-stress.png\"><img loading=\"lazy\" decoding=\"async\" class=\"wp-image-54615 size-medium alignleft\" src=\"https:\/\/bien-etreiris.ch\/wp-content\/uploads\/2021\/11\/Apaiser-le-stress-300x293.png\" alt=\"\" width=\"300\" height=\"293\" srcset=\"https:\/\/bien-etreiris.ch\/wp-content\/uploads\/2021\/11\/Apaiser-le-stress-300x293.png 300w, https:\/\/bien-etreiris.ch\/wp-content\/uploads\/2021\/11\/Apaiser-le-stress.png 397w\" sizes=\"auto, (max-width: 300px) 100vw, 300px\" \/><\/a>&nbsp;<\/p>\n<p>&nbsp;<\/p>\n<p>&nbsp;<\/p>\n<p>&nbsp;<\/p>\n<p><span id=\"result_box\" class=\"short_text\" lang=\"fr\"><span class=\"\">M\u00e9lisse, huile de jojoba<\/span><\/span><\/p>\n<p>Un coussinet <strong>CHF 3.30<\/strong><\/p>\n<p>&nbsp;<\/p>\n<p>&nbsp;<\/p>\n<hr>\n<h4>D\u00e9tente du dos<\/h4>\n<p><a href=\"https:\/\/bien-etreiris.ch\/wp-content\/uploads\/2021\/11\/Detente-du-dos.jpg\"><img loading=\"lazy\" decoding=\"async\" class=\"size-medium wp-image-54641 alignleft\" src=\"https:\/\/bien-etreiris.ch\/wp-content\/uploads\/2021\/11\/Detente-du-dos-300x300.jpg\" alt=\"\" width=\"300\" height=\"300\" srcset=\"https:\/\/bien-etreiris.ch\/wp-content\/uploads\/2021\/11\/Detente-du-dos-300x300.jpg 300w, https:\/\/bien-etreiris.ch\/wp-content\/uploads\/2021\/11\/Detente-du-dos-1024x1024.jpg 1024w, https:\/\/bien-etreiris.ch\/wp-content\/uploads\/2021\/11\/Detente-du-dos-150x150.jpg 150w, https:\/\/bien-etreiris.ch\/wp-content\/uploads\/2021\/11\/Detente-du-dos-768x768.jpg 768w, https:\/\/bien-etreiris.ch\/wp-content\/uploads\/2021\/11\/Detente-du-dos.jpg 1280w\" sizes=\"auto, (max-width: 300px) 100vw, 300px\" \/><\/a><\/p>\n<p>&nbsp;<\/p>\n<p>&nbsp;<\/p>\n<p>&nbsp;<\/p>\n<p><span id=\"result_box\" class=\"short_text\" lang=\"fr\"><span class=\"\">Gen\u00e9vrier, pin cembre de montagne suisse, huile de poivre<br><\/span><\/span><\/p>\n<p>Un coussinet<strong> CHF 3.30<\/strong><\/p>\n<p>&nbsp;<\/p>\n<p>&nbsp;<\/p>\n<p>&nbsp;<\/p>\n<hr>\n<h4><strong>Douceur pour la peau<\/strong><span id=\"result_box\" class=\"short_text\" lang=\"fr\"><\/span><\/h4>\n<p><a href=\"https:\/\/bien-etreiris.ch\/wp-content\/uploads\/2021\/11\/Douceur-pour-la-peau.png\"><img loading=\"lazy\" decoding=\"async\" class=\"wp-image-54623 size-medium alignleft\" src=\"https:\/\/bien-etreiris.ch\/wp-content\/uploads\/2021\/11\/Douceur-pour-la-peau-300x293.png\" alt=\"\" width=\"300\" height=\"293\" srcset=\"https:\/\/bien-etreiris.ch\/wp-content\/uploads\/2021\/11\/Douceur-pour-la-peau-300x293.png 300w, https:\/\/bien-etreiris.ch\/wp-content\/uploads\/2021\/11\/Douceur-pour-la-peau.png 397w\" sizes=\"auto, (max-width: 300px) 100vw, 300px\" \/><\/a>&nbsp;<\/p>\n<p>&nbsp;<\/p>\n<p>&nbsp;<\/p>\n<p>&nbsp;<\/p>\n<p><span id=\"result_box\" class=\"short_text\" lang=\"fr\"><span class=\"\">Huile d'orange et de jojoba, fleurs de calendula<\/span><\/span><\/p>\n<p>Un coussinet<strong> CHF 3.30<\/strong><\/p>\n<p>&nbsp;<\/p>\n<p>&nbsp;<\/p>\n<p>&nbsp;<\/p>\n<p>&nbsp;<\/p>\n<hr>\n<h4><strong>Equilibre de la beaut\u00e9 <\/strong><\/h4>\n<p><a href=\"https:\/\/bien-etreiris.ch\/wp-content\/uploads\/2021\/11\/Equilibre-de-la-beaute.png\"><img loading=\"lazy\" decoding=\"async\" class=\"wp-image-54628 size-medium alignleft\" src=\"https:\/\/bien-etreiris.ch\/wp-content\/uploads\/2021\/11\/Equilibre-de-la-beaute-300x293.png\" alt=\"\" width=\"300\" height=\"293\" srcset=\"https:\/\/bien-etreiris.ch\/wp-content\/uploads\/2021\/11\/Equilibre-de-la-beaute-300x293.png 300w, https:\/\/bien-etreiris.ch\/wp-content\/uploads\/2021\/11\/Equilibre-de-la-beaute.png 397w\" sizes=\"auto, (max-width: 300px) 100vw, 300px\" \/><\/a>&nbsp;<\/p>\n<p>&nbsp;<\/p>\n<p>&nbsp;<\/p>\n<p>&nbsp;<\/p>\n<p>Fleurs de mauve, pr\u00eale de champs<\/p>\n<p>Un coussinet <strong>CHF 3.3<\/strong><strong>0<\/strong><\/p>\n<p>&nbsp;<\/p>\n<p>&nbsp;<\/p>\n<hr>\n<h4>Facias &amp; muscles<\/h4>\n<p>&nbsp;&nbsp;&nbsp;&nbsp;&nbsp;&nbsp;&nbsp;&nbsp;&nbsp;&nbsp;&nbsp;&nbsp;&nbsp;&nbsp;&nbsp;&nbsp;&nbsp;&nbsp;&nbsp;&nbsp;&nbsp;<\/p>\n<p>&nbsp;&nbsp;&nbsp;&nbsp;&nbsp;&nbsp;&nbsp;&nbsp;&nbsp;&nbsp;&nbsp;&nbsp;&nbsp;&nbsp;&nbsp;&nbsp;&nbsp; &nbsp;&nbsp; <a href=\"https:\/\/bien-etreiris.ch\/wp-content\/uploads\/2021\/11\/Fascias-muscles.jpg\"><img loading=\"lazy\" decoding=\"async\" class=\"wp-image-54657 alignnone\" src=\"https:\/\/bien-etreiris.ch\/wp-content\/uploads\/2021\/11\/Fascias-muscles-228x300.jpg\" alt=\"\" width=\"187\" height=\"246\" srcset=\"https:\/\/bien-etreiris.ch\/wp-content\/uploads\/2021\/11\/Fascias-muscles-228x300.jpg 228w, https:\/\/bien-etreiris.ch\/wp-content\/uploads\/2021\/11\/Fascias-muscles.jpg 608w\" sizes=\"auto, (max-width: 187px) 100vw, 187px\" \/>&nbsp;&nbsp;&nbsp;<\/a>&nbsp;Huile de chanvre, gingembre<\/p>\n<p>&nbsp;&nbsp;&nbsp;&nbsp;&nbsp;&nbsp;&nbsp;&nbsp;&nbsp;&nbsp;&nbsp; &nbsp; &nbsp; &nbsp; &nbsp; &nbsp; &nbsp; &nbsp; &nbsp; &nbsp; &nbsp; &nbsp; &nbsp; &nbsp; &nbsp; &nbsp; &nbsp; &nbsp; &nbsp; &nbsp; &nbsp; &nbsp; &nbsp; &nbsp; &nbsp; &nbsp; &nbsp; &nbsp; &nbsp; Un coussinet <strong>CHF 3.3<\/strong><strong>0<\/strong><\/p>\n<p>&nbsp;<\/p>\n<p>&nbsp;<\/p>\n<hr>\n<h4><strong>Instant au paradis<\/strong><span id=\"result_box\" class=\"short_text\" lang=\"fr\"><\/span><\/h4>\n<p><a href=\"https:\/\/bien-etreiris.ch\/wp-content\/uploads\/2021\/11\/Instant-au-paradis.png\"><img loading=\"lazy\" decoding=\"async\" class=\"wp-image-54638 size-medium alignleft\" title=\"Moments au paradis Fruits tropicaux, huile de jojoba\" src=\"https:\/\/bien-etreiris.ch\/wp-content\/uploads\/2021\/11\/Instant-au-paradis-300x293.png\" alt=\"\" width=\"300\" height=\"293\" srcset=\"https:\/\/bien-etreiris.ch\/wp-content\/uploads\/2021\/11\/Instant-au-paradis-300x293.png 300w, https:\/\/bien-etreiris.ch\/wp-content\/uploads\/2021\/11\/Instant-au-paradis.png 397w\" sizes=\"auto, (max-width: 300px) 100vw, 300px\" \/><\/a>&nbsp;<\/p>\n<p>&nbsp;<\/p>\n<p>&nbsp;<\/p>\n<p>&nbsp;<\/p>\n<p><span id=\"result_box\" class=\"short_text\" lang=\"fr\"><span class=\"\">Huile de jojoba aux fruits tropicaux<\/span><\/span><\/p>\n<p>Un coussinet <strong>CHF 3.30<\/strong><\/p>\n<p>&nbsp;<\/p>\n<p>&nbsp;<\/p>\n<hr>\n<h4><strong>Magie intense de la rose<\/strong><\/h4>\n<p><span id=\"result_box\" class=\"short_text\" lang=\"fr\"><span class=\"\">&nbsp;<\/span><\/span><\/p>\n<p><a class=\"wp-image-54647 size-medium alignleft\" href=\"https:\/\/bien-etreiris.ch\/wp-content\/uploads\/2021\/11\/Magie-intense-de-la-rose.png\"><img loading=\"lazy\" decoding=\"async\" class=\"wp-image-54647 size-medium alignleft\" src=\"https:\/\/bien-etreiris.ch\/wp-content\/uploads\/2021\/11\/Magie-intense-de-la-rose-300x293.png\" alt=\"\" width=\"300\" height=\"293\" srcset=\"https:\/\/bien-etreiris.ch\/wp-content\/uploads\/2021\/11\/Magie-intense-de-la-rose-300x293.png 300w, https:\/\/bien-etreiris.ch\/wp-content\/uploads\/2021\/11\/Magie-intense-de-la-rose.png 397w\" sizes=\"auto, (max-width: 300px) 100vw, 300px\" \/><\/a><span id=\"result_box\" class=\"short_text\" lang=\"fr\"><\/span><\/p>\n<p>&nbsp;<\/p>\n<p>&nbsp;<\/p>\n<p>&nbsp;<\/p>\n<p>&nbsp;<\/p>\n<p>&nbsp;<\/p>\n<p><span id=\"result_box\" class=\"short_text\" lang=\"fr\"><span class=\"\">P\u00e9tales de rose, huile de noix de macadamia<\/span><\/span><\/p>\n<p>Un coussinet <strong>CHF 3.30<\/strong><\/p>\n<p>&nbsp;<\/p>\n<p>&nbsp;<\/p>\n<hr>\n<h4>Plongez tout simplement<\/h4>\n<p><a href=\"https:\/\/bien-etreiris.ch\/wp-content\/uploads\/2021\/12\/Plongez-simplement.jpg\"><img loading=\"lazy\" decoding=\"async\" class=\"size-medium wp-image-54917 alignleft\" src=\"https:\/\/bien-etreiris.ch\/wp-content\/uploads\/2021\/12\/Plongez-simplement-300x270.jpg\" alt=\"\" width=\"300\" height=\"270\" srcset=\"https:\/\/bien-etreiris.ch\/wp-content\/uploads\/2021\/12\/Plongez-simplement-300x270.jpg 300w, https:\/\/bien-etreiris.ch\/wp-content\/uploads\/2021\/12\/Plongez-simplement-1024x923.jpg 1024w, https:\/\/bien-etreiris.ch\/wp-content\/uploads\/2021\/12\/Plongez-simplement-768x692.jpg 768w, https:\/\/bien-etreiris.ch\/wp-content\/uploads\/2021\/12\/Plongez-simplement-1536x1385.jpg 1536w, https:\/\/bien-etreiris.ch\/wp-content\/uploads\/2021\/12\/Plongez-simplement.jpg 2000w\" sizes=\"auto, (max-width: 300px) 100vw, 300px\" \/><\/a><\/p>\n<p>&nbsp;<\/p>\n<p>&nbsp;<\/p>\n<p>&nbsp;<\/p>\n<p>Cristaux de mousse pour le bain<\/p>\n<p><span id=\"result_box\" class=\"short_text\" lang=\"fr\"><span class=\"\">\u00c0 l'aloe vera, aux cristaux marins, \u00e0 l'huile de graines de prune et au parfum d'orange<\/span><\/span><\/p>\n<p>Un coussinet <strong>CHF 3.30<\/strong><\/p>\n<p>&nbsp;<\/p>\n<p>&nbsp;<\/p>\n<p>&nbsp;<\/p>\n<p><span id=\"result_box\" class=\"short_text\" lang=\"fr\"><span class=\"\">La col\u00e8re s'\u00e9vanouit, votre \u00e2me recharge vos batteries. <\/span><\/span>Dans ce cas, les cristaux de bain moussants sont exactement ce qu'il vous faut. Ils cr\u00e9ent comme par magie de d\u00e9licates montagnes de mousse et choient la peau avec de la pr\u00e9cieuse huile d'argan (Magie de l'Orient) ou de la pr\u00e9cieuse huile de noyau de prune (Plongez tout simplement).<\/p>\n<hr>\n<h4><strong>Saison grippale<br><\/strong><\/h4>\n<p><span id=\"result_box\" class=\"short_text\" lang=\"fr\"><span class=\"\">&nbsp;<\/span><\/span><\/p>\n<p><a href=\"https:\/\/bien-etreiris.ch\/wp-content\/uploads\/2021\/11\/Saison-grippale.png\"><img loading=\"lazy\" decoding=\"async\" class=\"wp-image-54651 size-medium alignleft\" src=\"https:\/\/bien-etreiris.ch\/wp-content\/uploads\/2021\/11\/Saison-grippale-300x293.png\" alt=\"\" width=\"300\" height=\"293\" srcset=\"https:\/\/bien-etreiris.ch\/wp-content\/uploads\/2021\/11\/Saison-grippale-300x293.png 300w, https:\/\/bien-etreiris.ch\/wp-content\/uploads\/2021\/11\/Saison-grippale.png 397w\" sizes=\"auto, (max-width: 300px) 100vw, 300px\" \/><\/a>&nbsp;<\/p>\n<p>&nbsp;<\/p>\n<p>&nbsp;<\/p>\n<p>&nbsp;<\/p>\n<p><span id=\"result_box\" class=\"short_text\" lang=\"fr\"><span class=\"\">Eucalyptus, huile de jojoba<\/span><\/span><\/p>\n<p>Un coussinet <strong>CHF 3.30<\/strong><\/p>\n<p>&nbsp;<\/p>\n","protected":false},"excerpt":{"rendered":"<p>Sensena Aromabadekissen Viele Badekosmetikprodukte k\u00f6nnen gut riechen, aber die aromatischen Badekissen von Sensena k\u00f6nnen noch viel mehr: Das Geheimnis liegt in dem hautfreundlichen Schleier, in dem die nat\u00fcrlichen, getrockneten Extrakte aus Tee, Blumen und Pflanzen luftdicht eingeschlossen sind. Es ist wie ein Bad in der reinen Natur, ohne dass Sie anschlie\u00dfend Kr\u00e4uter, Rosen oder andere Blumen von Ihrem K\u00f6rper pfl\u00fccken&nbsp;<a href=\"https:\/\/bien-etreiris.ch\/de\/produktpraesentation\/entspannen\/badezusaetze\/sensena-aromabadekissen\/\" class=\"read-more\">Weiter lesen<\/a><\/p>\n","protected":false},"author":1,"featured_media":54998,"parent":13348,"menu_order":4922,"comment_status":"closed","ping_status":"closed","template":"page-with-child.php","meta":{"_acf_changed":false,"ngg_post_thumbnail":0,"footnotes":""},"class_list":["post-54991","page","type-page","status-publish","has-post-thumbnail","hentry"],"acf":[],"yoast_head":"<!-- This site is optimized with the Yoast SEO plugin v27.5 - https:\/\/yoast.com\/product\/yoast-seo-wordpress\/ -->\n<title>SENSENA - WOHLBEFINDEN<\/title>\n<meta name=\"robots\" content=\"index, follow, max-snippet:-1, max-image-preview:large, max-video-preview:-1\" \/>\n<link rel=\"canonical\" href=\"https:\/\/bien-etreiris.ch\/de\/produktpraesentation\/entspannen\/badezusaetze\/sensena-aromabadekissen\/\" \/>\n<meta property=\"og:locale\" content=\"de_DE\" \/>\n<meta property=\"og:type\" content=\"article\" \/>\n<meta property=\"og:title\" content=\"SENSENA - WOHLBEFINDEN\" \/>\n<meta property=\"og:description\" content=\"Sensena Aromabadekissen Viele Badekosmetikprodukte k\u00f6nnen gut riechen, aber die aromatischen Badekissen von Sensena k\u00f6nnen noch viel mehr: Das Geheimnis liegt in dem hautfreundlichen Schleier, in dem die nat\u00fcrlichen, getrockneten Extrakte aus Tee, Blumen und Pflanzen luftdicht eingeschlossen sind. Es ist wie ein Bad in der reinen Natur, ohne dass Sie anschlie\u00dfend Kr\u00e4uter, Rosen oder andere Blumen von Ihrem K\u00f6rper pfl\u00fccken&nbsp;Weiter lesen\" \/>\n<meta property=\"og:url\" content=\"https:\/\/bien-etreiris.ch\/de\/produktpraesentation\/entspannen\/badezusaetze\/sensena-aromabadekissen\/\" \/>\n<meta property=\"og:site_name\" content=\"WOHLBEFINDEN\" \/>\n<meta property=\"article:publisher\" content=\"https:\/\/www.facebook.com\/bienetreiris\/\" \/>\n<meta property=\"article:modified_time\" content=\"2021-12-12T15:22:48+00:00\" \/>\n<meta property=\"og:image\" content=\"https:\/\/bien-etreiris.ch\/wp-content\/uploads\/2021\/12\/Acceuil-sensena-2.jpg\" \/>\n\t<meta property=\"og:image:width\" content=\"550\" \/>\n\t<meta property=\"og:image:height\" content=\"372\" \/>\n\t<meta property=\"og:image:type\" content=\"image\/jpeg\" \/>\n<meta name=\"twitter:label1\" content=\"Gesch\u00e4tzte Lesezeit\" \/>\n\t<meta name=\"twitter:data1\" content=\"5\u00a0Minuten\" \/>\n<script type=\"application\/ld+json\" class=\"yoast-schema-graph\">{\"@context\":\"https:\\\/\\\/schema.org\",\"@graph\":[{\"@type\":\"WebPage\",\"@id\":\"https:\\\/\\\/bien-etreiris.ch\\\/de\\\/produktpraesentation\\\/entspannen\\\/badezusaetze\\\/sensena-aromabadekissen\\\/\",\"url\":\"https:\\\/\\\/bien-etreiris.ch\\\/de\\\/produktpraesentation\\\/entspannen\\\/badezusaetze\\\/sensena-aromabadekissen\\\/\",\"name\":\"SENSENA - WOHLBEFINDEN\",\"isPartOf\":{\"@id\":\"https:\\\/\\\/bien-etreiris.ch\\\/de\\\/#website\"},\"primaryImageOfPage\":{\"@id\":\"https:\\\/\\\/bien-etreiris.ch\\\/de\\\/produktpraesentation\\\/entspannen\\\/badezusaetze\\\/sensena-aromabadekissen\\\/#primaryimage\"},\"image\":{\"@id\":\"https:\\\/\\\/bien-etreiris.ch\\\/de\\\/produktpraesentation\\\/entspannen\\\/badezusaetze\\\/sensena-aromabadekissen\\\/#primaryimage\"},\"thumbnailUrl\":\"https:\\\/\\\/bien-etreiris.ch\\\/wp-content\\\/uploads\\\/2021\\\/12\\\/Acceuil-sensena-2.jpg\",\"datePublished\":\"2021-12-12T13:50:51+00:00\",\"dateModified\":\"2021-12-12T15:22:48+00:00\",\"breadcrumb\":{\"@id\":\"https:\\\/\\\/bien-etreiris.ch\\\/de\\\/produktpraesentation\\\/entspannen\\\/badezusaetze\\\/sensena-aromabadekissen\\\/#breadcrumb\"},\"inLanguage\":\"de\",\"potentialAction\":[{\"@type\":\"ReadAction\",\"target\":[\"https:\\\/\\\/bien-etreiris.ch\\\/de\\\/produktpraesentation\\\/entspannen\\\/badezusaetze\\\/sensena-aromabadekissen\\\/\"]}]},{\"@type\":\"ImageObject\",\"inLanguage\":\"de\",\"@id\":\"https:\\\/\\\/bien-etreiris.ch\\\/de\\\/produktpraesentation\\\/entspannen\\\/badezusaetze\\\/sensena-aromabadekissen\\\/#primaryimage\",\"url\":\"https:\\\/\\\/bien-etreiris.ch\\\/wp-content\\\/uploads\\\/2021\\\/12\\\/Acceuil-sensena-2.jpg\",\"contentUrl\":\"https:\\\/\\\/bien-etreiris.ch\\\/wp-content\\\/uploads\\\/2021\\\/12\\\/Acceuil-sensena-2.jpg\",\"width\":550,\"height\":372},{\"@type\":\"BreadcrumbList\",\"@id\":\"https:\\\/\\\/bien-etreiris.ch\\\/de\\\/produktpraesentation\\\/entspannen\\\/badezusaetze\\\/sensena-aromabadekissen\\\/#breadcrumb\",\"itemListElement\":[{\"@type\":\"ListItem\",\"position\":1,\"name\":\"Home\",\"item\":\"https:\\\/\\\/bien-etreiris.ch\\\/de\\\/\"},{\"@type\":\"ListItem\",\"position\":2,\"name\":\"PRODUKTPR\u00c4SENTATION\",\"item\":\"https:\\\/\\\/bien-etreiris.ch\\\/de\\\/produktpraesentation\\\/\"},{\"@type\":\"ListItem\",\"position\":3,\"name\":\"ENTSPANNEND\",\"item\":\"https:\\\/\\\/bien-etreiris.ch\\\/de\\\/produktpraesentation\\\/entspannen\\\/\"},{\"@type\":\"ListItem\",\"position\":4,\"name\":\"BADEZUS\u00c4TZE\",\"item\":\"https:\\\/\\\/bien-etreiris.ch\\\/de\\\/produktpraesentation\\\/entspannen\\\/badezusaetze\\\/\"},{\"@type\":\"ListItem\",\"position\":5,\"name\":\"SENSENA\"}]},{\"@type\":\"WebSite\",\"@id\":\"https:\\\/\\\/bien-etreiris.ch\\\/de\\\/#website\",\"url\":\"https:\\\/\\\/bien-etreiris.ch\\\/de\\\/\",\"name\":\"Bien-\u00eatre Iris\",\"description\":\"IHRE Gesundheit ist uns wichtig\",\"potentialAction\":[{\"@type\":\"SearchAction\",\"target\":{\"@type\":\"EntryPoint\",\"urlTemplate\":\"https:\\\/\\\/bien-etreiris.ch\\\/de\\\/?s={search_term_string}\"},\"query-input\":{\"@type\":\"PropertyValueSpecification\",\"valueRequired\":true,\"valueName\":\"search_term_string\"}}],\"inLanguage\":\"de\"}]}<\/script>\n<!-- \/ Yoast SEO plugin. -->","yoast_head_json":{"title":"SENSENA - WOHLBEFINDEN","robots":{"index":"index","follow":"follow","max-snippet":"max-snippet:-1","max-image-preview":"max-image-preview:large","max-video-preview":"max-video-preview:-1"},"canonical":"https:\/\/bien-etreiris.ch\/de\/produktpraesentation\/entspannen\/badezusaetze\/sensena-aromabadekissen\/","og_locale":"de_DE","og_type":"article","og_title":"SENSENA - WOHLBEFINDEN","og_description":"Sensena Aromabadekissen Viele Badekosmetikprodukte k\u00f6nnen gut riechen, aber die aromatischen Badekissen von Sensena k\u00f6nnen noch viel mehr: Das Geheimnis liegt in dem hautfreundlichen Schleier, in dem die nat\u00fcrlichen, getrockneten Extrakte aus Tee, Blumen und Pflanzen luftdicht eingeschlossen sind. Es ist wie ein Bad in der reinen Natur, ohne dass Sie anschlie\u00dfend Kr\u00e4uter, Rosen oder andere Blumen von Ihrem K\u00f6rper pfl\u00fccken&nbsp;Weiter lesen","og_url":"https:\/\/bien-etreiris.ch\/de\/produktpraesentation\/entspannen\/badezusaetze\/sensena-aromabadekissen\/","og_site_name":"WOHLBEFINDEN","article_publisher":"https:\/\/www.facebook.com\/bienetreiris\/","article_modified_time":"2021-12-12T15:22:48+00:00","og_image":[{"width":550,"height":372,"url":"https:\/\/bien-etreiris.ch\/wp-content\/uploads\/2021\/12\/Acceuil-sensena-2.jpg","type":"image\/jpeg"}],"twitter_misc":{"Gesch\u00e4tzte Lesezeit":"5\u00a0Minuten"},"schema":{"@context":"https:\/\/schema.org","@graph":[{"@type":"WebPage","@id":"https:\/\/bien-etreiris.ch\/de\/produktpraesentation\/entspannen\/badezusaetze\/sensena-aromabadekissen\/","url":"https:\/\/bien-etreiris.ch\/de\/produktpraesentation\/entspannen\/badezusaetze\/sensena-aromabadekissen\/","name":"SENSENA - WOHLBEFINDEN","isPartOf":{"@id":"https:\/\/bien-etreiris.ch\/de\/#website"},"primaryImageOfPage":{"@id":"https:\/\/bien-etreiris.ch\/de\/produktpraesentation\/entspannen\/badezusaetze\/sensena-aromabadekissen\/#primaryimage"},"image":{"@id":"https:\/\/bien-etreiris.ch\/de\/produktpraesentation\/entspannen\/badezusaetze\/sensena-aromabadekissen\/#primaryimage"},"thumbnailUrl":"https:\/\/bien-etreiris.ch\/wp-content\/uploads\/2021\/12\/Acceuil-sensena-2.jpg","datePublished":"2021-12-12T13:50:51+00:00","dateModified":"2021-12-12T15:22:48+00:00","breadcrumb":{"@id":"https:\/\/bien-etreiris.ch\/de\/produktpraesentation\/entspannen\/badezusaetze\/sensena-aromabadekissen\/#breadcrumb"},"inLanguage":"de","potentialAction":[{"@type":"ReadAction","target":["https:\/\/bien-etreiris.ch\/de\/produktpraesentation\/entspannen\/badezusaetze\/sensena-aromabadekissen\/"]}]},{"@type":"ImageObject","inLanguage":"de","@id":"https:\/\/bien-etreiris.ch\/de\/produktpraesentation\/entspannen\/badezusaetze\/sensena-aromabadekissen\/#primaryimage","url":"https:\/\/bien-etreiris.ch\/wp-content\/uploads\/2021\/12\/Acceuil-sensena-2.jpg","contentUrl":"https:\/\/bien-etreiris.ch\/wp-content\/uploads\/2021\/12\/Acceuil-sensena-2.jpg","width":550,"height":372},{"@type":"BreadcrumbList","@id":"https:\/\/bien-etreiris.ch\/de\/produktpraesentation\/entspannen\/badezusaetze\/sensena-aromabadekissen\/#breadcrumb","itemListElement":[{"@type":"ListItem","position":1,"name":"Home","item":"https:\/\/bien-etreiris.ch\/de\/"},{"@type":"ListItem","position":2,"name":"PRODUKTPR\u00c4SENTATION","item":"https:\/\/bien-etreiris.ch\/de\/produktpraesentation\/"},{"@type":"ListItem","position":3,"name":"ENTSPANNEND","item":"https:\/\/bien-etreiris.ch\/de\/produktpraesentation\/entspannen\/"},{"@type":"ListItem","position":4,"name":"BADEZUS\u00c4TZE","item":"https:\/\/bien-etreiris.ch\/de\/produktpraesentation\/entspannen\/badezusaetze\/"},{"@type":"ListItem","position":5,"name":"SENSENA"}]},{"@type":"WebSite","@id":"https:\/\/bien-etreiris.ch\/de\/#website","url":"https:\/\/bien-etreiris.ch\/de\/","name":"Bien-\u00eatre Iris","description":"IHRE Gesundheit ist uns wichtig","potentialAction":[{"@type":"SearchAction","target":{"@type":"EntryPoint","urlTemplate":"https:\/\/bien-etreiris.ch\/de\/?s={search_term_string}"},"query-input":{"@type":"PropertyValueSpecification","valueRequired":true,"valueName":"search_term_string"}}],"inLanguage":"de"}]}},"_links":{"self":[{"href":"https:\/\/bien-etreiris.ch\/de\/wp-json\/wp\/v2\/pages\/54991","targetHints":{"allow":["GET"]}}],"collection":[{"href":"https:\/\/bien-etreiris.ch\/de\/wp-json\/wp\/v2\/pages"}],"about":[{"href":"https:\/\/bien-etreiris.ch\/de\/wp-json\/wp\/v2\/types\/page"}],"author":[{"embeddable":true,"href":"https:\/\/bien-etreiris.ch\/de\/wp-json\/wp\/v2\/users\/1"}],"replies":[{"embeddable":true,"href":"https:\/\/bien-etreiris.ch\/de\/wp-json\/wp\/v2\/comments?post=54991"}],"version-history":[{"count":4,"href":"https:\/\/bien-etreiris.ch\/de\/wp-json\/wp\/v2\/pages\/54991\/revisions"}],"predecessor-version":[{"id":55034,"href":"https:\/\/bien-etreiris.ch\/de\/wp-json\/wp\/v2\/pages\/54991\/revisions\/55034"}],"up":[{"embeddable":true,"href":"https:\/\/bien-etreiris.ch\/de\/wp-json\/wp\/v2\/pages\/13348"}],"wp:featuredmedia":[{"embeddable":true,"href":"https:\/\/bien-etreiris.ch\/de\/wp-json\/wp\/v2\/media\/54998"}],"wp:attachment":[{"href":"https:\/\/bien-etreiris.ch\/de\/wp-json\/wp\/v2\/media?parent=54991"}],"curies":[{"name":"wp","href":"https:\/\/api.w.org\/{rel}","templated":true}]}}