{"id":52166,"date":"2021-07-12T17:06:31","date_gmt":"2021-07-12T15:06:31","guid":{"rendered":"https:\/\/bien-etreiris.ch\/?page_id=52166"},"modified":"2023-09-17T23:57:08","modified_gmt":"2023-09-17T21:57:08","slug":"peaux-tres-sensibles","status":"publish","type":"page","link":"https:\/\/bien-etreiris.ch\/de\/produktpraesentation\/natuerliche-kosmetik\/gesicht-koerper\/gesichtspflege\/peaux-tres-sensibles\/","title":{"rendered":"F\u00dcR SENSIBLE HAUT"},"content":{"rendered":"<h2>\"SHEABUTTER cream\"<\/h2>\n<p><a href=\"https:\/\/bien-etreiris.ch\/de\/produktpraesentation\/natuerliche-kosmetik\/gesicht-koerper\/gesichtspflege\/peaux-tres-sensibles\/sheabutter-2\/\" rel=\"attachment wp-att-75467\"><img loading=\"lazy\" decoding=\"async\" class=\"wp-image-75467 alignleft\" src=\"https:\/\/bien-etreiris.ch\/wp-content\/uploads\/2023\/09\/Sheabutter.jpg\" alt=\"\" width=\"290\" height=\"387\" srcset=\"https:\/\/bien-etreiris.ch\/wp-content\/uploads\/2023\/09\/Sheabutter.jpg 480w, https:\/\/bien-etreiris.ch\/wp-content\/uploads\/2023\/09\/Sheabutter-225x300.jpg 225w\" sizes=\"auto, (max-width: 290px) 100vw, 290px\" \/><\/a><\/p>\n<p>&nbsp;<\/p>\n<p>&nbsp;<\/p>\n<p>&nbsp;<\/p>\n<p>&nbsp;<\/p>\n<p>&nbsp;<\/p>\n<h4>Martina Gebhardt<\/h4>\n<p>Reizarme Gesichtscreme f\u00fcr sehr sensible und zu Irritationen neigende Haut. Ohne \u00e4therische \u00d6le und Bienenprodukte.<\/p>\n<p>Inhalt 50 ml <strong>CHF 19.10<\/strong><\/p>\n<p>&nbsp;<\/p>\n<p>&nbsp;<\/p>\n<p>&nbsp;<\/p>\n<h4>Inhaltsstoffe:<\/h4>\n<p>Wasser, Oliven\u00f6l\u00b0, Wollwachs*, Sheabutter*, Rosenbl\u00fctenhydrolat\u00b0, Carnaubawachs*, Kakaobutter\u00b0, Holunderpflanzenauszug\u00b0, pflanzliches Vitamin E, Sheabutterextrakt *, Gold, Silber<\/p>\n<p>&nbsp;<\/p>\n<h4>INCI:<\/h4>\n<p>Aqua, Olea Europaea Fruit Oil\u00b0, Lanolin*, Butyrospermum Parkii Butter*, Rosa Damascena Flower Water\u00b0, Copernicia Cerifera Wax*, Theobroma Cacao Seed Butter\u00b0, Sambucus Nigra Extract\u00b0, Tocopherol, Gold, Silver, Botyrospermum Parkii Butter Extrakt*<\/p>\n<p>Legende: \u00b0 Demeter-zertifizierter Rohstoff,* aus kontrolliert biologischem Anbau,** Bestandteil echter \u00e4therischer \u00d6le<br \/>\nAnwendung: Nach der Reinigung und dem Auftragen des Gesichtswassers (bei Bedarf), die Creme in die noch etwas feuchte Haut einmassieren. Alternative zur Sheabutter Gesichtsmilch oder gemischt zur t\u00e4glichen Gesichtspflege.<br \/>\n<span style=\"background-color: #ff9900; color: #ffffff;\">Demeter:<\/span> Ja<br \/>\nHauttyp: Mischhaut, fettige Haut, reife Haut, sensible Haut, trockene Haut, zu Allergien neigende Haut, zu Entz\u00fcndungen neigende Haut<\/p>\n<p>alkoholfrei: Ja<br \/>\nvegan: Nein<\/p>\n<p>&nbsp;<\/p>\n","protected":false},"excerpt":{"rendered":"<p>\"SHEABUTTER cream\" &nbsp; &nbsp; &nbsp; &nbsp; &nbsp; Martina Gebhardt Reizarme Gesichtscreme f\u00fcr sehr sensible und zu Irritationen neigende Haut. Ohne \u00e4therische \u00d6le und Bienenprodukte. Inhalt 50 ml CHF 19.10 &nbsp; &nbsp; &nbsp; Inhaltsstoffe: Wasser, Oliven\u00f6l\u00b0, Wollwachs*, Sheabutter*, Rosenbl\u00fctenhydrolat\u00b0, Carnaubawachs*, Kakaobutter\u00b0, Holunderpflanzenauszug\u00b0, pflanzliches Vitamin E, Sheabutterextrakt *, Gold, Silber &nbsp; INCI: Aqua, Olea Europaea Fruit Oil\u00b0, Lanolin*, Butyrospermum Parkii Butter*, Rosa&nbsp;<a href=\"https:\/\/bien-etreiris.ch\/de\/produktpraesentation\/natuerliche-kosmetik\/gesicht-koerper\/gesichtspflege\/peaux-tres-sensibles\/\" class=\"read-more\">Weiter lesen<\/a><\/p>\n","protected":false},"author":1,"featured_media":52163,"parent":52087,"menu_order":5120,"comment_status":"closed","ping_status":"closed","template":"","meta":{"_acf_changed":false,"ngg_post_thumbnail":0,"footnotes":""},"class_list":["post-52166","page","type-page","status-publish","has-post-thumbnail","hentry"],"acf":[],"yoast_head":"<!-- This site is optimized with the Yoast SEO plugin v27.5 - https:\/\/yoast.com\/product\/yoast-seo-wordpress\/ -->\n<title>F\u00dcR SENSIBLE HAUT - WOHLBEFINDEN<\/title>\n<meta name=\"robots\" content=\"index, follow, max-snippet:-1, max-image-preview:large, max-video-preview:-1\" \/>\n<link rel=\"canonical\" href=\"https:\/\/bien-etreiris.ch\/de\/produktpraesentation\/natuerliche-kosmetik\/gesicht-koerper\/gesichtspflege\/peaux-tres-sensibles\/\" \/>\n<meta property=\"og:locale\" content=\"de_DE\" \/>\n<meta property=\"og:type\" content=\"article\" \/>\n<meta property=\"og:title\" content=\"F\u00dcR SENSIBLE HAUT - WOHLBEFINDEN\" \/>\n<meta property=\"og:description\" content=\"&quot;SHEABUTTER cream&quot; &nbsp; &nbsp; &nbsp; &nbsp; &nbsp; Martina Gebhardt Reizarme Gesichtscreme f\u00fcr sehr sensible und zu Irritationen neigende Haut. Ohne \u00e4therische \u00d6le und Bienenprodukte. Inhalt 50 ml CHF 19.10 &nbsp; &nbsp; &nbsp; Inhaltsstoffe: Wasser, Oliven\u00f6l\u00b0, Wollwachs*, Sheabutter*, Rosenbl\u00fctenhydrolat\u00b0, Carnaubawachs*, Kakaobutter\u00b0, Holunderpflanzenauszug\u00b0, pflanzliches Vitamin E, Sheabutterextrakt *, Gold, Silber &nbsp; INCI: Aqua, Olea Europaea Fruit Oil\u00b0, Lanolin*, Butyrospermum Parkii Butter*, Rosa&nbsp;Weiter lesen\" \/>\n<meta property=\"og:url\" content=\"https:\/\/bien-etreiris.ch\/de\/produktpraesentation\/natuerliche-kosmetik\/gesicht-koerper\/gesichtspflege\/peaux-tres-sensibles\/\" \/>\n<meta property=\"og:site_name\" content=\"WOHLBEFINDEN\" \/>\n<meta property=\"article:publisher\" content=\"https:\/\/www.facebook.com\/bienetreiris\/\" \/>\n<meta property=\"article:modified_time\" content=\"2023-09-17T21:57:08+00:00\" \/>\n<meta property=\"og:image\" content=\"https:\/\/bien-etreiris.ch\/wp-content\/uploads\/2021\/07\/tres-sensibles.jpg\" \/>\n\t<meta property=\"og:image:width\" content=\"500\" \/>\n\t<meta property=\"og:image:height\" content=\"333\" \/>\n\t<meta property=\"og:image:type\" content=\"image\/jpeg\" \/>\n<meta name=\"twitter:label1\" content=\"Gesch\u00e4tzte Lesezeit\" \/>\n\t<meta name=\"twitter:data1\" content=\"1\u00a0Minute\" \/>\n<script type=\"application\/ld+json\" class=\"yoast-schema-graph\">{\"@context\":\"https:\\\/\\\/schema.org\",\"@graph\":[{\"@type\":\"WebPage\",\"@id\":\"https:\\\/\\\/bien-etreiris.ch\\\/de\\\/produktpraesentation\\\/natuerliche-kosmetik\\\/gesicht-koerper\\\/gesichtspflege\\\/peaux-tres-sensibles\\\/\",\"url\":\"https:\\\/\\\/bien-etreiris.ch\\\/de\\\/produktpraesentation\\\/natuerliche-kosmetik\\\/gesicht-koerper\\\/gesichtspflege\\\/peaux-tres-sensibles\\\/\",\"name\":\"F\u00dcR SENSIBLE HAUT - WOHLBEFINDEN\",\"isPartOf\":{\"@id\":\"https:\\\/\\\/bien-etreiris.ch\\\/de\\\/#website\"},\"primaryImageOfPage\":{\"@id\":\"https:\\\/\\\/bien-etreiris.ch\\\/de\\\/produktpraesentation\\\/natuerliche-kosmetik\\\/gesicht-koerper\\\/gesichtspflege\\\/peaux-tres-sensibles\\\/#primaryimage\"},\"image\":{\"@id\":\"https:\\\/\\\/bien-etreiris.ch\\\/de\\\/produktpraesentation\\\/natuerliche-kosmetik\\\/gesicht-koerper\\\/gesichtspflege\\\/peaux-tres-sensibles\\\/#primaryimage\"},\"thumbnailUrl\":\"https:\\\/\\\/bien-etreiris.ch\\\/wp-content\\\/uploads\\\/2021\\\/07\\\/tres-sensibles.jpg\",\"datePublished\":\"2021-07-12T15:06:31+00:00\",\"dateModified\":\"2023-09-17T21:57:08+00:00\",\"breadcrumb\":{\"@id\":\"https:\\\/\\\/bien-etreiris.ch\\\/de\\\/produktpraesentation\\\/natuerliche-kosmetik\\\/gesicht-koerper\\\/gesichtspflege\\\/peaux-tres-sensibles\\\/#breadcrumb\"},\"inLanguage\":\"de\",\"potentialAction\":[{\"@type\":\"ReadAction\",\"target\":[\"https:\\\/\\\/bien-etreiris.ch\\\/de\\\/produktpraesentation\\\/natuerliche-kosmetik\\\/gesicht-koerper\\\/gesichtspflege\\\/peaux-tres-sensibles\\\/\"]}]},{\"@type\":\"ImageObject\",\"inLanguage\":\"de\",\"@id\":\"https:\\\/\\\/bien-etreiris.ch\\\/de\\\/produktpraesentation\\\/natuerliche-kosmetik\\\/gesicht-koerper\\\/gesichtspflege\\\/peaux-tres-sensibles\\\/#primaryimage\",\"url\":\"https:\\\/\\\/bien-etreiris.ch\\\/wp-content\\\/uploads\\\/2021\\\/07\\\/tres-sensibles.jpg\",\"contentUrl\":\"https:\\\/\\\/bien-etreiris.ch\\\/wp-content\\\/uploads\\\/2021\\\/07\\\/tres-sensibles.jpg\",\"width\":500,\"height\":333},{\"@type\":\"BreadcrumbList\",\"@id\":\"https:\\\/\\\/bien-etreiris.ch\\\/de\\\/produktpraesentation\\\/natuerliche-kosmetik\\\/gesicht-koerper\\\/gesichtspflege\\\/peaux-tres-sensibles\\\/#breadcrumb\",\"itemListElement\":[{\"@type\":\"ListItem\",\"position\":1,\"name\":\"Home\",\"item\":\"https:\\\/\\\/bien-etreiris.ch\\\/de\\\/\"},{\"@type\":\"ListItem\",\"position\":2,\"name\":\"PRODUKTPR\u00c4SENTATION\",\"item\":\"https:\\\/\\\/bien-etreiris.ch\\\/de\\\/produktpraesentation\\\/\"},{\"@type\":\"ListItem\",\"position\":3,\"name\":\"NAT\u00dcRLICHE KOSMETIK\",\"item\":\"https:\\\/\\\/bien-etreiris.ch\\\/de\\\/produktpraesentation\\\/natuerliche-kosmetik\\\/\"},{\"@type\":\"ListItem\",\"position\":4,\"name\":\"GESICHT &#038; K\u00d6RPER\",\"item\":\"https:\\\/\\\/bien-etreiris.ch\\\/de\\\/produktpraesentation\\\/natuerliche-kosmetik\\\/gesicht-koerper\\\/\"},{\"@type\":\"ListItem\",\"position\":5,\"name\":\"GESICHTSPFLEGE\",\"item\":\"https:\\\/\\\/bien-etreiris.ch\\\/de\\\/produktpraesentation\\\/natuerliche-kosmetik\\\/gesicht-koerper\\\/gesichtspflege\\\/\"},{\"@type\":\"ListItem\",\"position\":6,\"name\":\"F\u00dcR SENSIBLE HAUT\"}]},{\"@type\":\"WebSite\",\"@id\":\"https:\\\/\\\/bien-etreiris.ch\\\/de\\\/#website\",\"url\":\"https:\\\/\\\/bien-etreiris.ch\\\/de\\\/\",\"name\":\"Bien-\u00eatre Iris\",\"description\":\"IHRE Gesundheit ist uns wichtig\",\"potentialAction\":[{\"@type\":\"SearchAction\",\"target\":{\"@type\":\"EntryPoint\",\"urlTemplate\":\"https:\\\/\\\/bien-etreiris.ch\\\/de\\\/?s={search_term_string}\"},\"query-input\":{\"@type\":\"PropertyValueSpecification\",\"valueRequired\":true,\"valueName\":\"search_term_string\"}}],\"inLanguage\":\"de\"}]}<\/script>\n<!-- \/ Yoast SEO plugin. -->","yoast_head_json":{"title":"F\u00dcR SENSIBLE HAUT - WOHLBEFINDEN","robots":{"index":"index","follow":"follow","max-snippet":"max-snippet:-1","max-image-preview":"max-image-preview:large","max-video-preview":"max-video-preview:-1"},"canonical":"https:\/\/bien-etreiris.ch\/de\/produktpraesentation\/natuerliche-kosmetik\/gesicht-koerper\/gesichtspflege\/peaux-tres-sensibles\/","og_locale":"de_DE","og_type":"article","og_title":"F\u00dcR SENSIBLE HAUT - WOHLBEFINDEN","og_description":"\"SHEABUTTER cream\" &nbsp; &nbsp; &nbsp; &nbsp; &nbsp; Martina Gebhardt Reizarme Gesichtscreme f\u00fcr sehr sensible und zu Irritationen neigende Haut. Ohne \u00e4therische \u00d6le und Bienenprodukte. Inhalt 50 ml CHF 19.10 &nbsp; &nbsp; &nbsp; Inhaltsstoffe: Wasser, Oliven\u00f6l\u00b0, Wollwachs*, Sheabutter*, Rosenbl\u00fctenhydrolat\u00b0, Carnaubawachs*, Kakaobutter\u00b0, Holunderpflanzenauszug\u00b0, pflanzliches Vitamin E, Sheabutterextrakt *, Gold, Silber &nbsp; INCI: Aqua, Olea Europaea Fruit Oil\u00b0, Lanolin*, Butyrospermum Parkii Butter*, Rosa&nbsp;Weiter lesen","og_url":"https:\/\/bien-etreiris.ch\/de\/produktpraesentation\/natuerliche-kosmetik\/gesicht-koerper\/gesichtspflege\/peaux-tres-sensibles\/","og_site_name":"WOHLBEFINDEN","article_publisher":"https:\/\/www.facebook.com\/bienetreiris\/","article_modified_time":"2023-09-17T21:57:08+00:00","og_image":[{"width":500,"height":333,"url":"https:\/\/bien-etreiris.ch\/wp-content\/uploads\/2021\/07\/tres-sensibles.jpg","type":"image\/jpeg"}],"twitter_misc":{"Gesch\u00e4tzte Lesezeit":"1\u00a0Minute"},"schema":{"@context":"https:\/\/schema.org","@graph":[{"@type":"WebPage","@id":"https:\/\/bien-etreiris.ch\/de\/produktpraesentation\/natuerliche-kosmetik\/gesicht-koerper\/gesichtspflege\/peaux-tres-sensibles\/","url":"https:\/\/bien-etreiris.ch\/de\/produktpraesentation\/natuerliche-kosmetik\/gesicht-koerper\/gesichtspflege\/peaux-tres-sensibles\/","name":"F\u00dcR SENSIBLE HAUT - WOHLBEFINDEN","isPartOf":{"@id":"https:\/\/bien-etreiris.ch\/de\/#website"},"primaryImageOfPage":{"@id":"https:\/\/bien-etreiris.ch\/de\/produktpraesentation\/natuerliche-kosmetik\/gesicht-koerper\/gesichtspflege\/peaux-tres-sensibles\/#primaryimage"},"image":{"@id":"https:\/\/bien-etreiris.ch\/de\/produktpraesentation\/natuerliche-kosmetik\/gesicht-koerper\/gesichtspflege\/peaux-tres-sensibles\/#primaryimage"},"thumbnailUrl":"https:\/\/bien-etreiris.ch\/wp-content\/uploads\/2021\/07\/tres-sensibles.jpg","datePublished":"2021-07-12T15:06:31+00:00","dateModified":"2023-09-17T21:57:08+00:00","breadcrumb":{"@id":"https:\/\/bien-etreiris.ch\/de\/produktpraesentation\/natuerliche-kosmetik\/gesicht-koerper\/gesichtspflege\/peaux-tres-sensibles\/#breadcrumb"},"inLanguage":"de","potentialAction":[{"@type":"ReadAction","target":["https:\/\/bien-etreiris.ch\/de\/produktpraesentation\/natuerliche-kosmetik\/gesicht-koerper\/gesichtspflege\/peaux-tres-sensibles\/"]}]},{"@type":"ImageObject","inLanguage":"de","@id":"https:\/\/bien-etreiris.ch\/de\/produktpraesentation\/natuerliche-kosmetik\/gesicht-koerper\/gesichtspflege\/peaux-tres-sensibles\/#primaryimage","url":"https:\/\/bien-etreiris.ch\/wp-content\/uploads\/2021\/07\/tres-sensibles.jpg","contentUrl":"https:\/\/bien-etreiris.ch\/wp-content\/uploads\/2021\/07\/tres-sensibles.jpg","width":500,"height":333},{"@type":"BreadcrumbList","@id":"https:\/\/bien-etreiris.ch\/de\/produktpraesentation\/natuerliche-kosmetik\/gesicht-koerper\/gesichtspflege\/peaux-tres-sensibles\/#breadcrumb","itemListElement":[{"@type":"ListItem","position":1,"name":"Home","item":"https:\/\/bien-etreiris.ch\/de\/"},{"@type":"ListItem","position":2,"name":"PRODUKTPR\u00c4SENTATION","item":"https:\/\/bien-etreiris.ch\/de\/produktpraesentation\/"},{"@type":"ListItem","position":3,"name":"NAT\u00dcRLICHE KOSMETIK","item":"https:\/\/bien-etreiris.ch\/de\/produktpraesentation\/natuerliche-kosmetik\/"},{"@type":"ListItem","position":4,"name":"GESICHT &#038; K\u00d6RPER","item":"https:\/\/bien-etreiris.ch\/de\/produktpraesentation\/natuerliche-kosmetik\/gesicht-koerper\/"},{"@type":"ListItem","position":5,"name":"GESICHTSPFLEGE","item":"https:\/\/bien-etreiris.ch\/de\/produktpraesentation\/natuerliche-kosmetik\/gesicht-koerper\/gesichtspflege\/"},{"@type":"ListItem","position":6,"name":"F\u00dcR SENSIBLE HAUT"}]},{"@type":"WebSite","@id":"https:\/\/bien-etreiris.ch\/de\/#website","url":"https:\/\/bien-etreiris.ch\/de\/","name":"Bien-\u00eatre Iris","description":"IHRE Gesundheit ist uns wichtig","potentialAction":[{"@type":"SearchAction","target":{"@type":"EntryPoint","urlTemplate":"https:\/\/bien-etreiris.ch\/de\/?s={search_term_string}"},"query-input":{"@type":"PropertyValueSpecification","valueRequired":true,"valueName":"search_term_string"}}],"inLanguage":"de"}]}},"_links":{"self":[{"href":"https:\/\/bien-etreiris.ch\/de\/wp-json\/wp\/v2\/pages\/52166","targetHints":{"allow":["GET"]}}],"collection":[{"href":"https:\/\/bien-etreiris.ch\/de\/wp-json\/wp\/v2\/pages"}],"about":[{"href":"https:\/\/bien-etreiris.ch\/de\/wp-json\/wp\/v2\/types\/page"}],"author":[{"embeddable":true,"href":"https:\/\/bien-etreiris.ch\/de\/wp-json\/wp\/v2\/users\/1"}],"replies":[{"embeddable":true,"href":"https:\/\/bien-etreiris.ch\/de\/wp-json\/wp\/v2\/comments?post=52166"}],"version-history":[{"count":5,"href":"https:\/\/bien-etreiris.ch\/de\/wp-json\/wp\/v2\/pages\/52166\/revisions"}],"predecessor-version":[{"id":75476,"href":"https:\/\/bien-etreiris.ch\/de\/wp-json\/wp\/v2\/pages\/52166\/revisions\/75476"}],"up":[{"embeddable":true,"href":"https:\/\/bien-etreiris.ch\/de\/wp-json\/wp\/v2\/pages\/52087"}],"wp:featuredmedia":[{"embeddable":true,"href":"https:\/\/bien-etreiris.ch\/de\/wp-json\/wp\/v2\/media\/52163"}],"wp:attachment":[{"href":"https:\/\/bien-etreiris.ch\/de\/wp-json\/wp\/v2\/media?parent=52166"}],"curies":[{"name":"wp","href":"https:\/\/api.w.org\/{rel}","templated":true}]}}