{"id":52106,"date":"2021-07-12T16:50:51","date_gmt":"2021-07-12T14:50:51","guid":{"rendered":"https:\/\/bien-etreiris.ch\/?page_id=52106"},"modified":"2023-09-18T10:01:03","modified_gmt":"2023-09-18T08:01:03","slug":"trockene-und-empfindliche-haut","status":"publish","type":"page","link":"https:\/\/bien-etreiris.ch\/de\/produktpraesentation\/natuerliche-kosmetik\/gesicht-koerper\/gesichtspflege\/trockene-und-empfindliche-haut\/","title":{"rendered":"TROCKENE-EMPFINDLICHE"},"content":{"rendered":"\n<h2>F\u00fcr trockene und empfindliche Haut<\/h2>\n<p>Trockene Haut (Fachbegriff: Xerosis) ist ein weit verbreitetes Problem, von dem weltweit bis zu 50 % der Menschen betroffen sind. Sie ist auf einen Feuchtigkeitsmangel in der oberen Hautschicht zur\u00fcckzuf\u00fchren. Sie kann sehr unangenehm sein, aber mit den richtigen Pflegeprodukten und Informationen k\u00f6nnen die Anzeichen trockener Haut sofort und dauerhaft gelindert werden.<br><br><\/p>\n<p>&nbsp;<\/p>\n<h2>\"Cr\u00e8me ROSE\"<\/h2>\n<p><a href=\"https:\/\/bien-etreiris.ch\/de\/produktpraesentation\/natuerliche-kosmetik\/gesicht-koerper\/gesichtspflege\/peaux-seches-et-sensibles\/rose-cream-2-2\/\" rel=\"attachment wp-att-75444\"><img loading=\"lazy\" decoding=\"async\" class=\"wp-image-75533  alignleft\" src=\"https:\/\/bien-etreiris.ch\/wp-content\/uploads\/2023\/09\/rose-cream-1.jpg\" alt=\"\" width=\"302\" height=\"312\" srcset=\"https:\/\/bien-etreiris.ch\/wp-content\/uploads\/2023\/09\/rose-cream-1.jpg 894w, https:\/\/bien-etreiris.ch\/wp-content\/uploads\/2023\/09\/rose-cream-1-291x300.jpg 291w, https:\/\/bien-etreiris.ch\/wp-content\/uploads\/2023\/09\/rose-cream-1-768x793.jpg 768w\" sizes=\"auto, (max-width: 302px) 100vw, 302px\" \/><\/a><\/p>\n<p>&nbsp;<\/p>\n<h4>&nbsp;<\/h4>\n<p>&nbsp;<\/p>\n<p>&nbsp;<\/p>\n<p><a href=\"https:\/\/bien-etreiris.ch\/de\/unsere-marken\/martina-gerbhardt\/\" target=\"_blank\" rel=\"noopener\">MARTINA GEBHARDT<\/a><a href=\"https:\/\/bien-etreiris.ch\/de\/produktpraesentation\/natuerliche-kosmetik\/gesicht-koerper\/gesichtspflege\/peaux-seches-et-sensibles\/allmand-2\/\" rel=\"attachment wp-att-75552\"><img loading=\"lazy\" decoding=\"async\" class=\"alignnone  wp-image-75552\" src=\"https:\/\/bien-etreiris.ch\/wp-content\/uploads\/2023\/09\/allmand.png\" alt=\"\" width=\"32\" height=\"34\"><\/a><\/p>\n<p>Feuchtigkeitsspendende Gesichtscreme f\u00fcr trockene und empfindliche Haut mit echtem \u00e4therischem Rosen\u00f6l.<\/p>\n<p>Inhalt 50 ml CHF 24.10<\/p>\n<p>&nbsp;<\/p>\n<p>&nbsp;<\/p>\n<p>&nbsp;<\/p>\n<p>&nbsp;<\/p>\n<p>&nbsp;<\/p>\n<p>&nbsp;<\/p>\n<p>&nbsp;<\/p>\n<h4><br>Zutaten:<\/h4>\n<p>Wasser, Oliven\u00f6l\u00b0, Sonnenblumen\u00f6l\u00b0, Avocado\u00f6l*, Wollwachs*, Hagebuttenkern\u00f6l \u00b0, Sheabutter*, Bienenwachs\u00b0, Kakaobutter\u00b0, Auszug aus Wacholderbl\u00e4ttern*, Bienenwachs\u00b0, Auszug aus Rosenbl\u00fcten\u00b0, Auszug aus Hibiskusbl\u00fcten\u00b0, Auszug aus Holunderpflanzen\u00b0, pflanzliches Vitamin E, Gold, Silber, echte \u00e4therische \u00d6le (Rosen\u00f6l \u00b0).<\/p>\n<h4>INCI :<\/h4>\n<p>Aqua, Olea Europaea Fruit Oil\u00b0, Helianthus Annuus Seed Oil\u00b0, Persea Gratissima Oil*, Lanolin*, Rosa Canina Fruit Oil*, Butyrospermum Parki Butter*, Cera Alba\u00b0, Theobroma Cacao Seed Butter\u00b0, Rosa Damascena Flower Extract\u00b0, Hibiscus Sabdariffa Flower Extract\u00b0, Sambucus Nigra Extract\u00b0, Tocopherol, Gold, Silber, Aroma* (Rosa Damascena Flower Oil\u00b0, Geraniol**, Citronellol**).<\/p>\n<p>Legende: \u00b0 Demeter-zertifizierter Rohstoff,* aus kontrolliert biologischem Anbau,** Bestandteil echter \u00e4therischer \u00d6le.<br>Anwendung: Nach der Reinigung und dem Auftragen des Gesichtswassers (falls erforderlich) die Creme in die noch etwas feuchte Haut einmassieren. Alternativ zur Rosen-Gesichtsmilch oder gemischt f\u00fcr die t\u00e4gliche Gesichtspflege.<\/p>\n<p><br><span style=\"background-color: #ff9900; color: #ffffff;\">Demeter:<\/span> Ja<\/p>\n<p><br>Hauttyp: Mischhaut, anspruchsvolle Haut, reife Haut, empfindliche Haut, trockene Haut, zu Allergien neigende Haut, zu Entz\u00fcndungen neigende Haut.<\/p>\n<p>Ohne Alkohol: Ja<br>Vegan: Nein<\/p>\n<p>&nbsp;<\/p>\n<p>&nbsp;<\/p>\n<p>&nbsp;<\/p>\n<p>&nbsp;<\/p>\n<hr>\n<h2><strong>Aufbauende Creme<\/strong><\/h2>\n<p><a href=\"https:\/\/bien-etreiris.ch\/de\/produktpraesentation\/natuerliche-kosmetik\/gesicht-koerper\/gesichtspflege\/peaux-seches-et-sensibles\/jessica-perrin-8-2\/\"><img loading=\"lazy\" decoding=\"async\" class=\"wp-image-75546  alignleft\" src=\"https:\/\/bien-etreiris.ch\/wp-content\/uploads\/2023\/09\/jessica-perrin.jpg\" alt=\"\" width=\"335\" height=\"316\"><\/a><\/p>\n<p>&nbsp;<\/p>\n<p>&nbsp;<\/p>\n<p><strong><a href=\"https:\/\/bien-etreiris.ch\/de\/unsere-marken\/jessica-perrin\/\" target=\"_blank\" rel=\"noopener\">Jessica Perrin<\/a><a href=\"https:\/\/bien-etreiris.ch\/de\/produktpraesentation\/gesundes-leben\/gesunde-lebensmittel\/superfoods\/koernrer-samen\/hanfsamen\/suisse-2-2\/\" rel=\"attachment wp-att-75231\"><img loading=\"lazy\" decoding=\"async\" class=\"alignnone  wp-image-75231\" src=\"https:\/\/bien-etreiris.ch\/wp-content\/uploads\/2023\/09\/suisse.png\" alt=\"\" width=\"37\" height=\"37\"><\/a><a href=\"https:\/\/bien-etreiris.ch\/de\/produktpraesentation\/gesundes-leben\/gesunde-lebensmittel\/superfoods\/koernrer-samen\/hanfsamen\/fribourg-2\/\" rel=\"attachment wp-att-75234\"><img loading=\"lazy\" decoding=\"async\" class=\"alignnone  wp-image-75234\" src=\"https:\/\/bien-etreiris.ch\/wp-content\/uploads\/2023\/09\/fribourg.png\" alt=\"\" width=\"37\" height=\"38\"><\/a><br><\/strong><\/p>\n<p>Sans Parfum&nbsp;<\/p>\n<p>Pot de 50 ML<strong> CHF 26.00<\/strong><\/p>\n<p><strong>&nbsp;<\/strong><\/p>\n<p>&nbsp;<\/p>\n<p><strong>JESSICA PERRIN<\/strong><\/p>\n<p>ohne Duft<\/p>\n<p>Topf mit 50 ML<strong>&nbsp;CHF 26.00<\/strong><\/p>\n<p><strong>&nbsp;<\/strong><\/p>\n<p>&nbsp;<\/p>\n<p>&nbsp;<\/p>\n<h4>DIE VORZ\u00dcGE IHRER AUFBAUENDEN CREME :<\/h4>\n<p>&nbsp;<\/p>\n<p>Diese n\u00e4hrende (fr\u00fcher feuchtigkeitsspendende) Creme wird Ihr Verb\u00fcndeter sein, egal ob Sie fettige, trockene oder unkomplizierte Haut haben &#x1f609;.<\/p>\n<p>Diese Creme besteht aus BIO-Pflanzen\u00f6len und respektiert Ihre Haut. Sie brauchen keine Tages- oder Nachtcreme mehr, keine Cremes f\u00fcr dies und das, sondern sie ist es, die Ihre Haut n\u00e4hrt, damit sie ihre Feuchtigkeit bewahrt!<\/p>\n<p>Sanfter, pudriger und blumiger Duft<\/p>\n<p>&nbsp;<a href=\"https:\/\/bien-etreiris.ch\/de\/produktpraesentation\/natuerliche-kosmetik\/gesicht-koerper\/gesichtspflege\/tonic-lotion\/\">\"Das Geheimnis einer sch\u00f6nen Haut\".&nbsp;<\/a><\/p>\n<p>&nbsp;<\/p>\n<p>&nbsp;<\/p>\n<p>&nbsp;<\/p>\n<p>&nbsp;<\/p>\n<p>&nbsp;<\/p>\n<hr>\n<h4>Mimose - peau sensible<\/h4>\n<p><a href=\"https:\/\/decoiris.ch\/wp-content\/uploads\/2021\/01\/acceuil-mimose.png\"><img loading=\"lazy\" decoding=\"async\" class=\"size-medium wp-image-38692 alignleft\" src=\"https:\/\/decoiris.ch\/wp-content\/uploads\/2021\/01\/acceuil-mimose-192x300.png\" sizes=\"auto, (max-width: 192px) 100vw, 192px\" srcset=\"https:\/\/bien-etreiris.ch\/wp-content\/uploads\/2021\/01\/acceuil-mimose-192x300.png 192w, https:\/\/bien-etreiris.ch\/wp-content\/uploads\/2021\/01\/acceuil-mimose.png 615w\" alt=\"\" width=\"192\" height=\"300\"><\/a><\/p>\n<h1>&nbsp;<\/h1>\n<p>&nbsp;<\/p>\n<p>&nbsp;<\/p>\n<p>&nbsp;<\/p>\n<div class=\"category-intro\">\n<div class=\"category-intro-inner\">\n<div class=\"category-intro-text text\">\n<p>Die Mimose ist ein Symbol f\u00fcr Sensibilit\u00e4t und Emotionalit\u00e4t. Ihre St\u00e4rke liegt jedoch in ihrem Schutzmechanismus. Sie reagiert auf Reize, indem sie ihre Bl\u00e4tter blitzschnell einzieht. Das sanfte \u00e4therische \u00d6l in den gelben Pomponbl\u00fcten sch\u00fctzt auch empfindliche Haut vor \u00e4usseren Einfl\u00fcssen.<\/p>\n<\/div>\n<\/div>\n<\/div>\n<h2>&nbsp;<\/h2>\n<h2><br><strong>Mimose, Beruhigende Schutzcreme<\/strong><\/h2>\n<p><a href=\"https:\/\/decoiris.ch\/wp-content\/uploads\/2021\/01\/mimose-peau-sensible.png\"><img loading=\"lazy\" decoding=\"async\" class=\" wp-image-38696 alignleft\" src=\"https:\/\/decoiris.ch\/wp-content\/uploads\/2021\/01\/mimose-peau-sensible-200x300.png\" sizes=\"auto, (max-width: 200px) 100vw, 200px\" srcset=\"https:\/\/bien-etreiris.ch\/wp-content\/uploads\/2021\/01\/mimose-peau-sensible-200x300.png 200w, https:\/\/bien-etreiris.ch\/wp-content\/uploads\/2021\/01\/mimose-peau-sensible.png 347w\" alt=\"\" width=\"227\" height=\"341\"><\/a><\/p>\n<h1>&nbsp;<\/h1>\n<p>&nbsp;<\/p>\n<p><strong>FARFALLA<a href=\"https:\/\/bien-etreiris.ch\/de\/produktpraesentation\/gesundes-leben\/gesunde-lebensmittel\/superfoods\/koernrer-samen\/hanfsamen\/suisse-2-2\/\" rel=\"attachment wp-att-75233\"><img loading=\"lazy\" decoding=\"async\" class=\"alignnone  wp-image-75233\" src=\"https:\/\/bien-etreiris.ch\/wp-content\/uploads\/2023\/09\/suisse.png\" alt=\"\" width=\"36\" height=\"36\"><\/a><a href=\"https:\/\/bien-etreiris.ch\/de\/produktpraesentation\/natuerliche-kosmetik\/gesicht-koerper\/gesichtspflege\/trockene-und-empfindliche-haut\/zuerich\/\" rel=\"attachment wp-att-75571\"><img loading=\"lazy\" decoding=\"async\" class=\"alignnone size-full wp-image-75571\" src=\"https:\/\/bien-etreiris.ch\/wp-content\/uploads\/2023\/09\/zuerich.png\" alt=\"\" width=\"37\" height=\"34\"><\/a> <a href=\"https:\/\/bien-etreiris.ch\/de\/produktpraesentation\/natuerliche-kosmetik\/gesicht-koerper\/gesichtspflege\/trockene-und-empfindliche-haut\/jura\/\" rel=\"attachment wp-att-75574\"><img loading=\"lazy\" decoding=\"async\" class=\"alignnone size-full wp-image-75574\" src=\"https:\/\/bien-etreiris.ch\/wp-content\/uploads\/2023\/09\/jura.png\" alt=\"\" width=\"39\" height=\"38\"><\/a><\/strong><\/p>\n<table style=\"width: 63.6907%; height: 30px;\" cellspacing=\"0\" cellpadding=\"0\">\n<tbody>\n<tr style=\"height: 10px;\">\n<td style=\"width: 24%; height: 10px;\" width=\"24%\">\n<p>Zertifikation:<\/p>\n<\/td>\n<td style=\"width: 39.506%; height: 10px;\" width=\"39%\">\n<p>NaTrue Cosm\u00e9tique biologique certifi\u00e9e<\/p>\n<\/td>\n<\/tr>\n<tr style=\"height: 10px;\">\n<td style=\"width: 24%; height: 10px;\" width=\"24%\">\n<p>Inhalt:<\/p>\n<\/td>\n<td style=\"width: 39.506%; height: 10px;\" width=\"39%\">\n<p>30ml <strong>CHF 29.60<\/strong><\/p>\n<\/td>\n<\/tr>\n<tr style=\"height: 10px;\">\n<td style=\"width: 24%; height: 10px;\" width=\"24%\">\n<p>Vegan:<\/p>\n<\/td>\n<td style=\"width: 39.506%; height: 10px;\" width=\"39%\">\n<p>ja<\/p>\n<\/td>\n<\/tr>\n<\/tbody>\n<\/table>\n<p>&nbsp;<\/p>\n<p>&nbsp;<\/p>\n<p>&nbsp;<\/p>\n<p>Empfindliche Haut f\u00fchlt sich durch die kontinuierliche Pflege mit wirksamen Pflanzen beruhigt und gesch\u00fctzt. Die regenerierende Kraft der Mimose hilft ihr, ihr Gleichgewicht wiederzufinden. In Synergie mit dem Extrakt der Ackerdistel sch\u00fctzt sie die Haut vor oxidativem Stress. Bio-Granatapfelkern\u00f6l und Bio-Mandel\u00f6l verbessern sichtbar den Feuchtigkeitsgehalt der Haut und st\u00e4rken ihre Schutzbarriere. Wirksamkeitsnachweis : Sichtbare Verbesserung der Hautfeuchtigkeit um 37%, Ergebnisse nach 28 Tagen Anwendung.<\/p>\n<p>&nbsp;<\/p>\n<hr>\n<div class=\"rah-static rah-static--height-auto\" aria-hidden=\"false\">\n<div>\n<div class=\"_1yvxJ fggS- cell\">\n<div class=\"WncCi\" data-hook=\"info-section-description\">\n<div class=\"rah-static rah-static--height-auto\" aria-hidden=\"false\">\n<div>\n<div class=\"_1yvxJ fggS- cell\">\n<div class=\"WncCi\" data-hook=\"info-section-description\">\n<p>&nbsp;<\/p>\n<p>&nbsp;<\/p>\n<\/div>\n<\/div>\n<\/div>\n<\/div>\n<\/div>\n<\/div>\n<\/div>\n<\/div>\n","protected":false},"excerpt":{"rendered":"<p>F\u00fcr trockene und empfindliche Haut Trockene Haut (Fachbegriff: Xerosis) ist ein weit verbreitetes Problem, von dem weltweit bis zu 50 % der Menschen betroffen sind. Sie ist auf einen Feuchtigkeitsmangel in der oberen Hautschicht zur\u00fcckzuf\u00fchren. Sie kann sehr unangenehm sein, aber mit den richtigen Pflegeprodukten und Informationen k\u00f6nnen die Anzeichen trockener Haut sofort und dauerhaft gelindert werden. &nbsp; \"Cr\u00e8me ROSE\"&nbsp;<a href=\"https:\/\/bien-etreiris.ch\/de\/produktpraesentation\/natuerliche-kosmetik\/gesicht-koerper\/gesichtspflege\/trockene-und-empfindliche-haut\/\" class=\"read-more\">Weiter lesen<\/a><\/p>\n","protected":false},"author":1,"featured_media":52104,"parent":52087,"menu_order":5138,"comment_status":"closed","ping_status":"closed","template":"page-with-child.php","meta":{"_acf_changed":false,"ngg_post_thumbnail":0,"footnotes":""},"class_list":["post-52106","page","type-page","status-publish","has-post-thumbnail","hentry"],"acf":[],"yoast_head":"<!-- This site is optimized with the Yoast SEO plugin v27.5 - https:\/\/yoast.com\/product\/yoast-seo-wordpress\/ -->\n<title>TROCKENE-EMPFINDLICHE - WOHLBEFINDEN<\/title>\n<meta name=\"robots\" content=\"index, follow, max-snippet:-1, max-image-preview:large, max-video-preview:-1\" \/>\n<link rel=\"canonical\" href=\"https:\/\/bien-etreiris.ch\/de\/produktpraesentation\/natuerliche-kosmetik\/gesicht-koerper\/gesichtspflege\/trockene-und-empfindliche-haut\/\" \/>\n<meta property=\"og:locale\" content=\"de_DE\" \/>\n<meta property=\"og:type\" content=\"article\" \/>\n<meta property=\"og:title\" content=\"TROCKENE-EMPFINDLICHE - WOHLBEFINDEN\" \/>\n<meta property=\"og:description\" content=\"F\u00fcr trockene und empfindliche Haut Trockene Haut (Fachbegriff: Xerosis) ist ein weit verbreitetes Problem, von dem weltweit bis zu 50 % der Menschen betroffen sind. Sie ist auf einen Feuchtigkeitsmangel in der oberen Hautschicht zur\u00fcckzuf\u00fchren. Sie kann sehr unangenehm sein, aber mit den richtigen Pflegeprodukten und Informationen k\u00f6nnen die Anzeichen trockener Haut sofort und dauerhaft gelindert werden. &nbsp; &quot;Cr\u00e8me ROSE&quot;&nbsp;Weiter lesen\" \/>\n<meta property=\"og:url\" content=\"https:\/\/bien-etreiris.ch\/de\/produktpraesentation\/natuerliche-kosmetik\/gesicht-koerper\/gesichtspflege\/trockene-und-empfindliche-haut\/\" \/>\n<meta property=\"og:site_name\" content=\"WOHLBEFINDEN\" \/>\n<meta property=\"article:publisher\" content=\"https:\/\/www.facebook.com\/bienetreiris\/\" \/>\n<meta property=\"article:modified_time\" content=\"2023-09-18T08:01:03+00:00\" \/>\n<meta property=\"og:image\" content=\"https:\/\/bien-etreiris.ch\/wp-content\/uploads\/2021\/07\/seches-et-sensibles.jpg\" \/>\n\t<meta property=\"og:image:width\" content=\"500\" \/>\n\t<meta property=\"og:image:height\" content=\"333\" \/>\n\t<meta property=\"og:image:type\" content=\"image\/jpeg\" \/>\n<meta name=\"twitter:label1\" content=\"Gesch\u00e4tzte Lesezeit\" \/>\n\t<meta name=\"twitter:data1\" content=\"5\u00a0Minuten\" \/>\n<script type=\"application\/ld+json\" class=\"yoast-schema-graph\">{\"@context\":\"https:\\\/\\\/schema.org\",\"@graph\":[{\"@type\":\"WebPage\",\"@id\":\"https:\\\/\\\/bien-etreiris.ch\\\/de\\\/produktpraesentation\\\/natuerliche-kosmetik\\\/gesicht-koerper\\\/gesichtspflege\\\/trockene-und-empfindliche-haut\\\/\",\"url\":\"https:\\\/\\\/bien-etreiris.ch\\\/de\\\/produktpraesentation\\\/natuerliche-kosmetik\\\/gesicht-koerper\\\/gesichtspflege\\\/trockene-und-empfindliche-haut\\\/\",\"name\":\"TROCKENE-EMPFINDLICHE - WOHLBEFINDEN\",\"isPartOf\":{\"@id\":\"https:\\\/\\\/bien-etreiris.ch\\\/de\\\/#website\"},\"primaryImageOfPage\":{\"@id\":\"https:\\\/\\\/bien-etreiris.ch\\\/de\\\/produktpraesentation\\\/natuerliche-kosmetik\\\/gesicht-koerper\\\/gesichtspflege\\\/trockene-und-empfindliche-haut\\\/#primaryimage\"},\"image\":{\"@id\":\"https:\\\/\\\/bien-etreiris.ch\\\/de\\\/produktpraesentation\\\/natuerliche-kosmetik\\\/gesicht-koerper\\\/gesichtspflege\\\/trockene-und-empfindliche-haut\\\/#primaryimage\"},\"thumbnailUrl\":\"https:\\\/\\\/bien-etreiris.ch\\\/wp-content\\\/uploads\\\/2021\\\/07\\\/seches-et-sensibles.jpg\",\"datePublished\":\"2021-07-12T14:50:51+00:00\",\"dateModified\":\"2023-09-18T08:01:03+00:00\",\"breadcrumb\":{\"@id\":\"https:\\\/\\\/bien-etreiris.ch\\\/de\\\/produktpraesentation\\\/natuerliche-kosmetik\\\/gesicht-koerper\\\/gesichtspflege\\\/trockene-und-empfindliche-haut\\\/#breadcrumb\"},\"inLanguage\":\"de\",\"potentialAction\":[{\"@type\":\"ReadAction\",\"target\":[\"https:\\\/\\\/bien-etreiris.ch\\\/de\\\/produktpraesentation\\\/natuerliche-kosmetik\\\/gesicht-koerper\\\/gesichtspflege\\\/trockene-und-empfindliche-haut\\\/\"]}]},{\"@type\":\"ImageObject\",\"inLanguage\":\"de\",\"@id\":\"https:\\\/\\\/bien-etreiris.ch\\\/de\\\/produktpraesentation\\\/natuerliche-kosmetik\\\/gesicht-koerper\\\/gesichtspflege\\\/trockene-und-empfindliche-haut\\\/#primaryimage\",\"url\":\"https:\\\/\\\/bien-etreiris.ch\\\/wp-content\\\/uploads\\\/2021\\\/07\\\/seches-et-sensibles.jpg\",\"contentUrl\":\"https:\\\/\\\/bien-etreiris.ch\\\/wp-content\\\/uploads\\\/2021\\\/07\\\/seches-et-sensibles.jpg\",\"width\":500,\"height\":333},{\"@type\":\"BreadcrumbList\",\"@id\":\"https:\\\/\\\/bien-etreiris.ch\\\/de\\\/produktpraesentation\\\/natuerliche-kosmetik\\\/gesicht-koerper\\\/gesichtspflege\\\/trockene-und-empfindliche-haut\\\/#breadcrumb\",\"itemListElement\":[{\"@type\":\"ListItem\",\"position\":1,\"name\":\"Home\",\"item\":\"https:\\\/\\\/bien-etreiris.ch\\\/de\\\/\"},{\"@type\":\"ListItem\",\"position\":2,\"name\":\"PRODUKTPR\u00c4SENTATION\",\"item\":\"https:\\\/\\\/bien-etreiris.ch\\\/de\\\/produktpraesentation\\\/\"},{\"@type\":\"ListItem\",\"position\":3,\"name\":\"NAT\u00dcRLICHE KOSMETIK\",\"item\":\"https:\\\/\\\/bien-etreiris.ch\\\/de\\\/produktpraesentation\\\/natuerliche-kosmetik\\\/\"},{\"@type\":\"ListItem\",\"position\":4,\"name\":\"GESICHT &#038; K\u00d6RPER\",\"item\":\"https:\\\/\\\/bien-etreiris.ch\\\/de\\\/produktpraesentation\\\/natuerliche-kosmetik\\\/gesicht-koerper\\\/\"},{\"@type\":\"ListItem\",\"position\":5,\"name\":\"GESICHTSPFLEGE\",\"item\":\"https:\\\/\\\/bien-etreiris.ch\\\/de\\\/produktpraesentation\\\/natuerliche-kosmetik\\\/gesicht-koerper\\\/gesichtspflege\\\/\"},{\"@type\":\"ListItem\",\"position\":6,\"name\":\"TROCKENE-EMPFINDLICHE\"}]},{\"@type\":\"WebSite\",\"@id\":\"https:\\\/\\\/bien-etreiris.ch\\\/de\\\/#website\",\"url\":\"https:\\\/\\\/bien-etreiris.ch\\\/de\\\/\",\"name\":\"Bien-\u00eatre Iris\",\"description\":\"IHRE Gesundheit ist uns wichtig\",\"potentialAction\":[{\"@type\":\"SearchAction\",\"target\":{\"@type\":\"EntryPoint\",\"urlTemplate\":\"https:\\\/\\\/bien-etreiris.ch\\\/de\\\/?s={search_term_string}\"},\"query-input\":{\"@type\":\"PropertyValueSpecification\",\"valueRequired\":true,\"valueName\":\"search_term_string\"}}],\"inLanguage\":\"de\"}]}<\/script>\n<!-- \/ Yoast SEO plugin. -->","yoast_head_json":{"title":"TROCKENE-EMPFINDLICHE - WOHLBEFINDEN","robots":{"index":"index","follow":"follow","max-snippet":"max-snippet:-1","max-image-preview":"max-image-preview:large","max-video-preview":"max-video-preview:-1"},"canonical":"https:\/\/bien-etreiris.ch\/de\/produktpraesentation\/natuerliche-kosmetik\/gesicht-koerper\/gesichtspflege\/trockene-und-empfindliche-haut\/","og_locale":"de_DE","og_type":"article","og_title":"TROCKENE-EMPFINDLICHE - WOHLBEFINDEN","og_description":"F\u00fcr trockene und empfindliche Haut Trockene Haut (Fachbegriff: Xerosis) ist ein weit verbreitetes Problem, von dem weltweit bis zu 50 % der Menschen betroffen sind. Sie ist auf einen Feuchtigkeitsmangel in der oberen Hautschicht zur\u00fcckzuf\u00fchren. Sie kann sehr unangenehm sein, aber mit den richtigen Pflegeprodukten und Informationen k\u00f6nnen die Anzeichen trockener Haut sofort und dauerhaft gelindert werden. &nbsp; \"Cr\u00e8me ROSE\"&nbsp;Weiter lesen","og_url":"https:\/\/bien-etreiris.ch\/de\/produktpraesentation\/natuerliche-kosmetik\/gesicht-koerper\/gesichtspflege\/trockene-und-empfindliche-haut\/","og_site_name":"WOHLBEFINDEN","article_publisher":"https:\/\/www.facebook.com\/bienetreiris\/","article_modified_time":"2023-09-18T08:01:03+00:00","og_image":[{"width":500,"height":333,"url":"https:\/\/bien-etreiris.ch\/wp-content\/uploads\/2021\/07\/seches-et-sensibles.jpg","type":"image\/jpeg"}],"twitter_misc":{"Gesch\u00e4tzte Lesezeit":"5\u00a0Minuten"},"schema":{"@context":"https:\/\/schema.org","@graph":[{"@type":"WebPage","@id":"https:\/\/bien-etreiris.ch\/de\/produktpraesentation\/natuerliche-kosmetik\/gesicht-koerper\/gesichtspflege\/trockene-und-empfindliche-haut\/","url":"https:\/\/bien-etreiris.ch\/de\/produktpraesentation\/natuerliche-kosmetik\/gesicht-koerper\/gesichtspflege\/trockene-und-empfindliche-haut\/","name":"TROCKENE-EMPFINDLICHE - WOHLBEFINDEN","isPartOf":{"@id":"https:\/\/bien-etreiris.ch\/de\/#website"},"primaryImageOfPage":{"@id":"https:\/\/bien-etreiris.ch\/de\/produktpraesentation\/natuerliche-kosmetik\/gesicht-koerper\/gesichtspflege\/trockene-und-empfindliche-haut\/#primaryimage"},"image":{"@id":"https:\/\/bien-etreiris.ch\/de\/produktpraesentation\/natuerliche-kosmetik\/gesicht-koerper\/gesichtspflege\/trockene-und-empfindliche-haut\/#primaryimage"},"thumbnailUrl":"https:\/\/bien-etreiris.ch\/wp-content\/uploads\/2021\/07\/seches-et-sensibles.jpg","datePublished":"2021-07-12T14:50:51+00:00","dateModified":"2023-09-18T08:01:03+00:00","breadcrumb":{"@id":"https:\/\/bien-etreiris.ch\/de\/produktpraesentation\/natuerliche-kosmetik\/gesicht-koerper\/gesichtspflege\/trockene-und-empfindliche-haut\/#breadcrumb"},"inLanguage":"de","potentialAction":[{"@type":"ReadAction","target":["https:\/\/bien-etreiris.ch\/de\/produktpraesentation\/natuerliche-kosmetik\/gesicht-koerper\/gesichtspflege\/trockene-und-empfindliche-haut\/"]}]},{"@type":"ImageObject","inLanguage":"de","@id":"https:\/\/bien-etreiris.ch\/de\/produktpraesentation\/natuerliche-kosmetik\/gesicht-koerper\/gesichtspflege\/trockene-und-empfindliche-haut\/#primaryimage","url":"https:\/\/bien-etreiris.ch\/wp-content\/uploads\/2021\/07\/seches-et-sensibles.jpg","contentUrl":"https:\/\/bien-etreiris.ch\/wp-content\/uploads\/2021\/07\/seches-et-sensibles.jpg","width":500,"height":333},{"@type":"BreadcrumbList","@id":"https:\/\/bien-etreiris.ch\/de\/produktpraesentation\/natuerliche-kosmetik\/gesicht-koerper\/gesichtspflege\/trockene-und-empfindliche-haut\/#breadcrumb","itemListElement":[{"@type":"ListItem","position":1,"name":"Home","item":"https:\/\/bien-etreiris.ch\/de\/"},{"@type":"ListItem","position":2,"name":"PRODUKTPR\u00c4SENTATION","item":"https:\/\/bien-etreiris.ch\/de\/produktpraesentation\/"},{"@type":"ListItem","position":3,"name":"NAT\u00dcRLICHE KOSMETIK","item":"https:\/\/bien-etreiris.ch\/de\/produktpraesentation\/natuerliche-kosmetik\/"},{"@type":"ListItem","position":4,"name":"GESICHT &#038; K\u00d6RPER","item":"https:\/\/bien-etreiris.ch\/de\/produktpraesentation\/natuerliche-kosmetik\/gesicht-koerper\/"},{"@type":"ListItem","position":5,"name":"GESICHTSPFLEGE","item":"https:\/\/bien-etreiris.ch\/de\/produktpraesentation\/natuerliche-kosmetik\/gesicht-koerper\/gesichtspflege\/"},{"@type":"ListItem","position":6,"name":"TROCKENE-EMPFINDLICHE"}]},{"@type":"WebSite","@id":"https:\/\/bien-etreiris.ch\/de\/#website","url":"https:\/\/bien-etreiris.ch\/de\/","name":"Bien-\u00eatre Iris","description":"IHRE Gesundheit ist uns wichtig","potentialAction":[{"@type":"SearchAction","target":{"@type":"EntryPoint","urlTemplate":"https:\/\/bien-etreiris.ch\/de\/?s={search_term_string}"},"query-input":{"@type":"PropertyValueSpecification","valueRequired":true,"valueName":"search_term_string"}}],"inLanguage":"de"}]}},"_links":{"self":[{"href":"https:\/\/bien-etreiris.ch\/de\/wp-json\/wp\/v2\/pages\/52106","targetHints":{"allow":["GET"]}}],"collection":[{"href":"https:\/\/bien-etreiris.ch\/de\/wp-json\/wp\/v2\/pages"}],"about":[{"href":"https:\/\/bien-etreiris.ch\/de\/wp-json\/wp\/v2\/types\/page"}],"author":[{"embeddable":true,"href":"https:\/\/bien-etreiris.ch\/de\/wp-json\/wp\/v2\/users\/1"}],"replies":[{"embeddable":true,"href":"https:\/\/bien-etreiris.ch\/de\/wp-json\/wp\/v2\/comments?post=52106"}],"version-history":[{"count":9,"href":"https:\/\/bien-etreiris.ch\/de\/wp-json\/wp\/v2\/pages\/52106\/revisions"}],"predecessor-version":[{"id":75577,"href":"https:\/\/bien-etreiris.ch\/de\/wp-json\/wp\/v2\/pages\/52106\/revisions\/75577"}],"up":[{"embeddable":true,"href":"https:\/\/bien-etreiris.ch\/de\/wp-json\/wp\/v2\/pages\/52087"}],"wp:featuredmedia":[{"embeddable":true,"href":"https:\/\/bien-etreiris.ch\/de\/wp-json\/wp\/v2\/media\/52104"}],"wp:attachment":[{"href":"https:\/\/bien-etreiris.ch\/de\/wp-json\/wp\/v2\/media?parent=52106"}],"curies":[{"name":"wp","href":"https:\/\/api.w.org\/{rel}","templated":true}]}}