{"id":52096,"date":"2021-07-12T16:49:27","date_gmt":"2021-07-12T14:49:27","guid":{"rendered":"https:\/\/bien-etreiris.ch\/?page_id=52096"},"modified":"2022-09-24T03:48:58","modified_gmt":"2022-09-24T01:48:58","slug":"fuer-reife-haut","status":"publish","type":"page","link":"https:\/\/bien-etreiris.ch\/de\/produktpraesentation\/natuerliche-kosmetik\/gesicht-koerper\/gesichtspflege\/fuer-reife-haut\/","title":{"rendered":"F\u00dcR REIFE HAUT"},"content":{"rendered":"\n<h2>F\u00fcr reife Haut<\/h2>\n<h4>&nbsp;<\/h4>\n<h4><a href=\"https:\/\/bien-etreiris.ch\/wp-content\/uploads\/2021\/08\/Creme-peau-mature.png\"><img loading=\"lazy\" decoding=\"async\" class=\"wp-image-53336 size-full alignleft\" src=\"https:\/\/bien-etreiris.ch\/wp-content\/uploads\/2021\/08\/Creme-peau-mature.png\" alt=\"\" width=\"234\" height=\"204\"><\/a><\/h4>\n<h4>&nbsp;<\/h4>\n<h4>JESSICA PERRIN<\/h4>\n<div class=\"rah-static rah-static--height-auto\" aria-hidden=\"false\">\n<div>\n<div class=\"_1yvxJ fggS- cell\">\n<div class=\"WncCi\" data-hook=\"info-section-description\">\n<p>Diese 100% nat\u00fcrliche Creme f\u00fcr reife Haut wird ab 30 Jahren Ihre Verb\u00fcndete sein. Und ja!<\/p>\n<p>Pot de 50 ML&nbsp; <strong>CHF 26.00<\/strong><\/p>\n<p><strong>&nbsp;<\/strong><\/p>\n<\/div>\n<p>&nbsp;<\/p>\n<div class=\"WncCi\" data-hook=\"info-section-description\">\n<p>Es mag erstaunlich klingen, aber die Hautzellen beginnen in dieser Altersgruppe, sich zu verschlechtern. Diese Pflege besteht aus BIO-Pflanzen\u00f6len, die die Hautzellen regenerieren und gesund erhalten. In Kombination mit dem Tonikum \"Das Geheimnis einer sch\u00f6nen Haut\" wird Ihr Gesicht strahlen und Sie k\u00f6nnen mit Schneewittchen konkurrieren, Ihr Spiegel wird es Ihnen best\u00e4tigen ;-)! <img decoding=\"async\" class=\"emoji\" role=\"img\" draggable=\"false\" src=\"https:\/\/s.w.org\/images\/core\/emoji\/13.0.1\/svg\/1f609.svg\" alt=\"&#x1f609;\">!<\/p>\n<div class=\"rah-static rah-static--height-auto\" aria-hidden=\"false\">\n<div>\n<div class=\"_1yvxJ fggS- cell\">\n<div class=\"WncCi\" data-hook=\"info-section-description\">\n<p>Tragen Sie diese Pflegecreme nach der gr\u00fcndlichen Reinigung Ihrer Haut auf, idealerweise mit dem Tonic <a href=\"https:\/\/bien-etreiris.ch\/de\/produktpraesentation\/natuerliche-kosmetik\/gesicht-koerper\/gesichtspflege\/tonic-lotion\/\" target=\"_blank\" rel=\"noopener\">\"Das Geheimnis sch\u00f6ner Haut\".&nbsp;<\/a><\/p>\n<\/div>\n<\/div>\n<p>&nbsp;<\/p>\n<div class=\"_1yvxJ fggS- cell\"><hr>\n<div class=\"WncCi\" data-hook=\"info-section-description\">\n<h2>Immortelle - Luxuri\u00f6se Anti-Aging-Pflege<\/h2>\n<div class=\"category-intro\">\n<div class=\"category-intro-inner\">\n<div class=\"category-intro-text text\">\n<h2><a href=\"https:\/\/decoiris.ch\/wp-content\/uploads\/2021\/01\/acceuil-immortelle.png\"><img loading=\"lazy\" decoding=\"async\" class=\"size-medium wp-image-38686 alignleft\" src=\"https:\/\/decoiris.ch\/wp-content\/uploads\/2021\/01\/acceuil-immortelle-221x300.png\" sizes=\"auto, (max-width: 221px) 100vw, 221px\" srcset=\"https:\/\/bien-etreiris.ch\/wp-content\/uploads\/2021\/01\/acceuil-immortelle-221x300.png 221w, https:\/\/bien-etreiris.ch\/wp-content\/uploads\/2021\/01\/acceuil-immortelle.png 400w\" alt=\"\" width=\"221\" height=\"300\"><\/a><\/h2>\n<\/div>\n<\/div>\n<\/div>\n<p>&nbsp;<\/p>\n<p>&nbsp;<\/p>\n<p>&nbsp;<\/p>\n<div class=\"category-intro\">\n<div class=\"category-intro-inner\">\n<div class=\"category-intro-text text\">\n<p>Schon der Name der Pflanze bedeutet ewiges Leben und die Ethnobotanik lobt ihre legend\u00e4ren Kr\u00e4fte. Dank ihrer regenerierenden Eigenschaften f\u00f6rdert die Immortelle die Metamorphose reifer Haut und sorgt f\u00fcr einen verj\u00fcngten, strahlenden Teint.<\/p>\n<\/div>\n<\/div>\n<\/div>\n<h2>&nbsp;<\/h2>\n<h2><br>Immortelle, Intensive <span data-v-a3a0f798=\"\" data-v-110880dd=\"\">Regenerationscreme<\/span><\/h2>\n<h2>&nbsp;<\/h2>\n<p><a href=\"https:\/\/decoiris.ch\/wp-content\/uploads\/2021\/01\/Immortelle-antiageing.png\"><img loading=\"lazy\" decoding=\"async\" class=\"size-medium wp-image-38666 alignleft\" src=\"https:\/\/decoiris.ch\/wp-content\/uploads\/2021\/01\/Immortelle-antiageing-200x300.png\" sizes=\"auto, (max-width: 200px) 100vw, 200px\" srcset=\"https:\/\/bien-etreiris.ch\/wp-content\/uploads\/2021\/01\/Immortelle-antiageing-200x300.png 200w, https:\/\/bien-etreiris.ch\/wp-content\/uploads\/2021\/01\/Immortelle-antiageing.png 347w\" alt=\"\" width=\"200\" height=\"300\"><\/a><\/p>\n<\/div>\n<\/div>\n<\/div>\n<\/div>\n<p>&nbsp;<\/p>\n<div class=\"rah-static rah-static--height-auto\" aria-hidden=\"false\">\n<div>\n<div class=\"_1yvxJ fggS- cell\">\n<h4>&nbsp;<\/h4>\n<h4>FARFALLA<\/h4>\n<div class=\"WncCi\" data-hook=\"info-section-description\">\n<table style=\"width: 59.2857%; height: 57px;\" cellspacing=\"0\" cellpadding=\"0\">\n<tbody>\n<tr>\n<td class=\"ArtVarWertBez\">Zertifikation:<\/td>\n<td class=\"ArtVarWertWert\">NaTrue Zertifizierte biologische Kosmetik<\/td>\n<\/tr>\n<tr>\n<td class=\"ArtVarWertBez\">Inhalt:<\/td>\n<td class=\"ArtVarWertWert\">30ml&nbsp; <strong>CHF 39.00<br><\/strong><\/td>\n<\/tr>\n<tr>\n<td class=\"ArtVarWertBez\">Vegan:<\/td>\n<td class=\"ArtVarWertWert\">oui<\/td>\n<\/tr>\n<\/tbody>\n<\/table>\n<p>&nbsp;<\/p>\n<p>&nbsp;<\/p>\n<\/div>\n<\/div>\n<\/div>\n<p>&nbsp;<\/p>\n<div>\n<div class=\"_1yvxJ fggS- cell\">\n<div class=\"WncCi\" data-hook=\"info-section-description\">\n<p>&nbsp;<\/p>\n<p>F\u00fcr einen sichtbar glatteren, faltenfreien Teint. Ein ausgefeilter Wirkstoffkomplex mit der unsterblichen Immortelle, pflanzlicher Hyalurons\u00e4ure und Parakresse-Extrakt bek\u00e4mpft alle Zeichen der Hautalterung und kaschiert sichtbare F\u00e4ltchen sofort. Die langanhaltende Feuchtigkeitsversorgung mit wertvollen Bio-Pflanzen\u00f6len reduziert die Spannungsgef\u00fchle der Haut und unterst\u00fctzt ihre Spannkraft.<\/p>\n<h4 class=\"c-simple-dl__item p-product-details__core-information-item--usage-info p-product-details__core-information-item\">Anwendungsinformationen<\/h4>\n<div data-v-2bb3a3b6=\"\" data-v-110880dd=\"\">&nbsp;<\/div>\n<div class=\"c-simple-dl__item p-product-details__core-information-item--usage-info p-product-details__core-information-item\" data-v-2bb3a3b6=\"\" data-v-110880dd=\"\">Um den Inhalt zu entnehmen, einfach den Tubenkopf dr\u00fccken. Morgens und abends auf die gereinigte und tonisierte Haut auftragen, ggfs. vorher das Immortelle Regenerierende Wirkstoffserum einklopfen.<\/div>\n<\/div>\n<\/div>\n<p>&nbsp;<\/p>\n<\/div>\n<\/div>\n<\/div>\n<\/div>\n<\/div>\n<\/div>\n<p>&nbsp;<\/p>\n<hr>\n<p>&nbsp;<\/p>\n","protected":false},"excerpt":{"rendered":"<p>F\u00fcr reife Haut &nbsp; &nbsp; JESSICA PERRIN Diese 100% nat\u00fcrliche Creme f\u00fcr reife Haut wird ab 30 Jahren Ihre Verb\u00fcndete sein. Und ja! Pot de 50 ML&nbsp; CHF 26.00 &nbsp; &nbsp; Es mag erstaunlich klingen, aber die Hautzellen beginnen in dieser Altersgruppe, sich zu verschlechtern. Diese Pflege besteht aus BIO-Pflanzen\u00f6len, die die Hautzellen regenerieren und gesund erhalten. In Kombination mit&nbsp;<a href=\"https:\/\/bien-etreiris.ch\/de\/produktpraesentation\/natuerliche-kosmetik\/gesicht-koerper\/gesichtspflege\/fuer-reife-haut\/\" class=\"read-more\">Weiter lesen<\/a><\/p>\n","protected":false},"author":1,"featured_media":52094,"parent":52087,"menu_order":5141,"comment_status":"closed","ping_status":"closed","template":"page-with-child.php","meta":{"_acf_changed":false,"ngg_post_thumbnail":0,"footnotes":""},"class_list":["post-52096","page","type-page","status-publish","has-post-thumbnail","hentry"],"acf":[],"yoast_head":"<!-- This site is optimized with the Yoast SEO plugin v27.5 - https:\/\/yoast.com\/product\/yoast-seo-wordpress\/ -->\n<title>F\u00dcR REIFE HAUT - WOHLBEFINDEN<\/title>\n<meta name=\"robots\" content=\"index, follow, max-snippet:-1, max-image-preview:large, max-video-preview:-1\" \/>\n<link rel=\"canonical\" href=\"https:\/\/bien-etreiris.ch\/de\/produktpraesentation\/natuerliche-kosmetik\/gesicht-koerper\/gesichtspflege\/fuer-reife-haut\/\" \/>\n<meta property=\"og:locale\" content=\"de_DE\" \/>\n<meta property=\"og:type\" content=\"article\" \/>\n<meta property=\"og:title\" content=\"F\u00dcR REIFE HAUT - WOHLBEFINDEN\" \/>\n<meta property=\"og:description\" content=\"F\u00fcr reife Haut &nbsp; &nbsp; JESSICA PERRIN Diese 100% nat\u00fcrliche Creme f\u00fcr reife Haut wird ab 30 Jahren Ihre Verb\u00fcndete sein. Und ja! Pot de 50 ML&nbsp; CHF 26.00 &nbsp; &nbsp; Es mag erstaunlich klingen, aber die Hautzellen beginnen in dieser Altersgruppe, sich zu verschlechtern. Diese Pflege besteht aus BIO-Pflanzen\u00f6len, die die Hautzellen regenerieren und gesund erhalten. In Kombination mit&nbsp;Weiter lesen\" \/>\n<meta property=\"og:url\" content=\"https:\/\/bien-etreiris.ch\/de\/produktpraesentation\/natuerliche-kosmetik\/gesicht-koerper\/gesichtspflege\/fuer-reife-haut\/\" \/>\n<meta property=\"og:site_name\" content=\"WOHLBEFINDEN\" \/>\n<meta property=\"article:publisher\" content=\"https:\/\/www.facebook.com\/bienetreiris\/\" \/>\n<meta property=\"article:modified_time\" content=\"2022-09-24T01:48:58+00:00\" \/>\n<meta property=\"og:image\" content=\"https:\/\/bien-etreiris.ch\/wp-content\/uploads\/2021\/07\/Peaux-matures.jpg\" \/>\n\t<meta property=\"og:image:width\" content=\"500\" \/>\n\t<meta property=\"og:image:height\" content=\"333\" \/>\n\t<meta property=\"og:image:type\" content=\"image\/jpeg\" \/>\n<meta name=\"twitter:label1\" content=\"Gesch\u00e4tzte Lesezeit\" \/>\n\t<meta name=\"twitter:data1\" content=\"3\u00a0Minuten\" \/>\n<script type=\"application\/ld+json\" class=\"yoast-schema-graph\">{\"@context\":\"https:\\\/\\\/schema.org\",\"@graph\":[{\"@type\":\"WebPage\",\"@id\":\"https:\\\/\\\/bien-etreiris.ch\\\/de\\\/produktpraesentation\\\/natuerliche-kosmetik\\\/gesicht-koerper\\\/gesichtspflege\\\/fuer-reife-haut\\\/\",\"url\":\"https:\\\/\\\/bien-etreiris.ch\\\/de\\\/produktpraesentation\\\/natuerliche-kosmetik\\\/gesicht-koerper\\\/gesichtspflege\\\/fuer-reife-haut\\\/\",\"name\":\"F\u00dcR REIFE HAUT - WOHLBEFINDEN\",\"isPartOf\":{\"@id\":\"https:\\\/\\\/bien-etreiris.ch\\\/de\\\/#website\"},\"primaryImageOfPage\":{\"@id\":\"https:\\\/\\\/bien-etreiris.ch\\\/de\\\/produktpraesentation\\\/natuerliche-kosmetik\\\/gesicht-koerper\\\/gesichtspflege\\\/fuer-reife-haut\\\/#primaryimage\"},\"image\":{\"@id\":\"https:\\\/\\\/bien-etreiris.ch\\\/de\\\/produktpraesentation\\\/natuerliche-kosmetik\\\/gesicht-koerper\\\/gesichtspflege\\\/fuer-reife-haut\\\/#primaryimage\"},\"thumbnailUrl\":\"https:\\\/\\\/bien-etreiris.ch\\\/wp-content\\\/uploads\\\/2021\\\/07\\\/Peaux-matures.jpg\",\"datePublished\":\"2021-07-12T14:49:27+00:00\",\"dateModified\":\"2022-09-24T01:48:58+00:00\",\"breadcrumb\":{\"@id\":\"https:\\\/\\\/bien-etreiris.ch\\\/de\\\/produktpraesentation\\\/natuerliche-kosmetik\\\/gesicht-koerper\\\/gesichtspflege\\\/fuer-reife-haut\\\/#breadcrumb\"},\"inLanguage\":\"de\",\"potentialAction\":[{\"@type\":\"ReadAction\",\"target\":[\"https:\\\/\\\/bien-etreiris.ch\\\/de\\\/produktpraesentation\\\/natuerliche-kosmetik\\\/gesicht-koerper\\\/gesichtspflege\\\/fuer-reife-haut\\\/\"]}]},{\"@type\":\"ImageObject\",\"inLanguage\":\"de\",\"@id\":\"https:\\\/\\\/bien-etreiris.ch\\\/de\\\/produktpraesentation\\\/natuerliche-kosmetik\\\/gesicht-koerper\\\/gesichtspflege\\\/fuer-reife-haut\\\/#primaryimage\",\"url\":\"https:\\\/\\\/bien-etreiris.ch\\\/wp-content\\\/uploads\\\/2021\\\/07\\\/Peaux-matures.jpg\",\"contentUrl\":\"https:\\\/\\\/bien-etreiris.ch\\\/wp-content\\\/uploads\\\/2021\\\/07\\\/Peaux-matures.jpg\",\"width\":500,\"height\":333},{\"@type\":\"BreadcrumbList\",\"@id\":\"https:\\\/\\\/bien-etreiris.ch\\\/de\\\/produktpraesentation\\\/natuerliche-kosmetik\\\/gesicht-koerper\\\/gesichtspflege\\\/fuer-reife-haut\\\/#breadcrumb\",\"itemListElement\":[{\"@type\":\"ListItem\",\"position\":1,\"name\":\"Home\",\"item\":\"https:\\\/\\\/bien-etreiris.ch\\\/de\\\/\"},{\"@type\":\"ListItem\",\"position\":2,\"name\":\"PRODUKTPR\u00c4SENTATION\",\"item\":\"https:\\\/\\\/bien-etreiris.ch\\\/de\\\/produktpraesentation\\\/\"},{\"@type\":\"ListItem\",\"position\":3,\"name\":\"NAT\u00dcRLICHE KOSMETIK\",\"item\":\"https:\\\/\\\/bien-etreiris.ch\\\/de\\\/produktpraesentation\\\/natuerliche-kosmetik\\\/\"},{\"@type\":\"ListItem\",\"position\":4,\"name\":\"GESICHT &#038; K\u00d6RPER\",\"item\":\"https:\\\/\\\/bien-etreiris.ch\\\/de\\\/produktpraesentation\\\/natuerliche-kosmetik\\\/gesicht-koerper\\\/\"},{\"@type\":\"ListItem\",\"position\":5,\"name\":\"GESICHTSPFLEGE\",\"item\":\"https:\\\/\\\/bien-etreiris.ch\\\/de\\\/produktpraesentation\\\/natuerliche-kosmetik\\\/gesicht-koerper\\\/gesichtspflege\\\/\"},{\"@type\":\"ListItem\",\"position\":6,\"name\":\"F\u00dcR REIFE HAUT\"}]},{\"@type\":\"WebSite\",\"@id\":\"https:\\\/\\\/bien-etreiris.ch\\\/de\\\/#website\",\"url\":\"https:\\\/\\\/bien-etreiris.ch\\\/de\\\/\",\"name\":\"Bien-\u00eatre Iris\",\"description\":\"IHRE Gesundheit ist uns wichtig\",\"potentialAction\":[{\"@type\":\"SearchAction\",\"target\":{\"@type\":\"EntryPoint\",\"urlTemplate\":\"https:\\\/\\\/bien-etreiris.ch\\\/de\\\/?s={search_term_string}\"},\"query-input\":{\"@type\":\"PropertyValueSpecification\",\"valueRequired\":true,\"valueName\":\"search_term_string\"}}],\"inLanguage\":\"de\"}]}<\/script>\n<!-- \/ Yoast SEO plugin. -->","yoast_head_json":{"title":"F\u00dcR REIFE HAUT - WOHLBEFINDEN","robots":{"index":"index","follow":"follow","max-snippet":"max-snippet:-1","max-image-preview":"max-image-preview:large","max-video-preview":"max-video-preview:-1"},"canonical":"https:\/\/bien-etreiris.ch\/de\/produktpraesentation\/natuerliche-kosmetik\/gesicht-koerper\/gesichtspflege\/fuer-reife-haut\/","og_locale":"de_DE","og_type":"article","og_title":"F\u00dcR REIFE HAUT - WOHLBEFINDEN","og_description":"F\u00fcr reife Haut &nbsp; &nbsp; JESSICA PERRIN Diese 100% nat\u00fcrliche Creme f\u00fcr reife Haut wird ab 30 Jahren Ihre Verb\u00fcndete sein. Und ja! Pot de 50 ML&nbsp; CHF 26.00 &nbsp; &nbsp; Es mag erstaunlich klingen, aber die Hautzellen beginnen in dieser Altersgruppe, sich zu verschlechtern. Diese Pflege besteht aus BIO-Pflanzen\u00f6len, die die Hautzellen regenerieren und gesund erhalten. In Kombination mit&nbsp;Weiter lesen","og_url":"https:\/\/bien-etreiris.ch\/de\/produktpraesentation\/natuerliche-kosmetik\/gesicht-koerper\/gesichtspflege\/fuer-reife-haut\/","og_site_name":"WOHLBEFINDEN","article_publisher":"https:\/\/www.facebook.com\/bienetreiris\/","article_modified_time":"2022-09-24T01:48:58+00:00","og_image":[{"width":500,"height":333,"url":"https:\/\/bien-etreiris.ch\/wp-content\/uploads\/2021\/07\/Peaux-matures.jpg","type":"image\/jpeg"}],"twitter_misc":{"Gesch\u00e4tzte Lesezeit":"3\u00a0Minuten"},"schema":{"@context":"https:\/\/schema.org","@graph":[{"@type":"WebPage","@id":"https:\/\/bien-etreiris.ch\/de\/produktpraesentation\/natuerliche-kosmetik\/gesicht-koerper\/gesichtspflege\/fuer-reife-haut\/","url":"https:\/\/bien-etreiris.ch\/de\/produktpraesentation\/natuerliche-kosmetik\/gesicht-koerper\/gesichtspflege\/fuer-reife-haut\/","name":"F\u00dcR REIFE HAUT - WOHLBEFINDEN","isPartOf":{"@id":"https:\/\/bien-etreiris.ch\/de\/#website"},"primaryImageOfPage":{"@id":"https:\/\/bien-etreiris.ch\/de\/produktpraesentation\/natuerliche-kosmetik\/gesicht-koerper\/gesichtspflege\/fuer-reife-haut\/#primaryimage"},"image":{"@id":"https:\/\/bien-etreiris.ch\/de\/produktpraesentation\/natuerliche-kosmetik\/gesicht-koerper\/gesichtspflege\/fuer-reife-haut\/#primaryimage"},"thumbnailUrl":"https:\/\/bien-etreiris.ch\/wp-content\/uploads\/2021\/07\/Peaux-matures.jpg","datePublished":"2021-07-12T14:49:27+00:00","dateModified":"2022-09-24T01:48:58+00:00","breadcrumb":{"@id":"https:\/\/bien-etreiris.ch\/de\/produktpraesentation\/natuerliche-kosmetik\/gesicht-koerper\/gesichtspflege\/fuer-reife-haut\/#breadcrumb"},"inLanguage":"de","potentialAction":[{"@type":"ReadAction","target":["https:\/\/bien-etreiris.ch\/de\/produktpraesentation\/natuerliche-kosmetik\/gesicht-koerper\/gesichtspflege\/fuer-reife-haut\/"]}]},{"@type":"ImageObject","inLanguage":"de","@id":"https:\/\/bien-etreiris.ch\/de\/produktpraesentation\/natuerliche-kosmetik\/gesicht-koerper\/gesichtspflege\/fuer-reife-haut\/#primaryimage","url":"https:\/\/bien-etreiris.ch\/wp-content\/uploads\/2021\/07\/Peaux-matures.jpg","contentUrl":"https:\/\/bien-etreiris.ch\/wp-content\/uploads\/2021\/07\/Peaux-matures.jpg","width":500,"height":333},{"@type":"BreadcrumbList","@id":"https:\/\/bien-etreiris.ch\/de\/produktpraesentation\/natuerliche-kosmetik\/gesicht-koerper\/gesichtspflege\/fuer-reife-haut\/#breadcrumb","itemListElement":[{"@type":"ListItem","position":1,"name":"Home","item":"https:\/\/bien-etreiris.ch\/de\/"},{"@type":"ListItem","position":2,"name":"PRODUKTPR\u00c4SENTATION","item":"https:\/\/bien-etreiris.ch\/de\/produktpraesentation\/"},{"@type":"ListItem","position":3,"name":"NAT\u00dcRLICHE KOSMETIK","item":"https:\/\/bien-etreiris.ch\/de\/produktpraesentation\/natuerliche-kosmetik\/"},{"@type":"ListItem","position":4,"name":"GESICHT &#038; K\u00d6RPER","item":"https:\/\/bien-etreiris.ch\/de\/produktpraesentation\/natuerliche-kosmetik\/gesicht-koerper\/"},{"@type":"ListItem","position":5,"name":"GESICHTSPFLEGE","item":"https:\/\/bien-etreiris.ch\/de\/produktpraesentation\/natuerliche-kosmetik\/gesicht-koerper\/gesichtspflege\/"},{"@type":"ListItem","position":6,"name":"F\u00dcR REIFE HAUT"}]},{"@type":"WebSite","@id":"https:\/\/bien-etreiris.ch\/de\/#website","url":"https:\/\/bien-etreiris.ch\/de\/","name":"Bien-\u00eatre Iris","description":"IHRE Gesundheit ist uns wichtig","potentialAction":[{"@type":"SearchAction","target":{"@type":"EntryPoint","urlTemplate":"https:\/\/bien-etreiris.ch\/de\/?s={search_term_string}"},"query-input":{"@type":"PropertyValueSpecification","valueRequired":true,"valueName":"search_term_string"}}],"inLanguage":"de"}]}},"_links":{"self":[{"href":"https:\/\/bien-etreiris.ch\/de\/wp-json\/wp\/v2\/pages\/52096","targetHints":{"allow":["GET"]}}],"collection":[{"href":"https:\/\/bien-etreiris.ch\/de\/wp-json\/wp\/v2\/pages"}],"about":[{"href":"https:\/\/bien-etreiris.ch\/de\/wp-json\/wp\/v2\/types\/page"}],"author":[{"embeddable":true,"href":"https:\/\/bien-etreiris.ch\/de\/wp-json\/wp\/v2\/users\/1"}],"replies":[{"embeddable":true,"href":"https:\/\/bien-etreiris.ch\/de\/wp-json\/wp\/v2\/comments?post=52096"}],"version-history":[{"count":9,"href":"https:\/\/bien-etreiris.ch\/de\/wp-json\/wp\/v2\/pages\/52096\/revisions"}],"predecessor-version":[{"id":60289,"href":"https:\/\/bien-etreiris.ch\/de\/wp-json\/wp\/v2\/pages\/52096\/revisions\/60289"}],"up":[{"embeddable":true,"href":"https:\/\/bien-etreiris.ch\/de\/wp-json\/wp\/v2\/pages\/52087"}],"wp:featuredmedia":[{"embeddable":true,"href":"https:\/\/bien-etreiris.ch\/de\/wp-json\/wp\/v2\/media\/52094"}],"wp:attachment":[{"href":"https:\/\/bien-etreiris.ch\/de\/wp-json\/wp\/v2\/media?parent=52096"}],"curies":[{"name":"wp","href":"https:\/\/api.w.org\/{rel}","templated":true}]}}