{"id":49528,"date":"2021-06-05T10:35:34","date_gmt":"2021-06-05T08:35:34","guid":{"rendered":"https:\/\/bien-etreiris.ch\/?page_id=49528"},"modified":"2021-06-06T23:08:54","modified_gmt":"2021-06-06T21:08:54","slug":"arvenspaene","status":"publish","type":"page","link":"https:\/\/bien-etreiris.ch\/de\/produktpraesentation\/entspannen\/arven-produkte\/arvenspaene\/","title":{"rendered":"ARVEN-SP\u00c4NE"},"content":{"rendered":"\n<h2><strong><span class=\"tlid-translation translation\" lang=\"fr\"><span class=\"\" title=\"\">Holzsp\u00e4ne vom Arvenholz<\/span><\/span><\/strong><\/h2>\n<p><strong><span class=\"tlid-translation translation\" lang=\"fr\"><span class=\"\" title=\"\">&nbsp;&nbsp;&nbsp;&nbsp;&nbsp;&nbsp;&nbsp;&nbsp;&nbsp;&nbsp;&nbsp;&nbsp;&nbsp;&nbsp;&nbsp;&nbsp;&nbsp;&nbsp;&nbsp;&nbsp;&nbsp;&nbsp;&nbsp;&nbsp;&nbsp;&nbsp;&nbsp;&nbsp;&nbsp;&nbsp;&nbsp;&nbsp;&nbsp;&nbsp;&nbsp;&nbsp;&nbsp;&nbsp;&nbsp;&nbsp;&nbsp;&nbsp;&nbsp;&nbsp;&nbsp;&nbsp;&nbsp;&nbsp;&nbsp;&nbsp;&nbsp;&nbsp;&nbsp;&nbsp;&nbsp;&nbsp;&nbsp;&nbsp;&nbsp;&nbsp;&nbsp;&nbsp;&nbsp;&nbsp;&nbsp;&nbsp;&nbsp;&nbsp;&nbsp;&nbsp;&nbsp;&nbsp;&nbsp; <\/span><\/span><\/strong><\/p>\n<h4><a href=\"https:\/\/decoiris.ch\/wp-content\/uploads\/2019\/04\/arolle.png\"><img loading=\"lazy\" decoding=\"async\" class=\"size-full wp-image-16500 alignleft\" src=\"https:\/\/decoiris.ch\/wp-content\/uploads\/2019\/04\/arolle.png\" sizes=\"auto, (max-width: 300px) 100vw, 300px\" srcset=\"https:\/\/bien-etreiris.ch\/wp-content\/uploads\/2019\/04\/arolle.png 300w, https:\/\/bien-etreiris.ch\/wp-content\/uploads\/2019\/04\/arolle-150x150.png 150w\" alt=\"\" width=\"300\" height=\"300\"><\/a><\/h4>\n<h4>&nbsp;<\/h4>\n<h4>&nbsp;<\/h4>\n<h4><span class=\"\" title=\"\">Arolle - un parfum unique<\/span><\/h4>\n<p><strong><span class=\"tlid-translation translation\" lang=\"fr\"><span class=\"\" title=\"\">Dans un sachet en coton \u00e9cologique 200g<\/span><\/span><\/strong><\/p>\n<p>1 sachet prix de vente&nbsp; <strong>CHF 25.00<\/strong><\/p>\n<p><span title=\"\"><strong>Contenu<\/strong>&nbsp;<\/span><\/p>\n<p><span title=\"\">Copeaux d'arolle du Berg\u00fcn<\/span><\/p>\n<p>&nbsp;<\/p>\n<p>&nbsp;<\/p>\n<p>&nbsp;<\/p>\n<p><span title=\"\">Le sachet en coton \u00e9cologique est rempli de copeaux d'arolle <span class=\"\" title=\"\">rabot\u00e9s<\/span> \u00e0 la main de la r\u00e9gion de Berg\u00fcn.<\/span><\/p>\n<p><span title=\"\">Conseils d'utilisation: Les copeaux d'arolle peut \u00eatre utilis\u00e9 de la mani\u00e8re suivante: <\/span><\/p>\n<ul style=\"list-style-type: disc;\">\n<li><span class=\"tlid-translation translation\" lang=\"fr\"><span title=\"\">Le sachet de parfum sert de protection anti-mites dans le placard.<\/span> <\/span><\/li>\n<li><span class=\"tlid-translation translation\" lang=\"fr\"><span title=\"\">Une poign\u00e9e dans le bol \u00e0 fruits \u00e9loigne les mouches des fruits.<\/span> <\/span><\/li>\n<li><span class=\"tlid-translation translation\" lang=\"fr\"><span title=\"\">Comme un petit oreiller au lit pour un sommeil r\u00e9parateur.<\/span> <\/span><\/li>\n<li><span class=\"tlid-translation translation\" lang=\"fr\"><span title=\"\">Tremp\u00e9s dans l'eau, les chips apportent une infusion relaxante au sauna.<\/span> <\/span><\/li>\n<\/ul>\n<p><span class=\"tlid-translation translation\" lang=\"fr\"><span title=\"\">L'intensit\u00e9 du parfum du sac peut \u00eatre am\u00e9lior\u00e9e avec quelques gouttes d'huile de pin.<\/span><\/span><\/p>\n<p><span title=\"\">&nbsp;<\/span><\/p>\n<p><strong>&nbsp;<\/strong><\/p>\n","protected":false},"excerpt":{"rendered":"<p>Holzsp\u00e4ne vom Arvenholz &nbsp;&nbsp;&nbsp;&nbsp;&nbsp;&nbsp;&nbsp;&nbsp;&nbsp;&nbsp;&nbsp;&nbsp;&nbsp;&nbsp;&nbsp;&nbsp;&nbsp;&nbsp;&nbsp;&nbsp;&nbsp;&nbsp;&nbsp;&nbsp;&nbsp;&nbsp;&nbsp;&nbsp;&nbsp;&nbsp;&nbsp;&nbsp;&nbsp;&nbsp;&nbsp;&nbsp;&nbsp;&nbsp;&nbsp;&nbsp;&nbsp;&nbsp;&nbsp;&nbsp;&nbsp;&nbsp;&nbsp;&nbsp;&nbsp;&nbsp;&nbsp;&nbsp;&nbsp;&nbsp;&nbsp;&nbsp;&nbsp;&nbsp;&nbsp;&nbsp;&nbsp;&nbsp;&nbsp;&nbsp;&nbsp;&nbsp;&nbsp;&nbsp;&nbsp;&nbsp;&nbsp;&nbsp;&nbsp; &nbsp; &nbsp; Arolle - un parfum unique Dans un sachet en coton \u00e9cologique 200g 1 sachet prix de vente&nbsp; CHF 25.00 Contenu&nbsp; Copeaux d'arolle du Berg\u00fcn &nbsp; &nbsp; &nbsp; Le sachet en coton \u00e9cologique est rempli de copeaux d'arolle rabot\u00e9s \u00e0 la main de la r\u00e9gion de Berg\u00fcn. Conseils d'utilisation: Les copeaux d'arolle peut \u00eatre utilis\u00e9&nbsp;<a href=\"https:\/\/bien-etreiris.ch\/de\/produktpraesentation\/entspannen\/arven-produkte\/arvenspaene\/\" class=\"read-more\">Weiter lesen<\/a><\/p>\n","protected":false},"author":1,"featured_media":49526,"parent":13413,"menu_order":5291,"comment_status":"closed","ping_status":"closed","template":"page-with-child.php","meta":{"_acf_changed":false,"ngg_post_thumbnail":0,"footnotes":""},"class_list":["post-49528","page","type-page","status-publish","has-post-thumbnail","hentry"],"acf":[],"yoast_head":"<!-- This site is optimized with the Yoast SEO plugin v27.5 - https:\/\/yoast.com\/product\/yoast-seo-wordpress\/ -->\n<title>ARVEN-SP\u00c4NE - WOHLBEFINDEN<\/title>\n<meta name=\"robots\" content=\"index, follow, max-snippet:-1, max-image-preview:large, max-video-preview:-1\" \/>\n<link rel=\"canonical\" href=\"https:\/\/bien-etreiris.ch\/de\/produktpraesentation\/entspannen\/arven-produkte\/arvenspaene\/\" \/>\n<meta property=\"og:locale\" content=\"de_DE\" \/>\n<meta property=\"og:type\" content=\"article\" \/>\n<meta property=\"og:title\" content=\"ARVEN-SP\u00c4NE - WOHLBEFINDEN\" \/>\n<meta property=\"og:description\" content=\"Holzsp\u00e4ne vom Arvenholz &nbsp;&nbsp;&nbsp;&nbsp;&nbsp;&nbsp;&nbsp;&nbsp;&nbsp;&nbsp;&nbsp;&nbsp;&nbsp;&nbsp;&nbsp;&nbsp;&nbsp;&nbsp;&nbsp;&nbsp;&nbsp;&nbsp;&nbsp;&nbsp;&nbsp;&nbsp;&nbsp;&nbsp;&nbsp;&nbsp;&nbsp;&nbsp;&nbsp;&nbsp;&nbsp;&nbsp;&nbsp;&nbsp;&nbsp;&nbsp;&nbsp;&nbsp;&nbsp;&nbsp;&nbsp;&nbsp;&nbsp;&nbsp;&nbsp;&nbsp;&nbsp;&nbsp;&nbsp;&nbsp;&nbsp;&nbsp;&nbsp;&nbsp;&nbsp;&nbsp;&nbsp;&nbsp;&nbsp;&nbsp;&nbsp;&nbsp;&nbsp;&nbsp;&nbsp;&nbsp;&nbsp;&nbsp;&nbsp; &nbsp; &nbsp; Arolle - un parfum unique Dans un sachet en coton \u00e9cologique 200g 1 sachet prix de vente&nbsp; CHF 25.00 Contenu&nbsp; Copeaux d&#039;arolle du Berg\u00fcn &nbsp; &nbsp; &nbsp; Le sachet en coton \u00e9cologique est rempli de copeaux d&#039;arolle rabot\u00e9s \u00e0 la main de la r\u00e9gion de Berg\u00fcn. Conseils d&#039;utilisation: Les copeaux d&#039;arolle peut \u00eatre utilis\u00e9&nbsp;Weiter lesen\" \/>\n<meta property=\"og:url\" content=\"https:\/\/bien-etreiris.ch\/de\/produktpraesentation\/entspannen\/arven-produkte\/arvenspaene\/\" \/>\n<meta property=\"og:site_name\" content=\"WOHLBEFINDEN\" \/>\n<meta property=\"article:publisher\" content=\"https:\/\/www.facebook.com\/bienetreiris\/\" \/>\n<meta property=\"article:modified_time\" content=\"2021-06-06T21:08:54+00:00\" \/>\n<meta property=\"og:image\" content=\"https:\/\/bien-etreiris.ch\/wp-content\/uploads\/2021\/06\/acceuil-copeaux-darolle.jpg\" \/>\n\t<meta property=\"og:image:width\" content=\"500\" \/>\n\t<meta property=\"og:image:height\" content=\"307\" \/>\n\t<meta property=\"og:image:type\" content=\"image\/jpeg\" \/>\n<meta name=\"twitter:label1\" content=\"Gesch\u00e4tzte Lesezeit\" \/>\n\t<meta name=\"twitter:data1\" content=\"1\u00a0Minute\" \/>\n<script type=\"application\/ld+json\" class=\"yoast-schema-graph\">{\"@context\":\"https:\\\/\\\/schema.org\",\"@graph\":[{\"@type\":\"WebPage\",\"@id\":\"https:\\\/\\\/bien-etreiris.ch\\\/de\\\/produktpraesentation\\\/entspannen\\\/arven-produkte\\\/arvenspaene\\\/\",\"url\":\"https:\\\/\\\/bien-etreiris.ch\\\/de\\\/produktpraesentation\\\/entspannen\\\/arven-produkte\\\/arvenspaene\\\/\",\"name\":\"ARVEN-SP\u00c4NE - WOHLBEFINDEN\",\"isPartOf\":{\"@id\":\"https:\\\/\\\/bien-etreiris.ch\\\/de\\\/#website\"},\"primaryImageOfPage\":{\"@id\":\"https:\\\/\\\/bien-etreiris.ch\\\/de\\\/produktpraesentation\\\/entspannen\\\/arven-produkte\\\/arvenspaene\\\/#primaryimage\"},\"image\":{\"@id\":\"https:\\\/\\\/bien-etreiris.ch\\\/de\\\/produktpraesentation\\\/entspannen\\\/arven-produkte\\\/arvenspaene\\\/#primaryimage\"},\"thumbnailUrl\":\"https:\\\/\\\/bien-etreiris.ch\\\/wp-content\\\/uploads\\\/2021\\\/06\\\/acceuil-copeaux-darolle.jpg\",\"datePublished\":\"2021-06-05T08:35:34+00:00\",\"dateModified\":\"2021-06-06T21:08:54+00:00\",\"breadcrumb\":{\"@id\":\"https:\\\/\\\/bien-etreiris.ch\\\/de\\\/produktpraesentation\\\/entspannen\\\/arven-produkte\\\/arvenspaene\\\/#breadcrumb\"},\"inLanguage\":\"de\",\"potentialAction\":[{\"@type\":\"ReadAction\",\"target\":[\"https:\\\/\\\/bien-etreiris.ch\\\/de\\\/produktpraesentation\\\/entspannen\\\/arven-produkte\\\/arvenspaene\\\/\"]}]},{\"@type\":\"ImageObject\",\"inLanguage\":\"de\",\"@id\":\"https:\\\/\\\/bien-etreiris.ch\\\/de\\\/produktpraesentation\\\/entspannen\\\/arven-produkte\\\/arvenspaene\\\/#primaryimage\",\"url\":\"https:\\\/\\\/bien-etreiris.ch\\\/wp-content\\\/uploads\\\/2021\\\/06\\\/acceuil-copeaux-darolle.jpg\",\"contentUrl\":\"https:\\\/\\\/bien-etreiris.ch\\\/wp-content\\\/uploads\\\/2021\\\/06\\\/acceuil-copeaux-darolle.jpg\",\"width\":500,\"height\":307},{\"@type\":\"BreadcrumbList\",\"@id\":\"https:\\\/\\\/bien-etreiris.ch\\\/de\\\/produktpraesentation\\\/entspannen\\\/arven-produkte\\\/arvenspaene\\\/#breadcrumb\",\"itemListElement\":[{\"@type\":\"ListItem\",\"position\":1,\"name\":\"Home\",\"item\":\"https:\\\/\\\/bien-etreiris.ch\\\/de\\\/\"},{\"@type\":\"ListItem\",\"position\":2,\"name\":\"PRODUKTPR\u00c4SENTATION\",\"item\":\"https:\\\/\\\/bien-etreiris.ch\\\/de\\\/produktpraesentation\\\/\"},{\"@type\":\"ListItem\",\"position\":3,\"name\":\"ENTSPANNEND\",\"item\":\"https:\\\/\\\/bien-etreiris.ch\\\/de\\\/produktpraesentation\\\/entspannen\\\/\"},{\"@type\":\"ListItem\",\"position\":4,\"name\":\"ARVEN PRODUKTE\",\"item\":\"https:\\\/\\\/bien-etreiris.ch\\\/de\\\/produktpraesentation\\\/entspannen\\\/arven-produkte\\\/\"},{\"@type\":\"ListItem\",\"position\":5,\"name\":\"ARVEN-SP\u00c4NE\"}]},{\"@type\":\"WebSite\",\"@id\":\"https:\\\/\\\/bien-etreiris.ch\\\/de\\\/#website\",\"url\":\"https:\\\/\\\/bien-etreiris.ch\\\/de\\\/\",\"name\":\"Bien-\u00eatre Iris\",\"description\":\"IHRE Gesundheit ist uns wichtig\",\"potentialAction\":[{\"@type\":\"SearchAction\",\"target\":{\"@type\":\"EntryPoint\",\"urlTemplate\":\"https:\\\/\\\/bien-etreiris.ch\\\/de\\\/?s={search_term_string}\"},\"query-input\":{\"@type\":\"PropertyValueSpecification\",\"valueRequired\":true,\"valueName\":\"search_term_string\"}}],\"inLanguage\":\"de\"}]}<\/script>\n<!-- \/ Yoast SEO plugin. -->","yoast_head_json":{"title":"ARVEN-SP\u00c4NE - WOHLBEFINDEN","robots":{"index":"index","follow":"follow","max-snippet":"max-snippet:-1","max-image-preview":"max-image-preview:large","max-video-preview":"max-video-preview:-1"},"canonical":"https:\/\/bien-etreiris.ch\/de\/produktpraesentation\/entspannen\/arven-produkte\/arvenspaene\/","og_locale":"de_DE","og_type":"article","og_title":"ARVEN-SP\u00c4NE - WOHLBEFINDEN","og_description":"Holzsp\u00e4ne vom Arvenholz &nbsp;&nbsp;&nbsp;&nbsp;&nbsp;&nbsp;&nbsp;&nbsp;&nbsp;&nbsp;&nbsp;&nbsp;&nbsp;&nbsp;&nbsp;&nbsp;&nbsp;&nbsp;&nbsp;&nbsp;&nbsp;&nbsp;&nbsp;&nbsp;&nbsp;&nbsp;&nbsp;&nbsp;&nbsp;&nbsp;&nbsp;&nbsp;&nbsp;&nbsp;&nbsp;&nbsp;&nbsp;&nbsp;&nbsp;&nbsp;&nbsp;&nbsp;&nbsp;&nbsp;&nbsp;&nbsp;&nbsp;&nbsp;&nbsp;&nbsp;&nbsp;&nbsp;&nbsp;&nbsp;&nbsp;&nbsp;&nbsp;&nbsp;&nbsp;&nbsp;&nbsp;&nbsp;&nbsp;&nbsp;&nbsp;&nbsp;&nbsp;&nbsp;&nbsp;&nbsp;&nbsp;&nbsp;&nbsp; &nbsp; &nbsp; Arolle - un parfum unique Dans un sachet en coton \u00e9cologique 200g 1 sachet prix de vente&nbsp; CHF 25.00 Contenu&nbsp; Copeaux d'arolle du Berg\u00fcn &nbsp; &nbsp; &nbsp; Le sachet en coton \u00e9cologique est rempli de copeaux d'arolle rabot\u00e9s \u00e0 la main de la r\u00e9gion de Berg\u00fcn. Conseils d'utilisation: Les copeaux d'arolle peut \u00eatre utilis\u00e9&nbsp;Weiter lesen","og_url":"https:\/\/bien-etreiris.ch\/de\/produktpraesentation\/entspannen\/arven-produkte\/arvenspaene\/","og_site_name":"WOHLBEFINDEN","article_publisher":"https:\/\/www.facebook.com\/bienetreiris\/","article_modified_time":"2021-06-06T21:08:54+00:00","og_image":[{"width":500,"height":307,"url":"https:\/\/bien-etreiris.ch\/wp-content\/uploads\/2021\/06\/acceuil-copeaux-darolle.jpg","type":"image\/jpeg"}],"twitter_misc":{"Gesch\u00e4tzte Lesezeit":"1\u00a0Minute"},"schema":{"@context":"https:\/\/schema.org","@graph":[{"@type":"WebPage","@id":"https:\/\/bien-etreiris.ch\/de\/produktpraesentation\/entspannen\/arven-produkte\/arvenspaene\/","url":"https:\/\/bien-etreiris.ch\/de\/produktpraesentation\/entspannen\/arven-produkte\/arvenspaene\/","name":"ARVEN-SP\u00c4NE - WOHLBEFINDEN","isPartOf":{"@id":"https:\/\/bien-etreiris.ch\/de\/#website"},"primaryImageOfPage":{"@id":"https:\/\/bien-etreiris.ch\/de\/produktpraesentation\/entspannen\/arven-produkte\/arvenspaene\/#primaryimage"},"image":{"@id":"https:\/\/bien-etreiris.ch\/de\/produktpraesentation\/entspannen\/arven-produkte\/arvenspaene\/#primaryimage"},"thumbnailUrl":"https:\/\/bien-etreiris.ch\/wp-content\/uploads\/2021\/06\/acceuil-copeaux-darolle.jpg","datePublished":"2021-06-05T08:35:34+00:00","dateModified":"2021-06-06T21:08:54+00:00","breadcrumb":{"@id":"https:\/\/bien-etreiris.ch\/de\/produktpraesentation\/entspannen\/arven-produkte\/arvenspaene\/#breadcrumb"},"inLanguage":"de","potentialAction":[{"@type":"ReadAction","target":["https:\/\/bien-etreiris.ch\/de\/produktpraesentation\/entspannen\/arven-produkte\/arvenspaene\/"]}]},{"@type":"ImageObject","inLanguage":"de","@id":"https:\/\/bien-etreiris.ch\/de\/produktpraesentation\/entspannen\/arven-produkte\/arvenspaene\/#primaryimage","url":"https:\/\/bien-etreiris.ch\/wp-content\/uploads\/2021\/06\/acceuil-copeaux-darolle.jpg","contentUrl":"https:\/\/bien-etreiris.ch\/wp-content\/uploads\/2021\/06\/acceuil-copeaux-darolle.jpg","width":500,"height":307},{"@type":"BreadcrumbList","@id":"https:\/\/bien-etreiris.ch\/de\/produktpraesentation\/entspannen\/arven-produkte\/arvenspaene\/#breadcrumb","itemListElement":[{"@type":"ListItem","position":1,"name":"Home","item":"https:\/\/bien-etreiris.ch\/de\/"},{"@type":"ListItem","position":2,"name":"PRODUKTPR\u00c4SENTATION","item":"https:\/\/bien-etreiris.ch\/de\/produktpraesentation\/"},{"@type":"ListItem","position":3,"name":"ENTSPANNEND","item":"https:\/\/bien-etreiris.ch\/de\/produktpraesentation\/entspannen\/"},{"@type":"ListItem","position":4,"name":"ARVEN PRODUKTE","item":"https:\/\/bien-etreiris.ch\/de\/produktpraesentation\/entspannen\/arven-produkte\/"},{"@type":"ListItem","position":5,"name":"ARVEN-SP\u00c4NE"}]},{"@type":"WebSite","@id":"https:\/\/bien-etreiris.ch\/de\/#website","url":"https:\/\/bien-etreiris.ch\/de\/","name":"Bien-\u00eatre Iris","description":"IHRE Gesundheit ist uns wichtig","potentialAction":[{"@type":"SearchAction","target":{"@type":"EntryPoint","urlTemplate":"https:\/\/bien-etreiris.ch\/de\/?s={search_term_string}"},"query-input":{"@type":"PropertyValueSpecification","valueRequired":true,"valueName":"search_term_string"}}],"inLanguage":"de"}]}},"_links":{"self":[{"href":"https:\/\/bien-etreiris.ch\/de\/wp-json\/wp\/v2\/pages\/49528","targetHints":{"allow":["GET"]}}],"collection":[{"href":"https:\/\/bien-etreiris.ch\/de\/wp-json\/wp\/v2\/pages"}],"about":[{"href":"https:\/\/bien-etreiris.ch\/de\/wp-json\/wp\/v2\/types\/page"}],"author":[{"embeddable":true,"href":"https:\/\/bien-etreiris.ch\/de\/wp-json\/wp\/v2\/users\/1"}],"replies":[{"embeddable":true,"href":"https:\/\/bien-etreiris.ch\/de\/wp-json\/wp\/v2\/comments?post=49528"}],"version-history":[{"count":3,"href":"https:\/\/bien-etreiris.ch\/de\/wp-json\/wp\/v2\/pages\/49528\/revisions"}],"predecessor-version":[{"id":49548,"href":"https:\/\/bien-etreiris.ch\/de\/wp-json\/wp\/v2\/pages\/49528\/revisions\/49548"}],"up":[{"embeddable":true,"href":"https:\/\/bien-etreiris.ch\/de\/wp-json\/wp\/v2\/pages\/13413"}],"wp:featuredmedia":[{"embeddable":true,"href":"https:\/\/bien-etreiris.ch\/de\/wp-json\/wp\/v2\/media\/49526"}],"wp:attachment":[{"href":"https:\/\/bien-etreiris.ch\/de\/wp-json\/wp\/v2\/media?parent=49528"}],"curies":[{"name":"wp","href":"https:\/\/api.w.org\/{rel}","templated":true}]}}