{"id":44079,"date":"2021-05-11T15:02:42","date_gmt":"2021-05-11T13:02:42","guid":{"rendered":"https:\/\/bien-etreiris.ch\/?page_id=44079"},"modified":"2022-09-23T18:25:41","modified_gmt":"2022-09-23T16:25:41","slug":"balsam-alepia","status":"publish","type":"page","link":"https:\/\/bien-etreiris.ch\/de\/produktpraesentation\/natuerliche-kosmetik\/gesicht-koerper\/balsame-und-gels\/balsam-alepia\/","title":{"rendered":"BALSAM ALEPIA"},"content":{"rendered":"\n<h2>Bio-Orientalischer Balsam mit Orangenbl\u00fcte<\/h2>\n\n\n\n<p><a href=\"https:\/\/decoiris.ch\/wp-content\/uploads\/2020\/09\/Untitled-11Orientale-\u00e0-la-fleur-doranger.jpg\"><img loading=\"lazy\" decoding=\"async\" class=\"size-medium wp-image-32291 alignleft\" src=\"https:\/\/decoiris.ch\/wp-content\/uploads\/2020\/09\/Untitled-11Orientale-\u00e0-la-fleur-doranger-291x300.jpg\" sizes=\"auto, (max-width: 291px) 100vw, 291px\" srcset=\"https:\/\/bien-etreiris.ch\/wp-content\/uploads\/2020\/09\/Untitled-11Orientale-\u00e0-la-fleur-doranger-291x300.jpg 291w, https:\/\/bien-etreiris.ch\/wp-content\/uploads\/2020\/09\/Untitled-11Orientale-\u00e0-la-fleur-doranger.jpg 381w\" alt=\"\" width=\"291\" height=\"300\"><\/a><\/p>\n<p>&nbsp;<\/p>\n<p>&nbsp;<\/p>\n\n\n\n<p>Der orientalische Balsam von Alepia wird aus den besten nat\u00fcrlichen Zutaten hergestellt, ohne Konservierungsstoffe. Er ist die ideale sanfte und dezent parf\u00fcmierte Pflege f\u00fcr Haut, Lippen und Haare. Nat\u00fcrlich parf\u00fcmiert mit Orangenbl\u00fcten. (Neroli)<\/p>\n<p>Sie enth\u00e4lt keine Konservierungsstoffe und ist frei von jeglichen Chemikalien.<\/p>\n<p>&nbsp;<\/p>\n<p>100 ml <strong>CHF 12.70<\/strong><\/p>\n<p>&nbsp;<\/p>\n<p>&nbsp;<\/p>\n<p>&nbsp;<\/p>\n<p>&nbsp;<\/p>\n<h4>Anwendung<\/h4>\n<p>Eine haselnussgro\u00dfe Menge Balsam in der Handfl\u00e4che erw\u00e4rmen und auf Haut, Lippen und Haare auftragen und einmassieren.<\/p>\n<p>Als dezenter Duft: Tragen Sie den Balsam auf die Haut auf, um ihr einen angenehmen Duft zu verleihen.<\/p>\n<p>Zutaten: Butyrospermum Parkii Butter*, Argania Spinosa Kernel Oil*, Sesamum Indicum Oil*, Parfum, Citronellol, Geraniol, Limonene, Linalool.<\/p>\n<p>100% DER INHALTSSTOFFE SIND NAT\u00dcRLICHEN URSPRUNGS<\/p>\n<p>99.5% DER INHALTSSTOFFE STAMMEN AUS BIOLOGISCHEM ANBAU.<\/p>\n<p>* Inhaltsstoffe aus biologischem Anbau.<br>In einem Tiegel mit 100ml<\/p>\n<p>Weitere Verwendung des Orientalischen Balsams:<\/p>\n<p>Wenn Sie den Orientalischen Balsam erw\u00e4rmen, eignet er sich auch hervorragend f\u00fcr eine entspannende Massage.<br>Eine gute Massage mit Orientalischem Balsam wird Ihnen gut tun.<br>Mit einem Essl\u00f6ffel Orientalischer Balsam in der Badewanne k\u00f6nnen Sie sich wunderbar entspannen.<\/p>\n<p>&nbsp;<\/p>\n","protected":false},"excerpt":{"rendered":"<p>Bio-Orientalischer Balsam mit Orangenbl\u00fcte &nbsp; &nbsp; Der orientalische Balsam von Alepia wird aus den besten nat\u00fcrlichen Zutaten hergestellt, ohne Konservierungsstoffe. Er ist die ideale sanfte und dezent parf\u00fcmierte Pflege f\u00fcr Haut, Lippen und Haare. Nat\u00fcrlich parf\u00fcmiert mit Orangenbl\u00fcten. (Neroli) Sie enth\u00e4lt keine Konservierungsstoffe und ist frei von jeglichen Chemikalien. &nbsp; 100 ml CHF 12.70 &nbsp; &nbsp; &nbsp; &nbsp; Anwendung Eine&nbsp;<a href=\"https:\/\/bien-etreiris.ch\/de\/produktpraesentation\/natuerliche-kosmetik\/gesicht-koerper\/balsame-und-gels\/balsam-alepia\/\" class=\"read-more\">Weiter lesen<\/a><\/p>\n","protected":false},"author":1,"featured_media":44077,"parent":44092,"menu_order":5875,"comment_status":"closed","ping_status":"closed","template":"page-with-child.php","meta":{"_acf_changed":false,"ngg_post_thumbnail":0,"footnotes":""},"class_list":["post-44079","page","type-page","status-publish","has-post-thumbnail","hentry"],"acf":[],"yoast_head":"<!-- This site is optimized with the Yoast SEO plugin v27.5 - https:\/\/yoast.com\/product\/yoast-seo-wordpress\/ -->\n<title>BALSAM ALEPIA - WOHLBEFINDEN<\/title>\n<meta name=\"robots\" content=\"index, follow, max-snippet:-1, max-image-preview:large, max-video-preview:-1\" \/>\n<link rel=\"canonical\" href=\"https:\/\/bien-etreiris.ch\/de\/produktpraesentation\/natuerliche-kosmetik\/gesicht-koerper\/balsame-und-gels\/balsam-alepia\/\" \/>\n<meta property=\"og:locale\" content=\"de_DE\" \/>\n<meta property=\"og:type\" content=\"article\" \/>\n<meta property=\"og:title\" content=\"BALSAM ALEPIA - WOHLBEFINDEN\" \/>\n<meta property=\"og:description\" content=\"Bio-Orientalischer Balsam mit Orangenbl\u00fcte &nbsp; &nbsp; Der orientalische Balsam von Alepia wird aus den besten nat\u00fcrlichen Zutaten hergestellt, ohne Konservierungsstoffe. Er ist die ideale sanfte und dezent parf\u00fcmierte Pflege f\u00fcr Haut, Lippen und Haare. Nat\u00fcrlich parf\u00fcmiert mit Orangenbl\u00fcten. (Neroli) Sie enth\u00e4lt keine Konservierungsstoffe und ist frei von jeglichen Chemikalien. &nbsp; 100 ml CHF 12.70 &nbsp; &nbsp; &nbsp; &nbsp; Anwendung Eine&nbsp;Weiter lesen\" \/>\n<meta property=\"og:url\" content=\"https:\/\/bien-etreiris.ch\/de\/produktpraesentation\/natuerliche-kosmetik\/gesicht-koerper\/balsame-und-gels\/balsam-alepia\/\" \/>\n<meta property=\"og:site_name\" content=\"WOHLBEFINDEN\" \/>\n<meta property=\"article:publisher\" content=\"https:\/\/www.facebook.com\/bienetreiris\/\" \/>\n<meta property=\"article:modified_time\" content=\"2022-09-23T16:25:41+00:00\" \/>\n<meta property=\"og:image\" content=\"https:\/\/bien-etreiris.ch\/wp-content\/uploads\/2021\/05\/Baume-Alepia.jpg\" \/>\n\t<meta property=\"og:image:width\" content=\"500\" \/>\n\t<meta property=\"og:image:height\" content=\"382\" \/>\n\t<meta property=\"og:image:type\" content=\"image\/jpeg\" \/>\n<meta name=\"twitter:label1\" content=\"Gesch\u00e4tzte Lesezeit\" \/>\n\t<meta name=\"twitter:data1\" content=\"2\u00a0Minuten\" \/>\n<script type=\"application\/ld+json\" class=\"yoast-schema-graph\">{\"@context\":\"https:\\\/\\\/schema.org\",\"@graph\":[{\"@type\":\"WebPage\",\"@id\":\"https:\\\/\\\/bien-etreiris.ch\\\/de\\\/produktpraesentation\\\/natuerliche-kosmetik\\\/gesicht-koerper\\\/balsame-und-gels\\\/balsam-alepia\\\/\",\"url\":\"https:\\\/\\\/bien-etreiris.ch\\\/de\\\/produktpraesentation\\\/natuerliche-kosmetik\\\/gesicht-koerper\\\/balsame-und-gels\\\/balsam-alepia\\\/\",\"name\":\"BALSAM ALEPIA - WOHLBEFINDEN\",\"isPartOf\":{\"@id\":\"https:\\\/\\\/bien-etreiris.ch\\\/de\\\/#website\"},\"primaryImageOfPage\":{\"@id\":\"https:\\\/\\\/bien-etreiris.ch\\\/de\\\/produktpraesentation\\\/natuerliche-kosmetik\\\/gesicht-koerper\\\/balsame-und-gels\\\/balsam-alepia\\\/#primaryimage\"},\"image\":{\"@id\":\"https:\\\/\\\/bien-etreiris.ch\\\/de\\\/produktpraesentation\\\/natuerliche-kosmetik\\\/gesicht-koerper\\\/balsame-und-gels\\\/balsam-alepia\\\/#primaryimage\"},\"thumbnailUrl\":\"https:\\\/\\\/bien-etreiris.ch\\\/wp-content\\\/uploads\\\/2021\\\/05\\\/Baume-Alepia.jpg\",\"datePublished\":\"2021-05-11T13:02:42+00:00\",\"dateModified\":\"2022-09-23T16:25:41+00:00\",\"breadcrumb\":{\"@id\":\"https:\\\/\\\/bien-etreiris.ch\\\/de\\\/produktpraesentation\\\/natuerliche-kosmetik\\\/gesicht-koerper\\\/balsame-und-gels\\\/balsam-alepia\\\/#breadcrumb\"},\"inLanguage\":\"de\",\"potentialAction\":[{\"@type\":\"ReadAction\",\"target\":[\"https:\\\/\\\/bien-etreiris.ch\\\/de\\\/produktpraesentation\\\/natuerliche-kosmetik\\\/gesicht-koerper\\\/balsame-und-gels\\\/balsam-alepia\\\/\"]}]},{\"@type\":\"ImageObject\",\"inLanguage\":\"de\",\"@id\":\"https:\\\/\\\/bien-etreiris.ch\\\/de\\\/produktpraesentation\\\/natuerliche-kosmetik\\\/gesicht-koerper\\\/balsame-und-gels\\\/balsam-alepia\\\/#primaryimage\",\"url\":\"https:\\\/\\\/bien-etreiris.ch\\\/wp-content\\\/uploads\\\/2021\\\/05\\\/Baume-Alepia.jpg\",\"contentUrl\":\"https:\\\/\\\/bien-etreiris.ch\\\/wp-content\\\/uploads\\\/2021\\\/05\\\/Baume-Alepia.jpg\",\"width\":500,\"height\":382},{\"@type\":\"BreadcrumbList\",\"@id\":\"https:\\\/\\\/bien-etreiris.ch\\\/de\\\/produktpraesentation\\\/natuerliche-kosmetik\\\/gesicht-koerper\\\/balsame-und-gels\\\/balsam-alepia\\\/#breadcrumb\",\"itemListElement\":[{\"@type\":\"ListItem\",\"position\":1,\"name\":\"Home\",\"item\":\"https:\\\/\\\/bien-etreiris.ch\\\/de\\\/\"},{\"@type\":\"ListItem\",\"position\":2,\"name\":\"PRODUKTPR\u00c4SENTATION\",\"item\":\"https:\\\/\\\/bien-etreiris.ch\\\/de\\\/produktpraesentation\\\/\"},{\"@type\":\"ListItem\",\"position\":3,\"name\":\"NAT\u00dcRLICHE KOSMETIK\",\"item\":\"https:\\\/\\\/bien-etreiris.ch\\\/de\\\/produktpraesentation\\\/natuerliche-kosmetik\\\/\"},{\"@type\":\"ListItem\",\"position\":4,\"name\":\"GESICHT &#038; K\u00d6RPER\",\"item\":\"https:\\\/\\\/bien-etreiris.ch\\\/de\\\/produktpraesentation\\\/natuerliche-kosmetik\\\/gesicht-koerper\\\/\"},{\"@type\":\"ListItem\",\"position\":5,\"name\":\"BALSAME &#038; GELS\",\"item\":\"https:\\\/\\\/bien-etreiris.ch\\\/de\\\/produktpraesentation\\\/natuerliche-kosmetik\\\/gesicht-koerper\\\/balsame-und-gels\\\/\"},{\"@type\":\"ListItem\",\"position\":6,\"name\":\"BALSAM ALEPIA\"}]},{\"@type\":\"WebSite\",\"@id\":\"https:\\\/\\\/bien-etreiris.ch\\\/de\\\/#website\",\"url\":\"https:\\\/\\\/bien-etreiris.ch\\\/de\\\/\",\"name\":\"Bien-\u00eatre Iris\",\"description\":\"IHRE Gesundheit ist uns wichtig\",\"potentialAction\":[{\"@type\":\"SearchAction\",\"target\":{\"@type\":\"EntryPoint\",\"urlTemplate\":\"https:\\\/\\\/bien-etreiris.ch\\\/de\\\/?s={search_term_string}\"},\"query-input\":{\"@type\":\"PropertyValueSpecification\",\"valueRequired\":true,\"valueName\":\"search_term_string\"}}],\"inLanguage\":\"de\"}]}<\/script>\n<!-- \/ Yoast SEO plugin. -->","yoast_head_json":{"title":"BALSAM ALEPIA - WOHLBEFINDEN","robots":{"index":"index","follow":"follow","max-snippet":"max-snippet:-1","max-image-preview":"max-image-preview:large","max-video-preview":"max-video-preview:-1"},"canonical":"https:\/\/bien-etreiris.ch\/de\/produktpraesentation\/natuerliche-kosmetik\/gesicht-koerper\/balsame-und-gels\/balsam-alepia\/","og_locale":"de_DE","og_type":"article","og_title":"BALSAM ALEPIA - WOHLBEFINDEN","og_description":"Bio-Orientalischer Balsam mit Orangenbl\u00fcte &nbsp; &nbsp; Der orientalische Balsam von Alepia wird aus den besten nat\u00fcrlichen Zutaten hergestellt, ohne Konservierungsstoffe. Er ist die ideale sanfte und dezent parf\u00fcmierte Pflege f\u00fcr Haut, Lippen und Haare. Nat\u00fcrlich parf\u00fcmiert mit Orangenbl\u00fcten. (Neroli) Sie enth\u00e4lt keine Konservierungsstoffe und ist frei von jeglichen Chemikalien. &nbsp; 100 ml CHF 12.70 &nbsp; &nbsp; &nbsp; &nbsp; Anwendung Eine&nbsp;Weiter lesen","og_url":"https:\/\/bien-etreiris.ch\/de\/produktpraesentation\/natuerliche-kosmetik\/gesicht-koerper\/balsame-und-gels\/balsam-alepia\/","og_site_name":"WOHLBEFINDEN","article_publisher":"https:\/\/www.facebook.com\/bienetreiris\/","article_modified_time":"2022-09-23T16:25:41+00:00","og_image":[{"width":500,"height":382,"url":"https:\/\/bien-etreiris.ch\/wp-content\/uploads\/2021\/05\/Baume-Alepia.jpg","type":"image\/jpeg"}],"twitter_misc":{"Gesch\u00e4tzte Lesezeit":"2\u00a0Minuten"},"schema":{"@context":"https:\/\/schema.org","@graph":[{"@type":"WebPage","@id":"https:\/\/bien-etreiris.ch\/de\/produktpraesentation\/natuerliche-kosmetik\/gesicht-koerper\/balsame-und-gels\/balsam-alepia\/","url":"https:\/\/bien-etreiris.ch\/de\/produktpraesentation\/natuerliche-kosmetik\/gesicht-koerper\/balsame-und-gels\/balsam-alepia\/","name":"BALSAM ALEPIA - WOHLBEFINDEN","isPartOf":{"@id":"https:\/\/bien-etreiris.ch\/de\/#website"},"primaryImageOfPage":{"@id":"https:\/\/bien-etreiris.ch\/de\/produktpraesentation\/natuerliche-kosmetik\/gesicht-koerper\/balsame-und-gels\/balsam-alepia\/#primaryimage"},"image":{"@id":"https:\/\/bien-etreiris.ch\/de\/produktpraesentation\/natuerliche-kosmetik\/gesicht-koerper\/balsame-und-gels\/balsam-alepia\/#primaryimage"},"thumbnailUrl":"https:\/\/bien-etreiris.ch\/wp-content\/uploads\/2021\/05\/Baume-Alepia.jpg","datePublished":"2021-05-11T13:02:42+00:00","dateModified":"2022-09-23T16:25:41+00:00","breadcrumb":{"@id":"https:\/\/bien-etreiris.ch\/de\/produktpraesentation\/natuerliche-kosmetik\/gesicht-koerper\/balsame-und-gels\/balsam-alepia\/#breadcrumb"},"inLanguage":"de","potentialAction":[{"@type":"ReadAction","target":["https:\/\/bien-etreiris.ch\/de\/produktpraesentation\/natuerliche-kosmetik\/gesicht-koerper\/balsame-und-gels\/balsam-alepia\/"]}]},{"@type":"ImageObject","inLanguage":"de","@id":"https:\/\/bien-etreiris.ch\/de\/produktpraesentation\/natuerliche-kosmetik\/gesicht-koerper\/balsame-und-gels\/balsam-alepia\/#primaryimage","url":"https:\/\/bien-etreiris.ch\/wp-content\/uploads\/2021\/05\/Baume-Alepia.jpg","contentUrl":"https:\/\/bien-etreiris.ch\/wp-content\/uploads\/2021\/05\/Baume-Alepia.jpg","width":500,"height":382},{"@type":"BreadcrumbList","@id":"https:\/\/bien-etreiris.ch\/de\/produktpraesentation\/natuerliche-kosmetik\/gesicht-koerper\/balsame-und-gels\/balsam-alepia\/#breadcrumb","itemListElement":[{"@type":"ListItem","position":1,"name":"Home","item":"https:\/\/bien-etreiris.ch\/de\/"},{"@type":"ListItem","position":2,"name":"PRODUKTPR\u00c4SENTATION","item":"https:\/\/bien-etreiris.ch\/de\/produktpraesentation\/"},{"@type":"ListItem","position":3,"name":"NAT\u00dcRLICHE KOSMETIK","item":"https:\/\/bien-etreiris.ch\/de\/produktpraesentation\/natuerliche-kosmetik\/"},{"@type":"ListItem","position":4,"name":"GESICHT &#038; K\u00d6RPER","item":"https:\/\/bien-etreiris.ch\/de\/produktpraesentation\/natuerliche-kosmetik\/gesicht-koerper\/"},{"@type":"ListItem","position":5,"name":"BALSAME &#038; GELS","item":"https:\/\/bien-etreiris.ch\/de\/produktpraesentation\/natuerliche-kosmetik\/gesicht-koerper\/balsame-und-gels\/"},{"@type":"ListItem","position":6,"name":"BALSAM ALEPIA"}]},{"@type":"WebSite","@id":"https:\/\/bien-etreiris.ch\/de\/#website","url":"https:\/\/bien-etreiris.ch\/de\/","name":"Bien-\u00eatre Iris","description":"IHRE Gesundheit ist uns wichtig","potentialAction":[{"@type":"SearchAction","target":{"@type":"EntryPoint","urlTemplate":"https:\/\/bien-etreiris.ch\/de\/?s={search_term_string}"},"query-input":{"@type":"PropertyValueSpecification","valueRequired":true,"valueName":"search_term_string"}}],"inLanguage":"de"}]}},"_links":{"self":[{"href":"https:\/\/bien-etreiris.ch\/de\/wp-json\/wp\/v2\/pages\/44079","targetHints":{"allow":["GET"]}}],"collection":[{"href":"https:\/\/bien-etreiris.ch\/de\/wp-json\/wp\/v2\/pages"}],"about":[{"href":"https:\/\/bien-etreiris.ch\/de\/wp-json\/wp\/v2\/types\/page"}],"author":[{"embeddable":true,"href":"https:\/\/bien-etreiris.ch\/de\/wp-json\/wp\/v2\/users\/1"}],"replies":[{"embeddable":true,"href":"https:\/\/bien-etreiris.ch\/de\/wp-json\/wp\/v2\/comments?post=44079"}],"version-history":[{"count":7,"href":"https:\/\/bien-etreiris.ch\/de\/wp-json\/wp\/v2\/pages\/44079\/revisions"}],"predecessor-version":[{"id":60251,"href":"https:\/\/bien-etreiris.ch\/de\/wp-json\/wp\/v2\/pages\/44079\/revisions\/60251"}],"up":[{"embeddable":true,"href":"https:\/\/bien-etreiris.ch\/de\/wp-json\/wp\/v2\/pages\/44092"}],"wp:featuredmedia":[{"embeddable":true,"href":"https:\/\/bien-etreiris.ch\/de\/wp-json\/wp\/v2\/media\/44077"}],"wp:attachment":[{"href":"https:\/\/bien-etreiris.ch\/de\/wp-json\/wp\/v2\/media?parent=44079"}],"curies":[{"name":"wp","href":"https:\/\/api.w.org\/{rel}","templated":true}]}}