{"id":13486,"date":"2018-11-25T08:12:52","date_gmt":"2018-11-25T08:12:52","guid":{"rendered":"https:\/\/bien-etreiris.ch\/wohlbefinden\/kerzen\/freckenhorster-w\/"},"modified":"2021-04-28T22:56:16","modified_gmt":"2021-04-28T20:56:16","slug":"freckenhorster-w","status":"publish","type":"page","link":"https:\/\/bien-etreiris.ch\/de\/produktpraesentation\/entspannen\/kerzen\/freckenhorster-w\/","title":{"rendered":"FRECKENHORSTER W."},"content":{"rendered":"<h2>Leuchtendes Beispiel f\u00fcr Handarbeit<\/h2>\n<div class=\"row\">\n<div class=\"col-xs-12 col-md-6\">\n<p>Erlesenes Material, manuelle Bearbeitung, wundersch\u00f6ne Maserung: All dies macht jedes Produkt aus unserer Kerzen-Manufaktur zu einem hochwertigen Einzelst\u00fcck. Dabei beginnen Individualit\u00e4t und Qualit\u00e4t bereits mit der Selektion des Rohstoffes. Und an dieser Stelle bekennen wir Farbe: Nicht alle unsere Kerzen sind goldgelb.<\/p>\n<p>In unserer Kerzen-Manufaktur verarbeiten wir Bienenwachs aus vielen Teilen der Erde, vom tiefdunklen aus Asien bis zum elfenbeinfarbenen aus Afrika. Das goldgelbe Wachs ist s\u00fcdamerikanischer Provenienz.<\/p>\n<p>Gemeinsam ist allen unseren Kerzen die hohe Qualit\u00e4t: Wir verlangen von unseren Lieferanten grunds\u00e4tzlich ein Zertifikat \u00fcber die Reinheit des Rohstoffes.<\/p>\n<p>Es ist der Auftrag der Freckenhorster Werkst\u00e4tten GmbH, Menschen mit Behinderungen die Teilhabe am Arbeitsleben zu erm\u00f6glichen. Im Vordergrund steht die F\u00f6rderung von individuellen Neigungen und F\u00e4higkeiten u. a. durch die Fertigung von wirtschaftlich verwertbaren Produkten.<\/p>\n<ul>\n<li>Stumpenkerzen<\/li>\n<li>Spitz- und Stabkerzen<\/li>\n<li>Teelichte und Zubeh\u00f6r<\/li>\n<li>Ornamente f\u00fcr z.B. Tauf-\/Hochzeitskerzen<\/li>\n<\/ul>\n<\/div>\n<\/div>\n<p>&nbsp;<\/p>\n<p><a href=\"https:\/\/decoiris.ch\/wp-content\/uploads\/2018\/08\/fabrication-1.jpg\"><img loading=\"lazy\" decoding=\"async\" class=\"alignnone size-full wp-image-12599\" src=\"https:\/\/decoiris.ch\/wp-content\/uploads\/2018\/08\/fabrication-1.jpg\" alt=\"\" width=\"265\" height=\"195\"><\/a><a href=\"https:\/\/decoiris.ch\/wp-content\/uploads\/2018\/08\/fabrication-2.jpg\"><img loading=\"lazy\" decoding=\"async\" class=\"alignnone size-full wp-image-12602\" src=\"https:\/\/decoiris.ch\/wp-content\/uploads\/2018\/08\/fabrication-2.jpg\" alt=\"\" width=\"265\" height=\"195\"><\/a><a href=\"https:\/\/decoiris.ch\/wp-content\/uploads\/2018\/08\/fabrication-3.jpg\"><img loading=\"lazy\" decoding=\"async\" class=\"alignnone size-full wp-image-12605\" src=\"https:\/\/decoiris.ch\/wp-content\/uploads\/2018\/08\/fabrication-3.jpg\" alt=\"\" width=\"265\" height=\"195\"><\/a><a href=\"https:\/\/decoiris.ch\/wp-content\/uploads\/2018\/08\/fabrication-4.jpg\"><img loading=\"lazy\" decoding=\"async\" class=\"alignnone size-full wp-image-12608\" src=\"https:\/\/decoiris.ch\/wp-content\/uploads\/2018\/08\/fabrication-4.jpg\" alt=\"\" width=\"265\" height=\"195\"><\/a><a href=\"https:\/\/decoiris.ch\/wp-content\/uploads\/2018\/08\/fabrication-5.jpg\"><img loading=\"lazy\" decoding=\"async\" class=\"alignnone size-full wp-image-12611\" src=\"https:\/\/decoiris.ch\/wp-content\/uploads\/2018\/08\/fabrication-5.jpg\" alt=\"\" width=\"265\" height=\"195\"><\/a><a href=\"https:\/\/decoiris.ch\/wp-content\/uploads\/2018\/08\/fabrication-6.jpg\"><img loading=\"lazy\" decoding=\"async\" class=\"alignnone size-full wp-image-12614\" src=\"https:\/\/decoiris.ch\/wp-content\/uploads\/2018\/08\/fabrication-6.jpg\" alt=\"\" width=\"265\" height=\"195\"><\/a><\/p>\nngg_shortcode_0_placeholder\n","protected":false},"excerpt":{"rendered":"<p>Leuchtendes Beispiel f\u00fcr Handarbeit Erlesenes Material, manuelle Bearbeitung, wundersch\u00f6ne Maserung: All dies macht jedes Produkt aus unserer Kerzen-Manufaktur zu einem hochwertigen Einzelst\u00fcck. Dabei beginnen Individualit\u00e4t und Qualit\u00e4t bereits mit der Selektion des Rohstoffes. Und an dieser Stelle bekennen wir Farbe: Nicht alle unsere Kerzen sind goldgelb. In unserer Kerzen-Manufaktur verarbeiten wir Bienenwachs aus vielen Teilen der Erde, vom tiefdunklen aus&nbsp;<a href=\"https:\/\/bien-etreiris.ch\/de\/produktpraesentation\/entspannen\/kerzen\/freckenhorster-w\/\" class=\"read-more\">Weiter lesen<\/a><\/p>\n","protected":false},"author":1,"featured_media":43264,"parent":13468,"menu_order":7813,"comment_status":"closed","ping_status":"closed","template":"","meta":{"_acf_changed":false,"ngg_post_thumbnail":0,"footnotes":""},"class_list":["post-13486","page","type-page","status-publish","has-post-thumbnail","hentry"],"acf":[],"yoast_head":"<!-- This site is optimized with the Yoast SEO plugin v27.5 - https:\/\/yoast.com\/product\/yoast-seo-wordpress\/ -->\n<title>FRECKENHORSTER W. - WOHLBEFINDEN<\/title>\n<meta name=\"robots\" content=\"index, follow, max-snippet:-1, max-image-preview:large, max-video-preview:-1\" \/>\n<link rel=\"canonical\" href=\"https:\/\/bien-etreiris.ch\/de\/produktpraesentation\/entspannen\/kerzen\/freckenhorster-w\/\" \/>\n<meta property=\"og:locale\" content=\"de_DE\" \/>\n<meta property=\"og:type\" content=\"article\" \/>\n<meta property=\"og:title\" content=\"FRECKENHORSTER W. - WOHLBEFINDEN\" \/>\n<meta property=\"og:description\" content=\"Leuchtendes Beispiel f\u00fcr Handarbeit Erlesenes Material, manuelle Bearbeitung, wundersch\u00f6ne Maserung: All dies macht jedes Produkt aus unserer Kerzen-Manufaktur zu einem hochwertigen Einzelst\u00fcck. Dabei beginnen Individualit\u00e4t und Qualit\u00e4t bereits mit der Selektion des Rohstoffes. Und an dieser Stelle bekennen wir Farbe: Nicht alle unsere Kerzen sind goldgelb. In unserer Kerzen-Manufaktur verarbeiten wir Bienenwachs aus vielen Teilen der Erde, vom tiefdunklen aus&nbsp;Weiter lesen\" \/>\n<meta property=\"og:url\" content=\"https:\/\/bien-etreiris.ch\/de\/produktpraesentation\/entspannen\/kerzen\/freckenhorster-w\/\" \/>\n<meta property=\"og:site_name\" content=\"WOHLBEFINDEN\" \/>\n<meta property=\"article:publisher\" content=\"https:\/\/www.facebook.com\/bienetreiris\/\" \/>\n<meta property=\"article:modified_time\" content=\"2021-04-28T20:56:16+00:00\" \/>\n<meta property=\"og:image\" content=\"https:\/\/bien-etreiris.ch\/wp-content\/uploads\/2021\/04\/Acceuil-FRECKENHORSTER-W..jpg\" \/>\n\t<meta property=\"og:image:width\" content=\"500\" \/>\n\t<meta property=\"og:image:height\" content=\"305\" \/>\n\t<meta property=\"og:image:type\" content=\"image\/jpeg\" \/>\n<meta name=\"twitter:label1\" content=\"Gesch\u00e4tzte Lesezeit\" \/>\n\t<meta name=\"twitter:data1\" content=\"2\u00a0Minuten\" \/>\n<script type=\"application\/ld+json\" class=\"yoast-schema-graph\">{\"@context\":\"https:\\\/\\\/schema.org\",\"@graph\":[{\"@type\":\"WebPage\",\"@id\":\"https:\\\/\\\/bien-etreiris.ch\\\/de\\\/produktpraesentation\\\/entspannen\\\/kerzen\\\/freckenhorster-w\\\/\",\"url\":\"https:\\\/\\\/bien-etreiris.ch\\\/de\\\/produktpraesentation\\\/entspannen\\\/kerzen\\\/freckenhorster-w\\\/\",\"name\":\"FRECKENHORSTER W. - WOHLBEFINDEN\",\"isPartOf\":{\"@id\":\"https:\\\/\\\/bien-etreiris.ch\\\/de\\\/#website\"},\"primaryImageOfPage\":{\"@id\":\"https:\\\/\\\/bien-etreiris.ch\\\/de\\\/produktpraesentation\\\/entspannen\\\/kerzen\\\/freckenhorster-w\\\/#primaryimage\"},\"image\":{\"@id\":\"https:\\\/\\\/bien-etreiris.ch\\\/de\\\/produktpraesentation\\\/entspannen\\\/kerzen\\\/freckenhorster-w\\\/#primaryimage\"},\"thumbnailUrl\":\"https:\\\/\\\/bien-etreiris.ch\\\/wp-content\\\/uploads\\\/2021\\\/04\\\/Acceuil-FRECKENHORSTER-W..jpg\",\"datePublished\":\"2018-11-25T08:12:52+00:00\",\"dateModified\":\"2021-04-28T20:56:16+00:00\",\"breadcrumb\":{\"@id\":\"https:\\\/\\\/bien-etreiris.ch\\\/de\\\/produktpraesentation\\\/entspannen\\\/kerzen\\\/freckenhorster-w\\\/#breadcrumb\"},\"inLanguage\":\"de\",\"potentialAction\":[{\"@type\":\"ReadAction\",\"target\":[\"https:\\\/\\\/bien-etreiris.ch\\\/de\\\/produktpraesentation\\\/entspannen\\\/kerzen\\\/freckenhorster-w\\\/\"]}]},{\"@type\":\"ImageObject\",\"inLanguage\":\"de\",\"@id\":\"https:\\\/\\\/bien-etreiris.ch\\\/de\\\/produktpraesentation\\\/entspannen\\\/kerzen\\\/freckenhorster-w\\\/#primaryimage\",\"url\":\"https:\\\/\\\/bien-etreiris.ch\\\/wp-content\\\/uploads\\\/2021\\\/04\\\/Acceuil-FRECKENHORSTER-W..jpg\",\"contentUrl\":\"https:\\\/\\\/bien-etreiris.ch\\\/wp-content\\\/uploads\\\/2021\\\/04\\\/Acceuil-FRECKENHORSTER-W..jpg\",\"width\":500,\"height\":305},{\"@type\":\"BreadcrumbList\",\"@id\":\"https:\\\/\\\/bien-etreiris.ch\\\/de\\\/produktpraesentation\\\/entspannen\\\/kerzen\\\/freckenhorster-w\\\/#breadcrumb\",\"itemListElement\":[{\"@type\":\"ListItem\",\"position\":1,\"name\":\"Home\",\"item\":\"https:\\\/\\\/bien-etreiris.ch\\\/de\\\/\"},{\"@type\":\"ListItem\",\"position\":2,\"name\":\"PRODUKTPR\u00c4SENTATION\",\"item\":\"https:\\\/\\\/bien-etreiris.ch\\\/de\\\/produktpraesentation\\\/\"},{\"@type\":\"ListItem\",\"position\":3,\"name\":\"ENTSPANNEND\",\"item\":\"https:\\\/\\\/bien-etreiris.ch\\\/de\\\/produktpraesentation\\\/entspannen\\\/\"},{\"@type\":\"ListItem\",\"position\":4,\"name\":\"KERZEN\",\"item\":\"https:\\\/\\\/bien-etreiris.ch\\\/de\\\/produktpraesentation\\\/entspannen\\\/kerzen\\\/\"},{\"@type\":\"ListItem\",\"position\":5,\"name\":\"FRECKENHORSTER W.\"}]},{\"@type\":\"WebSite\",\"@id\":\"https:\\\/\\\/bien-etreiris.ch\\\/de\\\/#website\",\"url\":\"https:\\\/\\\/bien-etreiris.ch\\\/de\\\/\",\"name\":\"Bien-\u00eatre Iris\",\"description\":\"IHRE Gesundheit ist uns wichtig\",\"potentialAction\":[{\"@type\":\"SearchAction\",\"target\":{\"@type\":\"EntryPoint\",\"urlTemplate\":\"https:\\\/\\\/bien-etreiris.ch\\\/de\\\/?s={search_term_string}\"},\"query-input\":{\"@type\":\"PropertyValueSpecification\",\"valueRequired\":true,\"valueName\":\"search_term_string\"}}],\"inLanguage\":\"de\"}]}<\/script>\n<!-- \/ Yoast SEO plugin. -->","yoast_head_json":{"title":"FRECKENHORSTER W. - WOHLBEFINDEN","robots":{"index":"index","follow":"follow","max-snippet":"max-snippet:-1","max-image-preview":"max-image-preview:large","max-video-preview":"max-video-preview:-1"},"canonical":"https:\/\/bien-etreiris.ch\/de\/produktpraesentation\/entspannen\/kerzen\/freckenhorster-w\/","og_locale":"de_DE","og_type":"article","og_title":"FRECKENHORSTER W. - WOHLBEFINDEN","og_description":"Leuchtendes Beispiel f\u00fcr Handarbeit Erlesenes Material, manuelle Bearbeitung, wundersch\u00f6ne Maserung: All dies macht jedes Produkt aus unserer Kerzen-Manufaktur zu einem hochwertigen Einzelst\u00fcck. Dabei beginnen Individualit\u00e4t und Qualit\u00e4t bereits mit der Selektion des Rohstoffes. Und an dieser Stelle bekennen wir Farbe: Nicht alle unsere Kerzen sind goldgelb. In unserer Kerzen-Manufaktur verarbeiten wir Bienenwachs aus vielen Teilen der Erde, vom tiefdunklen aus&nbsp;Weiter lesen","og_url":"https:\/\/bien-etreiris.ch\/de\/produktpraesentation\/entspannen\/kerzen\/freckenhorster-w\/","og_site_name":"WOHLBEFINDEN","article_publisher":"https:\/\/www.facebook.com\/bienetreiris\/","article_modified_time":"2021-04-28T20:56:16+00:00","og_image":[{"width":500,"height":305,"url":"https:\/\/bien-etreiris.ch\/wp-content\/uploads\/2021\/04\/Acceuil-FRECKENHORSTER-W..jpg","type":"image\/jpeg"}],"twitter_misc":{"Gesch\u00e4tzte Lesezeit":"2\u00a0Minuten"},"schema":{"@context":"https:\/\/schema.org","@graph":[{"@type":"WebPage","@id":"https:\/\/bien-etreiris.ch\/de\/produktpraesentation\/entspannen\/kerzen\/freckenhorster-w\/","url":"https:\/\/bien-etreiris.ch\/de\/produktpraesentation\/entspannen\/kerzen\/freckenhorster-w\/","name":"FRECKENHORSTER W. - WOHLBEFINDEN","isPartOf":{"@id":"https:\/\/bien-etreiris.ch\/de\/#website"},"primaryImageOfPage":{"@id":"https:\/\/bien-etreiris.ch\/de\/produktpraesentation\/entspannen\/kerzen\/freckenhorster-w\/#primaryimage"},"image":{"@id":"https:\/\/bien-etreiris.ch\/de\/produktpraesentation\/entspannen\/kerzen\/freckenhorster-w\/#primaryimage"},"thumbnailUrl":"https:\/\/bien-etreiris.ch\/wp-content\/uploads\/2021\/04\/Acceuil-FRECKENHORSTER-W..jpg","datePublished":"2018-11-25T08:12:52+00:00","dateModified":"2021-04-28T20:56:16+00:00","breadcrumb":{"@id":"https:\/\/bien-etreiris.ch\/de\/produktpraesentation\/entspannen\/kerzen\/freckenhorster-w\/#breadcrumb"},"inLanguage":"de","potentialAction":[{"@type":"ReadAction","target":["https:\/\/bien-etreiris.ch\/de\/produktpraesentation\/entspannen\/kerzen\/freckenhorster-w\/"]}]},{"@type":"ImageObject","inLanguage":"de","@id":"https:\/\/bien-etreiris.ch\/de\/produktpraesentation\/entspannen\/kerzen\/freckenhorster-w\/#primaryimage","url":"https:\/\/bien-etreiris.ch\/wp-content\/uploads\/2021\/04\/Acceuil-FRECKENHORSTER-W..jpg","contentUrl":"https:\/\/bien-etreiris.ch\/wp-content\/uploads\/2021\/04\/Acceuil-FRECKENHORSTER-W..jpg","width":500,"height":305},{"@type":"BreadcrumbList","@id":"https:\/\/bien-etreiris.ch\/de\/produktpraesentation\/entspannen\/kerzen\/freckenhorster-w\/#breadcrumb","itemListElement":[{"@type":"ListItem","position":1,"name":"Home","item":"https:\/\/bien-etreiris.ch\/de\/"},{"@type":"ListItem","position":2,"name":"PRODUKTPR\u00c4SENTATION","item":"https:\/\/bien-etreiris.ch\/de\/produktpraesentation\/"},{"@type":"ListItem","position":3,"name":"ENTSPANNEND","item":"https:\/\/bien-etreiris.ch\/de\/produktpraesentation\/entspannen\/"},{"@type":"ListItem","position":4,"name":"KERZEN","item":"https:\/\/bien-etreiris.ch\/de\/produktpraesentation\/entspannen\/kerzen\/"},{"@type":"ListItem","position":5,"name":"FRECKENHORSTER W."}]},{"@type":"WebSite","@id":"https:\/\/bien-etreiris.ch\/de\/#website","url":"https:\/\/bien-etreiris.ch\/de\/","name":"Bien-\u00eatre Iris","description":"IHRE Gesundheit ist uns wichtig","potentialAction":[{"@type":"SearchAction","target":{"@type":"EntryPoint","urlTemplate":"https:\/\/bien-etreiris.ch\/de\/?s={search_term_string}"},"query-input":{"@type":"PropertyValueSpecification","valueRequired":true,"valueName":"search_term_string"}}],"inLanguage":"de"}]}},"_links":{"self":[{"href":"https:\/\/bien-etreiris.ch\/de\/wp-json\/wp\/v2\/pages\/13486","targetHints":{"allow":["GET"]}}],"collection":[{"href":"https:\/\/bien-etreiris.ch\/de\/wp-json\/wp\/v2\/pages"}],"about":[{"href":"https:\/\/bien-etreiris.ch\/de\/wp-json\/wp\/v2\/types\/page"}],"author":[{"embeddable":true,"href":"https:\/\/bien-etreiris.ch\/de\/wp-json\/wp\/v2\/users\/1"}],"replies":[{"embeddable":true,"href":"https:\/\/bien-etreiris.ch\/de\/wp-json\/wp\/v2\/comments?post=13486"}],"version-history":[{"count":1,"href":"https:\/\/bien-etreiris.ch\/de\/wp-json\/wp\/v2\/pages\/13486\/revisions"}],"predecessor-version":[{"id":13488,"href":"https:\/\/bien-etreiris.ch\/de\/wp-json\/wp\/v2\/pages\/13486\/revisions\/13488"}],"up":[{"embeddable":true,"href":"https:\/\/bien-etreiris.ch\/de\/wp-json\/wp\/v2\/pages\/13468"}],"wp:featuredmedia":[{"embeddable":true,"href":"https:\/\/bien-etreiris.ch\/de\/wp-json\/wp\/v2\/media\/43264"}],"wp:attachment":[{"href":"https:\/\/bien-etreiris.ch\/de\/wp-json\/wp\/v2\/media?parent=13486"}],"curies":[{"name":"wp","href":"https:\/\/api.w.org\/{rel}","templated":true}]}}